{"id":19929,"date":"2024-02-14T11:26:18","date_gmt":"2024-02-14T10:26:18","guid":{"rendered":"https:\/\/www.amt3.it\/azienda\/"},"modified":"2024-10-02T09:31:19","modified_gmt":"2024-10-02T08:31:19","slug":"gesellschaft","status":"publish","type":"page","link":"https:\/\/www.amt3.it\/de\/gesellschaft\/","title":{"rendered":"Gesellschaft"},"content":{"rendered":"<p><div class=\"fusion-fullwidth fullwidth-box fusion-builder-row-1 fusion-flex-container has-pattern-background has-mask-background nonhundred-percent-fullwidth non-hundred-percent-height-scrolling\" style=\"--awb-border-radius-top-left:0px;--awb-border-radius-top-right:0px;--awb-border-radius-bottom-right:0px;--awb-border-radius-bottom-left:0px;--awb-margin-top-small:20px;--awb-flex-wrap:wrap;\" ><div class=\"fusion-builder-row fusion-row fusion-flex-align-items-flex-start fusion-flex-content-wrap\" style=\"max-width:calc( 1200px + 20px );margin-left: calc(-20px \/ 2 );margin-right: calc(-20px \/ 2 );\"><div class=\"fusion-layout-column fusion_builder_column fusion-builder-column-0 fusion_builder_column_1_1 1_1 fusion-flex-column\" style=\"--awb-bg-size:cover;--awb-width-large:100%;--awb-margin-top-large:0px;--awb-spacing-right-large:10px;--awb-margin-bottom-large:20px;--awb-spacing-left-large:10px;--awb-width-medium:100%;--awb-order-medium:0;--awb-spacing-right-medium:10px;--awb-spacing-left-medium:10px;--awb-width-small:100%;--awb-order-small:0;--awb-spacing-right-small:10px;--awb-spacing-left-small:10px;\"><div class=\"fusion-column-wrapper fusion-column-has-shadow fusion-flex-justify-content-flex-start fusion-content-layout-column\"><div class=\"fusion-title title fusion-title-1 fusion-sep-none fusion-title-center fusion-title-text fusion-title-size-one\" style=\"--awb-margin-bottom:30px;--awb-margin-top-small:10px;--awb-margin-right-small:0px;--awb-margin-bottom-small:10px;--awb-margin-left-small:0px;\"><h1 class=\"fusion-title-heading title-heading-center fusion-responsive-typography-calculated\" style=\"margin:0;--fontSize:60;line-height:var(--awb-typography1-line-height);\">Was ist der Gegenstand von <span class=\"rosso\">AMT<\/span><span class=\"rosso-piccolo\">3<\/span><\/h1><\/div><div class=\"fusion-text fusion-text-1\" style=\"--awb-content-alignment:center;\"><p>AMT3 Spa ist ein Dienstleistungsbetrieb f\u00fcr die Stadtbewohner. Seit 2004 ist der Betrieb beauftragt, den St\u00e4dtischen Parkplan (PUS) im Namen der Stadt Verona zu leiten.<\/p>\n<p>Insbesondere ist der Gegenstand von AMT3 wie folgt:<\/p>\n<\/div><\/div><\/div><div class=\"fusion-layout-column fusion_builder_column fusion-builder-column-1 fusion_builder_column_1_4 1_4 fusion-flex-column fusion-flex-align-self-stretch\" style=\"--awb-padding-top:50px;--awb-padding-right:30px;--awb-padding-bottom:50px;--awb-padding-left:30px;--awb-overflow:hidden;--awb-bg-color:var(--awb-color2);--awb-bg-color-hover:var(--awb-color2);--awb-bg-size:cover;--awb-border-radius:25px 25px 25px 25px;--awb-width-large:25%;--awb-margin-top-large:0px;--awb-spacing-right-large:10px;--awb-margin-bottom-large:20px;--awb-spacing-left-large:10px;--awb-width-medium:50%;--awb-order-medium:0;--awb-spacing-right-medium:10px;--awb-spacing-left-medium:10px;--awb-width-small:100%;--awb-order-small:0;--awb-spacing-right-small:10px;--awb-spacing-left-small:10px;\" data-scroll-devices=\"small-visibility,medium-visibility,large-visibility\"><div class=\"fusion-column-wrapper fusion-column-has-shadow fusion-flex-justify-content-flex-start fusion-content-layout-column\"><i class=\"fb-icon-element-1 fb-icon-element fontawesome-icon icon-icon-carbarriera-pieno circle-no\" style=\"--awb-iconcolor:var(--awb-color4);--awb-iconcolor-hover:var(--awb-color4);--awb-font-size:80px;--awb-align-self:center;--awb-margin-top:0px;--awb-margin-right:0px;--awb-margin-bottom:25px;--awb-margin-left:0px;\"><\/i><div class=\"fusion-title title fusion-title-2 fusion-sep-none fusion-title-center fusion-title-text fusion-title-size-three\" style=\"--awb-text-color:var(--awb-color4);--awb-margin-bottom:0px;--awb-margin-top-small:30px;--awb-margin-right-small:0px;--awb-margin-bottom-small:0px;--awb-margin-left-small:0px;\"><h3 class=\"fusion-title-heading title-heading-center fusion-responsive-typography-calculated\" style=\"font-family:&quot;Montserrat&quot;;font-style:normal;font-weight:500;margin:0;--fontSize:30;line-height:var(--awb-typography1-line-height);\">Parkpl\u00e4tze im Parkhaus<\/h3><\/div><div class=\"fusion-text fusion-text-2\" style=\"--awb-content-alignment:center;--awb-margin-top:20px;\"><p>Verwaltung der <a href=\"https:\/\/www.amt3.it\/de\/parkplaetze-verona\/pkw-parkplaetze-im-parkhaus\/\"><strong>Hauptparkpl\u00e4tze im Parkhaus<\/strong><\/a> in der N\u00e4he vom Stadtzentrum.<\/p>\n<\/div><\/div><\/div><div class=\"fusion-layout-column fusion_builder_column fusion-builder-column-2 fusion_builder_column_1_4 1_4 fusion-flex-column fusion-flex-align-self-stretch\" style=\"--awb-padding-top:50px;--awb-padding-right:30px;--awb-padding-bottom:50px;--awb-padding-left:30px;--awb-overflow:hidden;--awb-bg-color:var(--awb-color2);--awb-bg-color-hover:var(--awb-color2);--awb-bg-size:cover;--awb-border-radius:25px 25px 25px 25px;--awb-width-large:25%;--awb-margin-top-large:0px;--awb-spacing-right-large:10px;--awb-margin-bottom-large:20px;--awb-spacing-left-large:10px;--awb-width-medium:50%;--awb-order-medium:0;--awb-spacing-right-medium:10px;--awb-spacing-left-medium:10px;--awb-width-small:100%;--awb-order-small:0;--awb-spacing-right-small:10px;--awb-spacing-left-small:10px;\" data-scroll-devices=\"small-visibility,medium-visibility,large-visibility\"><div class=\"fusion-column-wrapper fusion-column-has-shadow fusion-flex-justify-content-flex-start fusion-content-layout-column\"><i class=\"fb-icon-element-2 fb-icon-element fontawesome-icon icon-icon-permesso-ztl circle-no\" style=\"--awb-iconcolor:var(--awb-color4);--awb-iconcolor-hover:var(--awb-color4);--awb-font-size:80px;--awb-align-self:center;--awb-margin-top:0px;--awb-margin-right:0px;--awb-margin-bottom:25px;--awb-margin-left:0px;\"><\/i><div class=\"fusion-title title fusion-title-3 fusion-sep-none fusion-title-center fusion-title-text fusion-title-size-three\" style=\"--awb-text-color:var(--awb-color4);--awb-margin-bottom:0px;--awb-margin-top-small:30px;--awb-margin-right-small:0px;--awb-margin-bottom-small:0px;--awb-margin-left-small:0px;\"><h3 class=\"fusion-title-heading title-heading-center fusion-responsive-typography-calculated\" style=\"font-family:&quot;Montserrat&quot;;font-style:normal;font-weight:500;margin:0;--fontSize:30;line-height:var(--awb-typography1-line-height);\">Ausstellung von Erlaubnissen<\/h3><\/div><div class=\"fusion-text fusion-text-3\" style=\"--awb-content-alignment:center;--awb-margin-top:20px;\"><p><strong>Ausstellung von Erlaubnissen<\/strong> f\u00fcr die Durchfahrt und das Parken in Stra\u00dfen, wo der st\u00e4dtische Parkplan PUS gilt<\/p>\n<\/div><\/div><\/div><div class=\"fusion-layout-column fusion_builder_column fusion-builder-column-3 fusion_builder_column_1_4 1_4 fusion-flex-column fusion-flex-align-self-stretch\" style=\"--awb-padding-top:50px;--awb-padding-right:30px;--awb-padding-bottom:50px;--awb-padding-left:30px;--awb-overflow:hidden;--awb-bg-color:var(--awb-color2);--awb-bg-color-hover:var(--awb-color2);--awb-bg-size:cover;--awb-border-radius:25px 25px 25px 25px;--awb-width-large:25%;--awb-margin-top-large:0px;--awb-spacing-right-large:10px;--awb-margin-bottom-large:20px;--awb-spacing-left-large:10px;--awb-width-medium:50%;--awb-order-medium:0;--awb-spacing-right-medium:10px;--awb-spacing-left-medium:10px;--awb-width-small:100%;--awb-order-small:0;--awb-spacing-right-small:10px;--awb-spacing-left-small:10px;\" data-scroll-devices=\"small-visibility,medium-visibility,large-visibility\"><div class=\"fusion-column-wrapper fusion-column-has-shadow fusion-flex-justify-content-flex-start fusion-content-layout-column\"><i class=\"fb-icon-element-3 fb-icon-element fontawesome-icon icon-icon-bus-pieno circle-no\" style=\"--awb-iconcolor:var(--awb-color4);--awb-iconcolor-hover:var(--awb-color4);--awb-font-size:80px;--awb-align-self:center;--awb-margin-top:0px;--awb-margin-right:0px;--awb-margin-bottom:25px;--awb-margin-left:0px;\"><\/i><div class=\"fusion-title title fusion-title-4 fusion-sep-none fusion-title-center fusion-title-text fusion-title-size-three\" style=\"--awb-text-color:var(--awb-color4);--awb-margin-bottom:0px;--awb-margin-top-small:30px;--awb-margin-right-small:0px;--awb-margin-bottom-small:0px;--awb-margin-left-small:0px;\"><h3 class=\"fusion-title-heading title-heading-center fusion-responsive-typography-calculated\" style=\"font-family:&quot;Montserrat&quot;;font-style:normal;font-weight:500;margin:0;--fontSize:30;line-height:var(--awb-typography1-line-height);\">Wohnmobile<br \/>\nund Reisebusse<\/h3><\/div><div class=\"fusion-text fusion-text-4\" style=\"--awb-content-alignment:center;--awb-margin-top:20px;\"><p><a href=\"https:\/\/www.amt3.it\/de\/verkehrsberuhigte-zone-ztl-in-verona\/ztl-in-verona-reisebusse\/#PASS-ZTL-Bus\"><strong>PASS ZTL Bus<\/strong><\/a> und <a href=\"https:\/\/www.amt3.it\/de\/parkplaetze-verona\/reisebusparkplaetze\/\"><strong>Parken<\/strong><\/a> f\u00fcr Reisebusse<\/p>\n<p>Verwaltung eines <a href=\"https:\/\/www.amt3.it\/de\/reisemobilstellplatz-porta-palio-verona\/\"><strong>Wohnmobil-Stellplatzes<\/strong><\/a><\/p>\n<\/div><\/div><\/div><div class=\"fusion-layout-column fusion_builder_column fusion-builder-column-4 fusion_builder_column_1_4 1_4 fusion-flex-column fusion-flex-align-self-stretch\" style=\"--awb-padding-top:50px;--awb-padding-right:30px;--awb-padding-bottom:50px;--awb-padding-left:30px;--awb-overflow:hidden;--awb-bg-color:var(--awb-color2);--awb-bg-color-hover:var(--awb-color2);--awb-bg-size:cover;--awb-border-radius:25px 25px 25px 25px;--awb-width-large:25%;--awb-margin-top-large:0px;--awb-spacing-right-large:10px;--awb-margin-bottom-large:20px;--awb-spacing-left-large:10px;--awb-width-medium:50%;--awb-order-medium:0;--awb-spacing-right-medium:10px;--awb-spacing-left-medium:10px;--awb-width-small:100%;--awb-order-small:0;--awb-spacing-right-small:10px;--awb-spacing-left-small:10px;\" data-scroll-devices=\"small-visibility,medium-visibility,large-visibility\"><div class=\"fusion-column-wrapper fusion-column-has-shadow fusion-flex-justify-content-flex-start fusion-content-layout-column\"><i class=\"fb-icon-element-4 fb-icon-element fontawesome-icon icon-icon-cassa-automatica circle-no\" style=\"--awb-iconcolor:var(--awb-color4);--awb-iconcolor-hover:var(--awb-color4);--awb-font-size:80px;--awb-align-self:center;--awb-margin-top:0px;--awb-margin-right:0px;--awb-margin-bottom:25px;--awb-margin-left:0px;\"><\/i><div class=\"fusion-title title fusion-title-5 fusion-sep-none fusion-title-center fusion-title-text fusion-title-size-three\" style=\"--awb-text-color:var(--awb-color4);--awb-margin-bottom:0px;--awb-margin-top-small:30px;--awb-margin-right-small:0px;--awb-margin-bottom-small:0px;--awb-margin-left-small:0px;\"><h3 class=\"fusion-title-heading title-heading-center fusion-responsive-typography-calculated\" style=\"font-family:&quot;Montserrat&quot;;font-style:normal;font-weight:500;margin:0;--fontSize:30;line-height:var(--awb-typography1-line-height);\">Kontrolle Parkgeb\u00fchren<\/h3><\/div><div class=\"fusion-text fusion-text-5\" style=\"--awb-content-alignment:center;--awb-margin-top:20px;\"><p>Kontrolle der <a href=\"https:\/\/www.amt3.it\/de\/parkplaetze-verona\/parken-von-pkws-auf-der-strasse\/\"><strong>Stra\u00dfen-Parkgeb\u00fchren<\/strong><\/a> auf den <em>blauen und gelb-blauen<\/em> Parkbuchten<\/p>\n<\/div><\/div><\/div><div class=\"fusion-layout-column fusion_builder_column fusion-builder-column-5 fusion_builder_column_1_1 1_1 fusion-flex-column fusion-flex-align-self-stretch\" style=\"--awb-padding-top:50px;--awb-padding-right:30px;--awb-padding-bottom:50px;--awb-padding-left:30px;--awb-overflow:hidden;--awb-bg-color:var(--awb-color2);--awb-bg-color-hover:var(--awb-color2);--awb-bg-size:cover;--awb-border-radius:25px 25px 25px 25px;--awb-width-large:100%;--awb-margin-top-large:0px;--awb-spacing-right-large:10px;--awb-margin-bottom-large:20px;--awb-spacing-left-large:10px;--awb-width-medium:100%;--awb-order-medium:0;--awb-spacing-right-medium:10px;--awb-spacing-left-medium:10px;--awb-width-small:100%;--awb-order-small:0;--awb-spacing-right-small:10px;--awb-spacing-left-small:10px;\" data-scroll-devices=\"small-visibility,medium-visibility,large-visibility\"><div class=\"fusion-column-wrapper fusion-column-has-shadow fusion-flex-justify-content-flex-start fusion-content-layout-column\"><i class=\"fb-icon-element-5 fb-icon-element fontawesome-icon icon-icon-bus-pieno circle-no\" style=\"--awb-iconcolor:var(--awb-color4);--awb-iconcolor-hover:var(--awb-color4);--awb-font-size:80px;--awb-align-self:center;--awb-margin-top:0px;--awb-margin-right:0px;--awb-margin-bottom:25px;--awb-margin-left:0px;\"><\/i><div class=\"fusion-title title fusion-title-6 fusion-sep-none fusion-title-center fusion-title-text fusion-title-size-three\" style=\"--awb-text-color:var(--awb-color4);--awb-margin-bottom:0px;--awb-margin-top-small:30px;--awb-margin-right-small:0px;--awb-margin-bottom-small:0px;--awb-margin-left-small:0px;\"><h3 class=\"fusion-title-heading title-heading-center fusion-responsive-typography-calculated\" style=\"font-family:&quot;Montserrat&quot;;font-style:normal;font-weight:500;margin:0;--fontSize:30;line-height:var(--awb-typography1-line-height);\">Oberleitungsbus<\/h3><\/div><div class=\"fusion-title title fusion-title-7 fusion-sep-none fusion-title-center fusion-title-text fusion-title-size-four\" style=\"--awb-text-color:var(--awb-color4);--awb-margin-bottom:0px;--awb-margin-top-small:30px;--awb-margin-right-small:0px;--awb-margin-bottom-small:0px;--awb-margin-left-small:0px;\"><h4 class=\"fusion-title-heading title-heading-center fusion-responsive-typography-calculated\" style=\"font-family:&quot;Montserrat&quot;;font-style:normal;font-weight:500;margin:0;--fontSize:20;--minFontSize:20;line-height:var(--awb-typography1-line-height);\"><div class=\"item accordion-section item- active\">\n<div class=\"text accordion-section__text\">\n<p>Im Auftrag der Stadtverwaltung von Verona betreut AMT3 Spa das Projekt zur Umsetzung eines schnellen spurgebundenen Massentransportsystems f\u00fcr die Stadt Verona (<strong><a href=\"https:\/\/www.filoviaverona.it\/\" target=\"_blank\" rel=\"noopener\">Oberleitungsbus<\/a><\/strong>).<\/p>\n<\/div>\n<\/div><\/h4><\/div><\/div><\/div><\/div><\/div><div class=\"fusion-fullwidth fullwidth-box fusion-builder-row-2 fusion-flex-container has-pattern-background has-mask-background hundred-percent-fullwidth non-hundred-percent-height-scrolling\" style=\"--awb-border-radius-top-left:0px;--awb-border-radius-top-right:0px;--awb-border-radius-bottom-right:0px;--awb-border-radius-bottom-left:0px;--awb-padding-top:50px;--awb-padding-bottom:50px;--awb-flex-wrap:wrap;\" ><div class=\"fusion-builder-row fusion-row fusion-flex-align-items-flex-start fusion-flex-justify-content-center fusion-flex-content-wrap\" style=\"width:calc( 100% + 20px ) !important;max-width:calc( 100% + 20px ) !important;margin-left: calc(-20px \/ 2 );margin-right: calc(-20px \/ 2 );\"><div class=\"fusion-layout-column fusion_builder_column fusion-builder-column-6 fusion_builder_column_1_5 1_5 fusion-flex-column\" style=\"--awb-bg-size:cover;--awb-width-large:20%;--awb-margin-top-large:0px;--awb-spacing-right-large:10px;--awb-margin-bottom-large:20px;--awb-spacing-left-large:10px;--awb-width-medium:20%;--awb-order-medium:0;--awb-spacing-right-medium:10px;--awb-spacing-left-medium:10px;--awb-width-small:100%;--awb-order-small:0;--awb-spacing-right-small:10px;--awb-spacing-left-small:10px;\"><div class=\"fusion-column-wrapper fusion-column-has-shadow fusion-flex-justify-content-flex-start fusion-content-layout-column\"><\/div><\/div><div class=\"fusion-layout-column fusion_builder_column fusion-builder-column-7 fusion_builder_column_3_5 3_5 fusion-flex-column\" style=\"--awb-bg-size:cover;--awb-width-large:60%;--awb-margin-top-large:0px;--awb-spacing-right-large:10px;--awb-margin-bottom-large:20px;--awb-spacing-left-large:10px;--awb-width-medium:60%;--awb-order-medium:0;--awb-spacing-right-medium:10px;--awb-spacing-left-medium:10px;--awb-width-small:100%;--awb-order-small:0;--awb-spacing-right-small:10px;--awb-spacing-left-small:10px;\"><div class=\"fusion-column-wrapper fusion-column-has-shadow fusion-flex-justify-content-flex-start fusion-content-layout-column\"><div class=\"fusion-title title fusion-title-8 fusion-sep-none fusion-title-center fusion-title-text fusion-title-size-two\" style=\"--awb-margin-bottom:30px;--awb-margin-top-small:10px;--awb-margin-right-small:0px;--awb-margin-bottom-small:10px;--awb-margin-left-small:0px;\"><h2 class=\"fusion-title-heading title-heading-center fusion-responsive-typography-calculated\" style=\"margin:0;--fontSize:36;line-height:var(--awb-typography1-line-height);\">Gesellschaftsorgane<\/h2><\/div><div class=\"fusion-text fusion-text-6\" style=\"--awb-content-alignment:center;\"><p>AMT3 Spa ist eine Aktiengesellschaft, deren Alleingesellschafter die Stadt Verona ist: Sie wird von einem Vorstand verwaltet, der sich aus 5 Vorstandsmitgliedern und 3 vom B\u00fcrgermeister ernannten Rechnungspr\u00fcfern zusammengesetzt.<\/p>\n<\/div><\/div><\/div><div class=\"fusion-layout-column fusion_builder_column fusion-builder-column-8 fusion_builder_column_1_5 1_5 fusion-flex-column\" style=\"--awb-bg-size:cover;--awb-width-large:20%;--awb-margin-top-large:0px;--awb-spacing-right-large:10px;--awb-margin-bottom-large:20px;--awb-spacing-left-large:10px;--awb-width-medium:20%;--awb-order-medium:0;--awb-spacing-right-medium:10px;--awb-spacing-left-medium:10px;--awb-width-small:100%;--awb-order-small:0;--awb-spacing-right-small:10px;--awb-spacing-left-small:10px;\"><div class=\"fusion-column-wrapper fusion-column-has-shadow fusion-flex-justify-content-flex-start fusion-content-layout-column\"><\/div><\/div><div class=\"fusion-layout-column fusion_builder_column fusion-builder-column-9 fusion_builder_column_1_3 1_3 fusion-flex-column\" style=\"--awb-bg-size:cover;--awb-width-large:33.333333333333%;--awb-margin-top-large:0px;--awb-spacing-right-large:10px;--awb-margin-bottom-large:20px;--awb-spacing-left-large:10px;--awb-width-medium:25%;--awb-order-medium:0;--awb-spacing-right-medium:10px;--awb-spacing-left-medium:10px;--awb-width-small:100%;--awb-order-small:0;--awb-spacing-right-small:10px;--awb-spacing-left-small:10px;\" data-scroll-devices=\"small-visibility,medium-visibility,large-visibility\"><div class=\"fusion-column-wrapper fusion-column-has-shadow fusion-flex-justify-content-flex-start fusion-content-layout-column\"><\/div><\/div><div class=\"fusion-layout-column fusion_builder_column fusion-builder-column-10 fusion_builder_column_1_3 1_3 fusion-flex-column fusion-flex-align-self-stretch\" style=\"--awb-padding-top:50px;--awb-padding-right:30px;--awb-padding-bottom:50px;--awb-padding-left:30px;--awb-overflow:hidden;--awb-bg-color:var(--awb-color2);--awb-bg-color-hover:var(--awb-color2);--awb-bg-size:cover;--awb-border-radius:25px 25px 25px 25px;--awb-width-large:33.333333333333%;--awb-margin-top-large:0px;--awb-spacing-right-large:10px;--awb-margin-bottom-large:20px;--awb-spacing-left-large:10px;--awb-width-medium:50%;--awb-order-medium:0;--awb-spacing-right-medium:10px;--awb-spacing-left-medium:10px;--awb-width-small:100%;--awb-order-small:0;--awb-spacing-right-small:10px;--awb-spacing-left-small:10px;\" data-scroll-devices=\"small-visibility,medium-visibility,large-visibility\"><div class=\"fusion-column-wrapper fusion-column-has-shadow fusion-flex-justify-content-flex-start fusion-content-layout-column\"><i class=\"fb-icon-element-6 fb-icon-element fontawesome-icon fa-user fas circle-yes\" style=\"--awb-circlecolor:var(--awb-color4);--awb-circlebordercolor-hover:var(--awb-color8);--awb-circlebordersize:1px;--awb-font-size:44px;--awb-width:88px;--awb-height:88px;--awb-line-height:86px;--awb-margin-top:0;--awb-margin-right:0;--awb-margin-bottom:0;--awb-margin-left:0;--awb-align-self:center;\"><\/i><div class=\"fusion-title title fusion-title-9 fusion-sep-none fusion-title-center fusion-title-text fusion-title-size-three\" style=\"--awb-text-color:var(--awb-color4);--awb-margin-bottom:0px;--awb-margin-top-small:30px;--awb-margin-right-small:0px;--awb-margin-bottom-small:0px;--awb-margin-left-small:0px;\"><h3 class=\"fusion-title-heading title-heading-center fusion-responsive-typography-calculated\" style=\"font-family:&quot;Montserrat&quot;;font-style:normal;font-weight:500;margin:0;--fontSize:30;line-height:1.7;\"><strong>Pr\u00e4sident:<\/strong><br \/>\nGiuseppe Mazza<\/h3><\/div><\/div><\/div><div class=\"fusion-layout-column fusion_builder_column fusion-builder-column-11 fusion_builder_column_1_3 1_3 fusion-flex-column\" style=\"--awb-bg-size:cover;--awb-width-large:33.333333333333%;--awb-margin-top-large:0px;--awb-spacing-right-large:10px;--awb-margin-bottom-large:20px;--awb-spacing-left-large:10px;--awb-width-medium:25%;--awb-order-medium:0;--awb-spacing-right-medium:10px;--awb-spacing-left-medium:10px;--awb-width-small:100%;--awb-order-small:0;--awb-spacing-right-small:10px;--awb-spacing-left-small:10px;\" data-scroll-devices=\"small-visibility,medium-visibility,large-visibility\"><div class=\"fusion-column-wrapper fusion-column-has-shadow fusion-flex-justify-content-flex-start fusion-content-layout-column\"><\/div><\/div><div class=\"fusion-layout-column fusion_builder_column fusion-builder-column-12 fusion_builder_column_1_3 1_3 fusion-flex-column\" style=\"--awb-bg-size:cover;--awb-width-large:33.333333333333%;--awb-margin-top-large:0px;--awb-spacing-right-large:10px;--awb-margin-bottom-large:20px;--awb-spacing-left-large:10px;--awb-width-medium:25%;--awb-order-medium:0;--awb-spacing-right-medium:10px;--awb-spacing-left-medium:10px;--awb-width-small:100%;--awb-order-small:0;--awb-spacing-right-small:10px;--awb-spacing-left-small:10px;\" data-scroll-devices=\"small-visibility,medium-visibility,large-visibility\"><div class=\"fusion-column-wrapper fusion-column-has-shadow fusion-flex-justify-content-flex-start fusion-content-layout-column\"><\/div><\/div><div class=\"fusion-layout-column fusion_builder_column fusion-builder-column-13 fusion_builder_column_1_3 1_3 fusion-flex-column fusion-flex-align-self-stretch\" style=\"--awb-padding-top:50px;--awb-padding-right:30px;--awb-padding-bottom:50px;--awb-padding-left:30px;--awb-overflow:hidden;--awb-bg-color:var(--awb-color2);--awb-bg-color-hover:var(--awb-color2);--awb-bg-size:cover;--awb-border-radius:25px 25px 25px 25px;--awb-width-large:33.333333333333%;--awb-margin-top-large:0px;--awb-spacing-right-large:10px;--awb-margin-bottom-large:20px;--awb-spacing-left-large:10px;--awb-width-medium:50%;--awb-order-medium:0;--awb-spacing-right-medium:10px;--awb-spacing-left-medium:10px;--awb-width-small:100%;--awb-order-small:0;--awb-spacing-right-small:10px;--awb-spacing-left-small:10px;\" data-scroll-devices=\"small-visibility,medium-visibility,large-visibility\"><div class=\"fusion-column-wrapper fusion-column-has-shadow fusion-flex-justify-content-flex-start fusion-content-layout-column\"><i class=\"fb-icon-element-7 fb-icon-element fontawesome-icon fa-user fas circle-yes\" style=\"--awb-circlecolor:var(--awb-color4);--awb-circlebordercolor-hover:var(--awb-color8);--awb-circlebordersize:1px;--awb-font-size:44px;--awb-width:88px;--awb-height:88px;--awb-line-height:86px;--awb-margin-top:0;--awb-margin-right:0;--awb-margin-bottom:0;--awb-margin-left:0;--awb-align-self:center;\"><\/i><div class=\"fusion-title title fusion-title-10 fusion-sep-none fusion-title-center fusion-title-text fusion-title-size-three\" style=\"--awb-text-color:var(--awb-color4);--awb-margin-bottom:0px;--awb-margin-top-small:30px;--awb-margin-right-small:0px;--awb-margin-bottom-small:0px;--awb-margin-left-small:0px;\"><h3 class=\"fusion-title-heading title-heading-center fusion-responsive-typography-calculated\" style=\"font-family:&quot;Montserrat&quot;;font-style:normal;font-weight:500;margin:0;--fontSize:30;line-height:1.7;\"><strong>Generaldirektor:<\/strong><br \/>\nMario Pollicelli<\/h3><\/div><\/div><\/div><div class=\"fusion-layout-column fusion_builder_column fusion-builder-column-14 fusion_builder_column_1_3 1_3 fusion-flex-column\" style=\"--awb-bg-size:cover;--awb-width-large:33.333333333333%;--awb-margin-top-large:0px;--awb-spacing-right-large:10px;--awb-margin-bottom-large:20px;--awb-spacing-left-large:10px;--awb-width-medium:25%;--awb-order-medium:0;--awb-spacing-right-medium:10px;--awb-spacing-left-medium:10px;--awb-width-small:100%;--awb-order-small:0;--awb-spacing-right-small:10px;--awb-spacing-left-small:10px;\" data-scroll-devices=\"small-visibility,medium-visibility,large-visibility\"><div class=\"fusion-column-wrapper fusion-column-has-shadow fusion-flex-justify-content-flex-start fusion-content-layout-column\"><\/div><\/div><div class=\"fusion-layout-column fusion_builder_column fusion-builder-column-15 fusion_builder_column_1_2 1_2 fusion-flex-column fusion-flex-align-self-stretch\" style=\"--awb-padding-top:50px;--awb-padding-right:30px;--awb-padding-bottom:50px;--awb-padding-left:30px;--awb-overflow:hidden;--awb-bg-color:var(--awb-color2);--awb-bg-color-hover:var(--awb-color2);--awb-bg-size:cover;--awb-border-radius:25px 25px 25px 25px;--awb-width-large:50%;--awb-margin-top-large:0px;--awb-spacing-right-large:10px;--awb-margin-bottom-large:20px;--awb-spacing-left-large:10px;--awb-width-medium:50%;--awb-order-medium:0;--awb-spacing-right-medium:10px;--awb-spacing-left-medium:10px;--awb-width-small:100%;--awb-order-small:0;--awb-spacing-right-small:10px;--awb-spacing-left-small:10px;\" data-scroll-devices=\"small-visibility,medium-visibility,large-visibility\"><div class=\"fusion-column-wrapper fusion-column-has-shadow fusion-flex-justify-content-flex-start fusion-content-layout-column\"><div class=\"fusion-title title fusion-title-11 fusion-sep-none fusion-title-center fusion-title-text fusion-title-size-three\" style=\"--awb-text-color:var(--awb-color4);--awb-margin-bottom:20px;--awb-margin-top-small:30px;--awb-margin-right-small:0px;--awb-margin-bottom-small:0px;--awb-margin-left-small:0px;\"><h3 class=\"fusion-title-heading title-heading-center fusion-responsive-typography-calculated\" style=\"font-family:&quot;Montserrat&quot;;font-style:normal;font-weight:500;margin:0;--fontSize:30;line-height:var(--awb-typography1-line-height);\"><strong>Vorstandsmitglieder:<\/strong><\/h3><\/div><div class=\"fusion-builder-row fusion-builder-row-inner fusion-row fusion-flex-align-items-flex-start fusion-flex-justify-content-center fusion-flex-content-wrap\" style=\"--awb-flex-grow:0;--awb-flex-grow-medium:0;--awb-flex-grow-small:0;--awb-flex-shrink:0;--awb-flex-shrink-medium:0;--awb-flex-shrink-small:0;width:calc( 100% + 20px ) !important;max-width:calc( 100% + 20px ) !important;margin-left: calc(-20px \/ 2 );margin-right: calc(-20px \/ 2 );\"><div class=\"fusion-layout-column fusion_builder_column_inner fusion-builder-nested-column-0 fusion_builder_column_inner_1_4 1_4 fusion-flex-column fusion-flex-align-self-stretch\" style=\"--awb-overflow:hidden;--awb-bg-color:var(--awb-color1);--awb-bg-color-hover:var(--awb-color1);--awb-bg-size:cover;--awb-border-radius:20px 20px 20px 20px;--awb-width-large:25%;--awb-margin-top-large:0px;--awb-spacing-right-large:10px;--awb-margin-bottom-large:0px;--awb-spacing-left-large:10px;--awb-width-medium:50%;--awb-order-medium:0;--awb-spacing-right-medium:10px;--awb-spacing-left-medium:10px;--awb-width-small:100%;--awb-order-small:0;--awb-margin-top-small:10px;--awb-spacing-right-small:10px;--awb-margin-bottom-small:10px;--awb-spacing-left-small:10px;\" data-scroll-devices=\"small-visibility,medium-visibility,large-visibility\"><div class=\"fusion-column-wrapper fusion-column-has-shadow fusion-flex-justify-content-center fusion-content-layout-column\"><i class=\"fb-icon-element-8 fb-icon-element fontawesome-icon fa-user fas circle-yes\" style=\"--awb-circlecolor:var(--awb-color4);--awb-circlebordercolor-hover:var(--awb-color8);--awb-circlebordersize:1px;--awb-font-size:26.4px;--awb-width:52.8px;--awb-height:52.8px;--awb-line-height:50.8px;--awb-align-self:center;--awb-margin-top:20px;--awb-margin-right:0px;--awb-margin-bottom:0px;--awb-margin-left:0px;\"><\/i><div class=\"fusion-title title fusion-title-12 fusion-sep-none fusion-title-center fusion-title-text fusion-title-size-five\" style=\"--awb-margin-top-small:10px;--awb-margin-right-small:0px;--awb-margin-bottom-small:10px;--awb-margin-left-small:0px;\"><h5 class=\"fusion-title-heading title-heading-center fusion-responsive-typography-calculated\" style=\"margin:0;--fontSize:19;--minFontSize:19;line-height:var(--awb-typography1-line-height);\"><p><span class=\"name\">Massimo<br \/>\nBabbi<\/span><\/p><\/h5><\/div><\/div><\/div><div class=\"fusion-layout-column fusion_builder_column_inner fusion-builder-nested-column-1 fusion_builder_column_inner_1_4 1_4 fusion-flex-column fusion-flex-align-self-stretch\" style=\"--awb-overflow:hidden;--awb-bg-color:var(--awb-color1);--awb-bg-color-hover:var(--awb-color1);--awb-bg-size:cover;--awb-border-radius:20px 20px 20px 20px;--awb-width-large:25%;--awb-margin-top-large:0px;--awb-spacing-right-large:10px;--awb-margin-bottom-large:0px;--awb-spacing-left-large:10px;--awb-width-medium:50%;--awb-order-medium:0;--awb-spacing-right-medium:10px;--awb-spacing-left-medium:10px;--awb-width-small:100%;--awb-order-small:0;--awb-spacing-right-small:10px;--awb-margin-bottom-small:10px;--awb-spacing-left-small:10px;\" data-scroll-devices=\"small-visibility,medium-visibility,large-visibility\"><div class=\"fusion-column-wrapper fusion-column-has-shadow fusion-flex-justify-content-center fusion-content-layout-column\"><i class=\"fb-icon-element-9 fb-icon-element fontawesome-icon fa-user fas circle-yes\" style=\"--awb-circlecolor:var(--awb-color4);--awb-circlebordercolor-hover:var(--awb-color8);--awb-circlebordersize:1px;--awb-font-size:26.4px;--awb-width:52.8px;--awb-height:52.8px;--awb-line-height:50.8px;--awb-align-self:center;--awb-margin-top:20px;--awb-margin-right:0px;--awb-margin-bottom:0px;--awb-margin-left:0px;\"><\/i><div class=\"fusion-title title fusion-title-13 fusion-sep-none fusion-title-center fusion-title-text fusion-title-size-five\" style=\"--awb-margin-top-small:10px;--awb-margin-right-small:0px;--awb-margin-bottom-small:10px;--awb-margin-left-small:0px;\"><h5 class=\"fusion-title-heading title-heading-center fusion-responsive-typography-calculated\" style=\"margin:0;--fontSize:19;--minFontSize:19;line-height:var(--awb-typography1-line-height);\"><span class=\"name\">Emanuela Benedetti<\/span><\/h5><\/div><\/div><\/div><div class=\"fusion-layout-column fusion_builder_column_inner fusion-builder-nested-column-2 fusion_builder_column_inner_1_4 1_4 fusion-flex-column fusion-flex-align-self-stretch\" style=\"--awb-overflow:hidden;--awb-bg-color:var(--awb-color1);--awb-bg-color-hover:var(--awb-color1);--awb-bg-size:cover;--awb-border-radius:20px 20px 20px 20px;--awb-width-large:25%;--awb-margin-top-large:0px;--awb-spacing-right-large:10px;--awb-margin-bottom-large:0px;--awb-spacing-left-large:10px;--awb-width-medium:50%;--awb-order-medium:0;--awb-margin-top-medium:20px;--awb-spacing-right-medium:10px;--awb-spacing-left-medium:10px;--awb-width-small:100%;--awb-order-small:0;--awb-spacing-right-small:10px;--awb-margin-bottom-small:10px;--awb-spacing-left-small:10px;\" data-scroll-devices=\"small-visibility,medium-visibility,large-visibility\"><div class=\"fusion-column-wrapper fusion-column-has-shadow fusion-flex-justify-content-center fusion-content-layout-column\"><i class=\"fb-icon-element-10 fb-icon-element fontawesome-icon fa-user fas circle-yes\" style=\"--awb-circlecolor:var(--awb-color4);--awb-circlebordercolor-hover:var(--awb-color8);--awb-circlebordersize:1px;--awb-font-size:26.4px;--awb-width:52.8px;--awb-height:52.8px;--awb-line-height:50.8px;--awb-align-self:center;--awb-margin-top:20px;--awb-margin-right:0px;--awb-margin-bottom:0px;--awb-margin-left:0px;\"><\/i><div class=\"fusion-title title fusion-title-14 fusion-sep-none fusion-title-center fusion-title-text fusion-title-size-five\" style=\"--awb-margin-top-small:10px;--awb-margin-right-small:0px;--awb-margin-bottom-small:10px;--awb-margin-left-small:0px;\"><h5 class=\"fusion-title-heading title-heading-center fusion-responsive-typography-calculated\" style=\"margin:0;--fontSize:19;--minFontSize:19;line-height:var(--awb-typography1-line-height);\"><p><span class=\"name\">Mauro<br \/>\nSpada<\/span><\/p><\/h5><\/div><\/div><\/div><div class=\"fusion-layout-column fusion_builder_column_inner fusion-builder-nested-column-3 fusion_builder_column_inner_1_4 1_4 fusion-flex-column fusion-flex-align-self-stretch\" style=\"--awb-overflow:hidden;--awb-bg-color:var(--awb-color1);--awb-bg-color-hover:var(--awb-color1);--awb-bg-size:cover;--awb-border-radius:20px 20px 20px 20px;--awb-width-large:25%;--awb-margin-top-large:0px;--awb-spacing-right-large:10px;--awb-margin-bottom-large:0px;--awb-spacing-left-large:10px;--awb-width-medium:50%;--awb-order-medium:0;--awb-margin-top-medium:20px;--awb-spacing-right-medium:10px;--awb-spacing-left-medium:10px;--awb-width-small:100%;--awb-order-small:0;--awb-spacing-right-small:10px;--awb-spacing-left-small:10px;\" data-scroll-devices=\"small-visibility,medium-visibility,large-visibility\"><div class=\"fusion-column-wrapper fusion-column-has-shadow fusion-flex-justify-content-center fusion-content-layout-column\"><i class=\"fb-icon-element-11 fb-icon-element fontawesome-icon fa-user fas circle-yes\" style=\"--awb-circlecolor:var(--awb-color4);--awb-circlebordercolor-hover:var(--awb-color8);--awb-circlebordersize:1px;--awb-font-size:26.4px;--awb-width:52.8px;--awb-height:52.8px;--awb-line-height:50.8px;--awb-align-self:center;--awb-margin-top:20px;--awb-margin-right:0px;--awb-margin-bottom:0px;--awb-margin-left:0px;\"><\/i><div class=\"fusion-title title fusion-title-15 fusion-sep-none fusion-title-center fusion-title-text fusion-title-size-five\" style=\"--awb-margin-top-small:10px;--awb-margin-right-small:0px;--awb-margin-bottom-small:10px;--awb-margin-left-small:0px;\"><h5 class=\"fusion-title-heading title-heading-center fusion-responsive-typography-calculated\" style=\"margin:0;--fontSize:19;--minFontSize:19;line-height:var(--awb-typography1-line-height);\"><p><span class=\"name\">Stefania<br \/>\nZerbato<\/span><\/p><\/h5><\/div><\/div><\/div><\/div><\/div><\/div><div class=\"fusion-layout-column fusion_builder_column fusion-builder-column-16 fusion_builder_column_1_2 1_2 fusion-flex-column fusion-flex-align-self-stretch\" style=\"--awb-padding-top:50px;--awb-padding-right:30px;--awb-padding-bottom:50px;--awb-padding-left:30px;--awb-overflow:hidden;--awb-bg-color:var(--awb-color2);--awb-bg-color-hover:var(--awb-color2);--awb-bg-size:cover;--awb-border-radius:25px 25px 25px 25px;--awb-width-large:50%;--awb-margin-top-large:0px;--awb-spacing-right-large:10px;--awb-margin-bottom-large:20px;--awb-spacing-left-large:10px;--awb-width-medium:50%;--awb-order-medium:0;--awb-spacing-right-medium:10px;--awb-spacing-left-medium:10px;--awb-width-small:100%;--awb-order-small:0;--awb-spacing-right-small:10px;--awb-spacing-left-small:10px;\" data-scroll-devices=\"small-visibility,medium-visibility,large-visibility\"><div class=\"fusion-column-wrapper fusion-column-has-shadow fusion-flex-justify-content-flex-start fusion-content-layout-column\"><div class=\"fusion-title title fusion-title-16 fusion-no-small-visibility fusion-sep-none fusion-title-center fusion-title-text fusion-title-size-three\" style=\"--awb-text-color:var(--awb-color4);--awb-margin-bottom:20px;--awb-margin-top-small:30px;--awb-margin-right-small:0px;--awb-margin-bottom-small:0px;--awb-margin-left-small:0px;\"><h3 class=\"fusion-title-heading title-heading-center fusion-responsive-typography-calculated\" style=\"font-family:&quot;Montserrat&quot;;font-style:normal;font-weight:500;margin:0;--fontSize:30;line-height:var(--awb-typography1-line-height);\"><strong>Rechnungspr\u00fcfungskollegium:<\/strong><\/h3><\/div><div class=\"fusion-title title fusion-title-17 fusion-no-medium-visibility fusion-no-large-visibility fusion-sep-none fusion-title-center fusion-title-text fusion-title-size-three\" style=\"--awb-text-color:var(--awb-color4);--awb-margin-bottom:20px;--awb-margin-top-small:30px;--awb-margin-right-small:0px;--awb-margin-bottom-small:0px;--awb-margin-left-small:0px;\"><h3 class=\"fusion-title-heading title-heading-center fusion-responsive-typography-calculated\" style=\"font-family:&quot;Montserrat&quot;;font-style:normal;font-weight:500;margin:0;--fontSize:30;line-height:var(--awb-typography1-line-height);\"><p><strong>Rechnungspr\u00fcfungs-<br \/>\nkollegium:<\/strong><\/p><\/h3><\/div><div class=\"fusion-builder-row fusion-builder-row-inner fusion-row fusion-flex-align-items-flex-start fusion-flex-justify-content-center fusion-flex-content-wrap\" style=\"--awb-flex-grow:0;--awb-flex-grow-medium:0;--awb-flex-grow-small:0;--awb-flex-shrink:0;--awb-flex-shrink-medium:0;--awb-flex-shrink-small:0;width:calc( 100% + 20px ) !important;max-width:calc( 100% + 20px ) !important;margin-left: calc(-20px \/ 2 );margin-right: calc(-20px \/ 2 );\"><div class=\"fusion-layout-column fusion_builder_column_inner fusion-builder-nested-column-4 fusion_builder_column_inner_1_3 1_3 fusion-flex-column fusion-flex-align-self-stretch\" style=\"--awb-overflow:hidden;--awb-bg-color:var(--awb-color1);--awb-bg-color-hover:var(--awb-color1);--awb-bg-size:cover;--awb-border-radius:20px 20px 20px 20px;--awb-width-large:33.333333333333%;--awb-margin-top-large:0px;--awb-spacing-right-large:10px;--awb-margin-bottom-large:0px;--awb-spacing-left-large:10px;--awb-width-medium:50%;--awb-order-medium:0;--awb-spacing-right-medium:10px;--awb-spacing-left-medium:10px;--awb-width-small:100%;--awb-order-small:0;--awb-margin-top-small:10px;--awb-spacing-right-small:10px;--awb-margin-bottom-small:10px;--awb-spacing-left-small:10px;\" data-scroll-devices=\"small-visibility,medium-visibility,large-visibility\"><div class=\"fusion-column-wrapper fusion-column-has-shadow fusion-flex-justify-content-center fusion-content-layout-column\"><i class=\"fb-icon-element-12 fb-icon-element fontawesome-icon fa-user fas circle-yes\" style=\"--awb-circlecolor:var(--awb-color4);--awb-circlebordercolor-hover:var(--awb-color8);--awb-circlebordersize:1px;--awb-font-size:26.4px;--awb-width:52.8px;--awb-height:52.8px;--awb-line-height:50.8px;--awb-align-self:center;--awb-margin-top:20px;--awb-margin-right:0px;--awb-margin-bottom:0px;--awb-margin-left:0px;\"><\/i><div class=\"fusion-title title fusion-title-18 fusion-sep-none fusion-title-center fusion-title-text fusion-title-size-five\" style=\"--awb-margin-top-small:10px;--awb-margin-right-small:0px;--awb-margin-bottom-small:10px;--awb-margin-left-small:0px;\"><h5 class=\"fusion-title-heading title-heading-center fusion-responsive-typography-calculated\" style=\"margin:0;--fontSize:19;--minFontSize:19;line-height:var(--awb-typography1-line-height);\"><span class=\"name\">Luigi Cadura<br \/>\n(Vorsitzender)<\/span><\/h5><\/div><\/div><\/div><div class=\"fusion-layout-column fusion_builder_column_inner fusion-builder-nested-column-5 fusion_builder_column_inner_1_3 1_3 fusion-flex-column fusion-flex-align-self-stretch\" style=\"--awb-overflow:hidden;--awb-bg-color:var(--awb-color1);--awb-bg-color-hover:var(--awb-color1);--awb-bg-size:cover;--awb-border-radius:20px 20px 20px 20px;--awb-width-large:33.333333333333%;--awb-margin-top-large:0px;--awb-spacing-right-large:10px;--awb-margin-bottom-large:0px;--awb-spacing-left-large:10px;--awb-width-medium:50%;--awb-order-medium:0;--awb-spacing-right-medium:10px;--awb-spacing-left-medium:10px;--awb-width-small:100%;--awb-order-small:0;--awb-spacing-right-small:10px;--awb-margin-bottom-small:10px;--awb-spacing-left-small:10px;\" data-scroll-devices=\"small-visibility,medium-visibility,large-visibility\"><div class=\"fusion-column-wrapper fusion-column-has-shadow fusion-flex-justify-content-center fusion-content-layout-column\"><i class=\"fb-icon-element-13 fb-icon-element fontawesome-icon fa-user fas circle-yes\" style=\"--awb-circlecolor:var(--awb-color4);--awb-circlebordercolor-hover:var(--awb-color8);--awb-circlebordersize:1px;--awb-font-size:26.4px;--awb-width:52.8px;--awb-height:52.8px;--awb-line-height:50.8px;--awb-align-self:center;--awb-margin-top:20px;--awb-margin-right:0px;--awb-margin-bottom:0px;--awb-margin-left:0px;\"><\/i><div class=\"fusion-title title fusion-title-19 fusion-sep-none fusion-title-center fusion-title-text fusion-title-size-five\" style=\"--awb-margin-top-small:10px;--awb-margin-right-small:0px;--awb-margin-bottom-small:10px;--awb-margin-left-small:0px;\"><h5 class=\"fusion-title-heading title-heading-center fusion-responsive-typography-calculated\" style=\"margin:0;--fontSize:19;--minFontSize:19;line-height:var(--awb-typography1-line-height);\"><span class=\"name\">Maria Eleonora Capra<br \/>\n(Ordentlicher Rechnungspr\u00fcfer)<\/span><\/h5><\/div><\/div><\/div><div class=\"fusion-layout-column fusion_builder_column_inner fusion-builder-nested-column-6 fusion_builder_column_inner_1_3 1_3 fusion-flex-column fusion-flex-align-self-stretch\" style=\"--awb-overflow:hidden;--awb-bg-color:var(--awb-color1);--awb-bg-color-hover:var(--awb-color1);--awb-bg-size:cover;--awb-border-radius:20px 20px 20px 20px;--awb-width-large:33.333333333333%;--awb-margin-top-large:0px;--awb-spacing-right-large:10px;--awb-margin-bottom-large:0px;--awb-spacing-left-large:10px;--awb-width-medium:100%;--awb-order-medium:0;--awb-margin-top-medium:20px;--awb-spacing-right-medium:10px;--awb-spacing-left-medium:10px;--awb-width-small:100%;--awb-order-small:0;--awb-spacing-right-small:10px;--awb-spacing-left-small:10px;\" data-scroll-devices=\"small-visibility,medium-visibility,large-visibility\"><div class=\"fusion-column-wrapper fusion-column-has-shadow fusion-flex-justify-content-center fusion-content-layout-column\"><i class=\"fb-icon-element-14 fb-icon-element fontawesome-icon fa-user fas circle-yes\" style=\"--awb-circlecolor:var(--awb-color4);--awb-circlebordercolor-hover:var(--awb-color8);--awb-circlebordersize:1px;--awb-font-size:26.4px;--awb-width:52.8px;--awb-height:52.8px;--awb-line-height:50.8px;--awb-align-self:center;--awb-margin-top:20px;--awb-margin-right:0px;--awb-margin-bottom:0px;--awb-margin-left:0px;\"><\/i><div class=\"fusion-title title fusion-title-20 fusion-sep-none fusion-title-center fusion-title-text fusion-title-size-five\" style=\"--awb-margin-top-small:10px;--awb-margin-right-small:0px;--awb-margin-bottom-small:10px;--awb-margin-left-small:0px;\"><h5 class=\"fusion-title-heading title-heading-center fusion-responsive-typography-calculated\" style=\"margin:0;--fontSize:19;--minFontSize:19;line-height:var(--awb-typography1-line-height);\"><span class=\"name\">Marco Baldin<br \/>\n(Ordentlicher Rechnungspr\u00fcfer)<\/span><\/h5><\/div><\/div><\/div><\/div><\/div><\/div><\/div><\/div><div class=\"fusion-fullwidth fullwidth-box fusion-builder-row-3 fusion-flex-container has-pattern-background has-mask-background nonhundred-percent-fullwidth non-hundred-percent-height-scrolling\" style=\"--link_color: var(--awb-color4);--awb-border-radius-top-left:0px;--awb-border-radius-top-right:0px;--awb-border-radius-bottom-right:0px;--awb-border-radius-bottom-left:0px;--awb-margin-top:50px;--awb-flex-wrap:wrap;\" ><div class=\"fusion-builder-row fusion-row fusion-flex-align-items-flex-start fusion-flex-content-wrap\" style=\"max-width:1248px;margin-left: calc(-4% \/ 2 );margin-right: calc(-4% \/ 2 );\"><div class=\"fusion-layout-column fusion_builder_column fusion-builder-column-17 fusion_builder_column_1_1 1_1 fusion-flex-column\" style=\"--awb-bg-size:cover;--awb-width-large:100%;--awb-margin-top-large:0px;--awb-spacing-right-large:1.92%;--awb-margin-bottom-large:20px;--awb-spacing-left-large:1.92%;--awb-width-medium:100%;--awb-order-medium:0;--awb-spacing-right-medium:1.92%;--awb-spacing-left-medium:1.92%;--awb-width-small:100%;--awb-order-small:0;--awb-spacing-right-small:1.92%;--awb-spacing-left-small:1.92%;\"><div class=\"fusion-column-wrapper fusion-column-has-shadow fusion-flex-justify-content-flex-start fusion-content-layout-column\"><div class=\"fusion-title title fusion-title-21 fusion-sep-none fusion-title-center fusion-title-text fusion-title-size-two\" style=\"--awb-margin-bottom:50px;--awb-margin-top-small:10px;--awb-margin-right-small:0px;--awb-margin-bottom-small:10px;--awb-margin-left-small:0px;\"><h2 class=\"fusion-title-heading title-heading-center fusion-responsive-typography-calculated\" style=\"margin:0;--fontSize:36;line-height:var(--awb-typography1-line-height);\">Satzung und Bestimmungen<\/h2><\/div><\/div><\/div><div class=\"fusion-layout-column fusion_builder_column fusion-builder-column-18 fusion_builder_column_1_2 1_2 fusion-flex-column\" style=\"--awb-bg-size:cover;--awb-width-large:50%;--awb-margin-top-large:0px;--awb-spacing-right-large:3.84%;--awb-margin-bottom-large:20px;--awb-spacing-left-large:3.84%;--awb-width-medium:50%;--awb-order-medium:0;--awb-spacing-right-medium:3.84%;--awb-spacing-left-medium:3.84%;--awb-width-small:100%;--awb-order-small:0;--awb-spacing-right-small:1.92%;--awb-spacing-left-small:1.92%;\"><div class=\"fusion-column-wrapper fusion-column-has-shadow fusion-flex-justify-content-flex-start fusion-content-layout-column\"><div class=\"fusion-content-boxes content-boxes columns row fusion-columns-1 fusion-columns-total-4 fusion-content-boxes-1 content-boxes-icon-on-side content-left\" style=\"--awb-body-color:var(--awb-color4);--awb-title-color:var(--awb-color4);--awb-iconcolor:var(--awb-color5);--awb-iconcolor-hover:var(--awb-color5);--awb-hover-accent-color:var(--awb-color4);--awb-circle-hover-accent-color:transparent;--awb-item-margin-bottom:40px;\" data-animationOffset=\"top-into-view\"><div style=\"--awb-backgroundcolor:rgba(255,255,255,0);--awb-iconcolor:var(--awb-color5);--awb-iconcolor-hover:var(--awb-color5);--awb-content-padding-left:50px;\" class=\"fusion-column content-box-column content-box-column content-box-column-1 col-lg-12 col-md-12 col-sm-12 fusion-content-box-hover content-box-column-last-in-row\"><div class=\"col content-box-wrapper content-wrapper link-area-link-icon link-type-text content-icon-wrapper-yes icon-hover-animation-fade\" data-animationOffset=\"top-into-view\"><div class=\"heading heading-with-icon icon-left\"><a class=\"heading-link\" href=\"https:\/\/www.amt3.it\/wp-content\/uploads\/2024\/09\/statuto-rev.-art.5-_signed.pdf\" target=\"_blank\" rel=\"noopener noreferrer\"><div class=\"icon\"><span ><i style=\"background-color:transparent;border-color:transparent;height:auto;width: 30px;line-height:normal;font-size:30px;\" aria-hidden=\"true\" class=\"fontawesome-icon fa-file-pdf far circle-no\"><\/i><\/span><\/div><h2 class=\"content-box-heading fusion-responsive-typography-calculated\" style=\"--h2_typography-font-size:24px;--fontSize:24;line-height:var(--awb-typography1-line-height);padding-left:50px;\">Gesellschaftssatzung der AMT3 SpA <\/h2><\/a><\/div><\/div><\/div><div style=\"--awb-backgroundcolor:rgba(255,255,255,0);--awb-iconcolor:var(--awb-color5);--awb-iconcolor-hover:var(--awb-color5);--awb-content-padding-left:50px;\" class=\"fusion-column content-box-column content-box-column content-box-column-2 col-lg-12 col-md-12 col-sm-12 fusion-content-box-hover content-box-column-last-in-row\"><div class=\"col content-box-wrapper content-wrapper link-area-link-icon link-type-text content-icon-wrapper-yes icon-hover-animation-fade\" data-animationOffset=\"top-into-view\"><div class=\"heading heading-with-icon icon-left\"><a class=\"heading-link\" href=\"https:\/\/www.amt3.it\/wp-content\/uploads\/2024\/03\/Disciplinare_incarichi_missione_spese.pdf\" target=\"_blank\" rel=\"noopener noreferrer\"><div class=\"icon\"><span ><i style=\"background-color:transparent;border-color:transparent;height:auto;width: 30px;line-height:normal;font-size:30px;\" aria-hidden=\"true\" class=\"fontawesome-icon fa-file-pdf far circle-no\"><\/i><\/span><\/div><h2 class=\"content-box-heading fusion-responsive-typography-calculated\" style=\"--h2_typography-font-size:24px;--fontSize:24;line-height:var(--awb-typography1-line-height);padding-left:50px;\">Regelung der Dienstaufgaben<\/h2><\/a><\/div><\/div><\/div><div style=\"--awb-backgroundcolor:rgba(255,255,255,0);--awb-iconcolor:var(--awb-color5);--awb-iconcolor-hover:var(--awb-color5);--awb-content-padding-left:50px;\" class=\"fusion-column content-box-column content-box-column content-box-column-3 col-lg-12 col-md-12 col-sm-12 fusion-content-box-hover content-box-column-last-in-row\"><div class=\"col content-box-wrapper content-wrapper link-area-link-icon link-type-text content-icon-wrapper-yes icon-hover-animation-fade\" data-animationOffset=\"top-into-view\"><div class=\"heading heading-with-icon icon-left\"><a class=\"heading-link\" href=\"https:\/\/www.amt3.it\/wp-content\/uploads\/2024\/09\/Regolamento_reclutamento_selezione_personale.pdf\" target=\"_blank\" rel=\"noopener noreferrer\"><div class=\"icon\"><span ><i style=\"background-color:transparent;border-color:transparent;height:auto;width: 30px;line-height:normal;font-size:30px;\" aria-hidden=\"true\" class=\"fontawesome-icon fa-file-pdf far circle-no\"><\/i><\/span><\/div><h2 class=\"content-box-heading fusion-responsive-typography-calculated\" style=\"--h2_typography-font-size:24px;--fontSize:24;line-height:var(--awb-typography1-line-height);padding-left:50px;\">Anwerbung und Auswahl des Personals<\/h2><\/a><\/div><\/div><\/div><div style=\"--awb-backgroundcolor:rgba(255,255,255,0);--awb-iconcolor:var(--awb-color5);--awb-iconcolor-hover:var(--awb-color5);--awb-content-padding-left:50px;\" class=\"fusion-column content-box-column content-box-column content-box-column-4 col-lg-12 col-md-12 col-sm-12 fusion-content-box-hover content-box-column-last content-box-column-last-in-row\"><div class=\"col content-box-wrapper content-wrapper link-area-link-icon link-type-text content-icon-wrapper-yes icon-hover-animation-fade\" data-animationOffset=\"top-into-view\"><div class=\"heading heading-with-icon icon-left\"><a class=\"heading-link\" href=\"https:\/\/www.amt3.it\/wp-content\/uploads\/2024\/03\/Regolamento_Conferimento_incarichi_soggetti_esterni-1.pdf\" target=\"_blank\" rel=\"noopener noreferrer\"><div class=\"icon\"><span ><i style=\"background-color:transparent;border-color:transparent;height:auto;width: 30px;line-height:normal;font-size:30px;\" aria-hidden=\"true\" class=\"fontawesome-icon fa-file-pdf far circle-no\"><\/i><\/span><\/div><h2 class=\"content-box-heading fusion-responsive-typography-calculated\" style=\"--h2_typography-font-size:24px;--fontSize:24;line-height:var(--awb-typography1-line-height);padding-left:50px;\">Gesetz zur Regelung unterschwelliger Aufgaben im gew\u00f6hnlichen Sektor<\/h2><\/a><\/div><\/div><\/div><div class=\"fusion-clearfix\"><\/div><\/div><\/div><\/div><div class=\"fusion-layout-column fusion_builder_column fusion-builder-column-19 fusion_builder_column_1_2 1_2 fusion-flex-column\" style=\"--awb-bg-size:cover;--awb-width-large:50%;--awb-margin-top-large:0px;--awb-spacing-right-large:3.84%;--awb-margin-bottom-large:20px;--awb-spacing-left-large:3.84%;--awb-width-medium:50%;--awb-order-medium:0;--awb-spacing-right-medium:3.84%;--awb-spacing-left-medium:3.84%;--awb-width-small:100%;--awb-order-small:0;--awb-spacing-right-small:1.92%;--awb-spacing-left-small:1.92%;\"><div class=\"fusion-column-wrapper fusion-column-has-shadow fusion-flex-justify-content-flex-start fusion-content-layout-column\"><div class=\"fusion-content-boxes content-boxes columns row fusion-columns-1 fusion-columns-total-3 fusion-content-boxes-2 content-boxes-icon-on-side content-left\" style=\"--awb-body-color:var(--awb-color4);--awb-title-color:var(--awb-color4);--awb-iconcolor:var(--awb-color5);--awb-iconcolor-hover:var(--awb-color5);--awb-hover-accent-color:var(--awb-color4);--awb-circle-hover-accent-color:transparent;--awb-item-margin-bottom:40px;\" data-animationOffset=\"top-into-view\"><div style=\"--awb-backgroundcolor:rgba(255,255,255,0);--awb-iconcolor:var(--awb-color5);--awb-iconcolor-hover:var(--awb-color5);--awb-content-padding-left:50px;\" class=\"fusion-column content-box-column content-box-column content-box-column-1 col-lg-12 col-md-12 col-sm-12 fusion-content-box-hover content-box-column-last-in-row\"><div class=\"col content-box-wrapper content-wrapper link-area-link-icon link-type-text content-icon-wrapper-yes icon-hover-animation-fade\" data-animationOffset=\"top-into-view\"><div class=\"heading heading-with-icon icon-left\"><a class=\"heading-link\" href=\"https:\/\/www.amt3.it\/wp-content\/uploads\/2024\/09\/Regolamento_Acquisti_Settore-Speciale.pdf\" target=\"_blank\" rel=\"noopener noreferrer\"><div class=\"icon\"><span ><i style=\"background-color:transparent;border-color:transparent;height:auto;width: 30px;line-height:normal;font-size:30px;\" aria-hidden=\"true\" class=\"fontawesome-icon fa-file-pdf far circle-no\"><\/i><\/span><\/div><h2 class=\"content-box-heading fusion-responsive-typography-calculated\" style=\"--h2_typography-font-size:24px;--fontSize:24;line-height:var(--awb-typography1-line-height);padding-left:50px;\">Spezielle branchenspezifische Einkaufsvorschriften<\/h2><\/a><\/div><\/div><\/div><div style=\"--awb-backgroundcolor:rgba(255,255,255,0);--awb-iconcolor:var(--awb-color5);--awb-iconcolor-hover:var(--awb-color5);--awb-content-padding-left:50px;\" class=\"fusion-column content-box-column content-box-column content-box-column-2 col-lg-12 col-md-12 col-sm-12 fusion-content-box-hover content-box-column-last-in-row\"><div class=\"col content-box-wrapper content-wrapper link-area-link-icon link-type-text content-icon-wrapper-yes icon-hover-animation-fade\" data-animationOffset=\"top-into-view\"><div class=\"heading heading-with-icon icon-left\"><a class=\"heading-link\" href=\"https:\/\/www.amt3.it\/wp-content\/uploads\/2024\/09\/Regolamento_consulenze.pdf\" target=\"_blank\" rel=\"noopener noreferrer\"><div class=\"icon\"><span ><i style=\"background-color:transparent;border-color:transparent;height:auto;width: 30px;line-height:normal;font-size:30px;\" aria-hidden=\"true\" class=\"fontawesome-icon fa-file-pdf far circle-no\"><\/i><\/span><\/div><h2 class=\"content-box-heading fusion-responsive-typography-calculated\" style=\"--h2_typography-font-size:24px;--fontSize:24;line-height:var(--awb-typography1-line-height);padding-left:50px;\">Beratungsordnung<\/h2><\/a><\/div><\/div><\/div><div style=\"--awb-backgroundcolor:rgba(255,255,255,0);--awb-iconcolor:var(--awb-color5);--awb-iconcolor-hover:var(--awb-color5);--awb-content-padding-left:50px;\" class=\"fusion-column content-box-column content-box-column content-box-column-3 col-lg-12 col-md-12 col-sm-12 fusion-content-box-hover content-box-column-last content-box-column-last-in-row\"><div class=\"col content-box-wrapper content-wrapper link-area-link-icon link-type-text content-icon-wrapper-yes icon-hover-animation-fade\" data-animationOffset=\"top-into-view\"><div class=\"heading heading-with-icon icon-left\"><a class=\"heading-link\" href=\"https:\/\/www.amt3.it\/wp-content\/uploads\/2024\/09\/Regolamento_utilizzo_altre_graduatorie.pdf\" target=\"_blank\" rel=\"noopener noreferrer\"><div class=\"icon\"><span ><i style=\"background-color:transparent;border-color:transparent;height:auto;width: 30px;line-height:normal;font-size:30px;\" aria-hidden=\"true\" class=\"fontawesome-icon fa-file-pdf far circle-no\"><\/i><\/span><\/div><h2 class=\"content-box-heading fusion-responsive-typography-calculated\" style=\"--h2_typography-font-size:24px;--fontSize:24;line-height:var(--awb-typography1-line-height);padding-left:50px;\">Regelungen zur Nutzung anderer Rankings<\/h2><\/a><\/div><\/div><\/div><div class=\"fusion-clearfix\"><\/div><\/div><\/div><\/div><\/div><\/div><div class=\"fusion-fullwidth fullwidth-box fusion-builder-row-4 fusion-flex-container has-pattern-background has-mask-background hundred-percent-fullwidth non-hundred-percent-height-scrolling\" style=\"--awb-border-radius-top-left:0px;--awb-border-radius-top-right:0px;--awb-border-radius-bottom-right:0px;--awb-border-radius-bottom-left:0px;--awb-flex-wrap:wrap;\" ><div class=\"fusion-builder-row fusion-row fusion-flex-align-items-flex-start fusion-flex-content-wrap\" style=\"width:104% !important;max-width:104% !important;margin-left: calc(-4% \/ 2 );margin-right: calc(-4% \/ 2 );\"><div class=\"fusion-layout-column fusion_builder_column fusion-builder-column-20 fusion_builder_column_1_1 1_1 fusion-flex-column fusion-flex-align-self-stretch carosello-immagini-storia\" style=\"--awb-bg-size:cover;--awb-width-large:100%;--awb-margin-top-large:0px;--awb-spacing-right-large:1.92%;--awb-margin-bottom-large:20px;--awb-spacing-left-large:1.92%;--awb-width-medium:100%;--awb-order-medium:0;--awb-spacing-right-medium:1.92%;--awb-spacing-left-medium:1.92%;--awb-width-small:100%;--awb-order-small:0;--awb-spacing-right-small:1.92%;--awb-spacing-left-small:1.92%;\" data-scroll-devices=\"small-visibility,medium-visibility,large-visibility\"><div class=\"fusion-column-wrapper fusion-column-has-shadow fusion-flex-justify-content-flex-start fusion-content-layout-column\"><div class=\"fusion-text fusion-text-7\"><p><script>\ndocument.querySelector('.carosello-immagini-storia').setAttribute('aria-hidden', 'true');\n<\/script><\/p>\n<\/div><div class=\"fusion-image-carousel fusion-image-carousel-auto fusion-image-carousel-1 fusion-no-small-visibility fusion-no-medium-visibility lightbox-enabled\"><div class=\"awb-carousel awb-swiper awb-swiper-carousel awb-carousel--carousel awb-swiper-dots-position-bottom\" data-layout=\"carousel\" data-autoplay=\"no\" data-autoplayspeed=\"2500\" data-autoplaypause=\"no\" data-columns=\"4\" data-columnsmedium=\"1\" data-columnssmall=\"1\" data-itemmargin=\"13\" data-itemwidth=\"180\" data-touchscroll=\"no\" data-freemode=\"no\" data-imagesize=\"auto\" data-scrollitems=\"0\" data-centeredslides=\"no\" data-rotationangle=\"50\" data-depth=\"100\" data-speed=\"500\" data-shadow=\"no\" data-pagination=\"bullets\" style=\"--awb-columns:4;\"><div class=\"swiper-wrapper awb-image-carousel-wrapper fusion-flex-align-items-center\"><div class=\"swiper-slide\"><div class=\"fusion-carousel-item-wrapper\"><div class=\"fusion-image-wrapper hover-type-none\"><a data-rel=\"iLightbox[image_carousel_1]\" data-title=\"22. Februar 1908 \u2013 Einweihung der ersten elektrischen Stra\u00dfenbahn\" aria-label=\"22. Februar 1908 \u2013 Einweihung der ersten elektrischen Stra\u00dfenbahn\" href=\"https:\/\/www.amt3.it\/wp-content\/uploads\/2024\/04\/Foto-Storiche-Verona-01.jpg\" target=\"_self\"><img decoding=\"async\" width=\"1000\" height=\"600\" src=\"https:\/\/www.amt3.it\/wp-content\/uploads\/2024\/04\/Foto-Storiche-Verona-01.jpg\" class=\"attachment-full size-full lazyload\" alt=\"22. Februar 1908 \u2013 Einweihung der ersten elektrischen Stra\u00dfenbahn\" srcset=\"data:image\/svg+xml,%3Csvg%20xmlns%3D%27http%3A%2F%2Fwww.w3.org%2F2000%2Fsvg%27%20width%3D%271000%27%20height%3D%27600%27%20viewBox%3D%270%200%201000%20600%27%3E%3Crect%20width%3D%271000%27%20height%3D%27600%27%20fill-opacity%3D%220%22%2F%3E%3C%2Fsvg%3E\" data-orig-src=\"https:\/\/www.amt3.it\/wp-content\/uploads\/2024\/04\/Foto-Storiche-Verona-01.jpg\" data-srcset=\"https:\/\/www.amt3.it\/wp-content\/uploads\/2024\/04\/Foto-Storiche-Verona-01-200x120.jpg 200w, https:\/\/www.amt3.it\/wp-content\/uploads\/2024\/04\/Foto-Storiche-Verona-01-400x240.jpg 400w, https:\/\/www.amt3.it\/wp-content\/uploads\/2024\/04\/Foto-Storiche-Verona-01-600x360.jpg 600w, https:\/\/www.amt3.it\/wp-content\/uploads\/2024\/04\/Foto-Storiche-Verona-01-800x480.jpg 800w, https:\/\/www.amt3.it\/wp-content\/uploads\/2024\/04\/Foto-Storiche-Verona-01.jpg 1000w\" data-sizes=\"auto\" \/><\/a><\/div><\/div><\/div><div class=\"swiper-slide\"><div class=\"fusion-carousel-item-wrapper\"><div class=\"fusion-image-wrapper hover-type-none\"><a data-rel=\"iLightbox[image_carousel_1]\" data-title=\"1916 f\u00e4hrt die Stra\u00dfenbahn schnell an einem Wagen vorbei &#8211; Bahnhof Viale Porta Vescovo\" aria-label=\"1916 f\u00e4hrt die Stra\u00dfenbahn schnell an einem Wagen vorbei &#8211; Bahnhof Viale Porta Vescovo\" href=\"https:\/\/www.amt3.it\/wp-content\/uploads\/2024\/04\/Foto-Storiche-Verona-02.jpg\" target=\"_self\"><img decoding=\"async\" width=\"1000\" height=\"600\" src=\"https:\/\/www.amt3.it\/wp-content\/uploads\/2024\/04\/Foto-Storiche-Verona-02.jpg\" class=\"attachment-full size-full lazyload\" alt=\"1916 f\u00e4hrt die Stra\u00dfenbahn schnell an einem Wagen vorbei - Bahnhof Viale Porta Vescovo\" srcset=\"data:image\/svg+xml,%3Csvg%20xmlns%3D%27http%3A%2F%2Fwww.w3.org%2F2000%2Fsvg%27%20width%3D%271000%27%20height%3D%27600%27%20viewBox%3D%270%200%201000%20600%27%3E%3Crect%20width%3D%271000%27%20height%3D%27600%27%20fill-opacity%3D%220%22%2F%3E%3C%2Fsvg%3E\" data-orig-src=\"https:\/\/www.amt3.it\/wp-content\/uploads\/2024\/04\/Foto-Storiche-Verona-02.jpg\" data-srcset=\"https:\/\/www.amt3.it\/wp-content\/uploads\/2024\/04\/Foto-Storiche-Verona-02-200x120.jpg 200w, https:\/\/www.amt3.it\/wp-content\/uploads\/2024\/04\/Foto-Storiche-Verona-02-400x240.jpg 400w, https:\/\/www.amt3.it\/wp-content\/uploads\/2024\/04\/Foto-Storiche-Verona-02-600x360.jpg 600w, https:\/\/www.amt3.it\/wp-content\/uploads\/2024\/04\/Foto-Storiche-Verona-02-800x480.jpg 800w, https:\/\/www.amt3.it\/wp-content\/uploads\/2024\/04\/Foto-Storiche-Verona-02.jpg 1000w\" data-sizes=\"auto\" \/><\/a><\/div><\/div><\/div><div class=\"swiper-slide\"><div class=\"fusion-carousel-item-wrapper\"><div class=\"fusion-image-wrapper hover-type-none\"><a data-rel=\"iLightbox[image_carousel_1]\" data-title=\"Historische Postkarte aus den 1920er Jahren, Auto in der Via XX Settembre.\" aria-label=\"Historische Postkarte aus den 1920er Jahren, Auto in der Via XX Settembre.\" href=\"https:\/\/www.amt3.it\/wp-content\/uploads\/2024\/04\/Foto-Storiche-Verona-03.jpg\" target=\"_self\"><img decoding=\"async\" width=\"1000\" height=\"600\" src=\"https:\/\/www.amt3.it\/wp-content\/uploads\/2024\/04\/Foto-Storiche-Verona-03.jpg\" class=\"attachment-full size-full lazyload\" alt=\"Historische Postkarte aus den 1920er Jahren, Auto in der Via XX Settembre.\" srcset=\"data:image\/svg+xml,%3Csvg%20xmlns%3D%27http%3A%2F%2Fwww.w3.org%2F2000%2Fsvg%27%20width%3D%271000%27%20height%3D%27600%27%20viewBox%3D%270%200%201000%20600%27%3E%3Crect%20width%3D%271000%27%20height%3D%27600%27%20fill-opacity%3D%220%22%2F%3E%3C%2Fsvg%3E\" data-orig-src=\"https:\/\/www.amt3.it\/wp-content\/uploads\/2024\/04\/Foto-Storiche-Verona-03.jpg\" data-srcset=\"https:\/\/www.amt3.it\/wp-content\/uploads\/2024\/04\/Foto-Storiche-Verona-03-200x120.jpg 200w, https:\/\/www.amt3.it\/wp-content\/uploads\/2024\/04\/Foto-Storiche-Verona-03-400x240.jpg 400w, https:\/\/www.amt3.it\/wp-content\/uploads\/2024\/04\/Foto-Storiche-Verona-03-600x360.jpg 600w, https:\/\/www.amt3.it\/wp-content\/uploads\/2024\/04\/Foto-Storiche-Verona-03-800x480.jpg 800w, https:\/\/www.amt3.it\/wp-content\/uploads\/2024\/04\/Foto-Storiche-Verona-03.jpg 1000w\" data-sizes=\"auto\" \/><\/a><\/div><\/div><\/div><div class=\"swiper-slide\"><div class=\"fusion-carousel-item-wrapper\"><div class=\"fusion-image-wrapper hover-type-none\"><a data-rel=\"iLightbox[image_carousel_1]\" data-title=\"1910er Jahre \u2013 Stra\u00dfenbahn \u00fcberquert die Navi-Br\u00fccke\" aria-label=\"1910er Jahre \u2013 Stra\u00dfenbahn \u00fcberquert die Navi-Br\u00fccke\" href=\"https:\/\/www.amt3.it\/wp-content\/uploads\/2024\/04\/Foto-Storiche-Verona-04.jpg\" target=\"_self\"><img decoding=\"async\" width=\"1000\" height=\"600\" src=\"https:\/\/www.amt3.it\/wp-content\/uploads\/2024\/04\/Foto-Storiche-Verona-04.jpg\" class=\"attachment-full size-full lazyload\" alt=\"1910er Jahre \u2013 Stra\u00dfenbahn \u00fcberquert die Navi-Br\u00fccke\" srcset=\"data:image\/svg+xml,%3Csvg%20xmlns%3D%27http%3A%2F%2Fwww.w3.org%2F2000%2Fsvg%27%20width%3D%271000%27%20height%3D%27600%27%20viewBox%3D%270%200%201000%20600%27%3E%3Crect%20width%3D%271000%27%20height%3D%27600%27%20fill-opacity%3D%220%22%2F%3E%3C%2Fsvg%3E\" data-orig-src=\"https:\/\/www.amt3.it\/wp-content\/uploads\/2024\/04\/Foto-Storiche-Verona-04.jpg\" data-srcset=\"https:\/\/www.amt3.it\/wp-content\/uploads\/2024\/04\/Foto-Storiche-Verona-04-200x120.jpg 200w, https:\/\/www.amt3.it\/wp-content\/uploads\/2024\/04\/Foto-Storiche-Verona-04-400x240.jpg 400w, https:\/\/www.amt3.it\/wp-content\/uploads\/2024\/04\/Foto-Storiche-Verona-04-600x360.jpg 600w, https:\/\/www.amt3.it\/wp-content\/uploads\/2024\/04\/Foto-Storiche-Verona-04-800x480.jpg 800w, https:\/\/www.amt3.it\/wp-content\/uploads\/2024\/04\/Foto-Storiche-Verona-04.jpg 1000w\" data-sizes=\"auto\" \/><\/a><\/div><\/div><\/div><div class=\"swiper-slide\"><div class=\"fusion-carousel-item-wrapper\"><div class=\"fusion-image-wrapper hover-type-none\"><a data-rel=\"iLightbox[image_carousel_1]\" data-title=\"1910er Jahre \u2013 Wagen Nr. 19 f\u00e4hrt den Corso Cavour in der N\u00e4he des Portoni Bossari entlang\" aria-label=\"1910er Jahre \u2013 Wagen Nr. 19 f\u00e4hrt den Corso Cavour in der N\u00e4he des Portoni Bossari entlang\" href=\"https:\/\/www.amt3.it\/wp-content\/uploads\/2024\/04\/Foto-Storiche-Verona-07.jpg\" target=\"_self\"><img decoding=\"async\" width=\"1000\" height=\"600\" src=\"https:\/\/www.amt3.it\/wp-content\/uploads\/2024\/04\/Foto-Storiche-Verona-07.jpg\" class=\"attachment-full size-full lazyload\" alt=\"1910er Jahre \u2013 Wagen Nr. 19 f\u00e4hrt den Corso Cavour in der N\u00e4he des Portoni Bossari entlang\" srcset=\"data:image\/svg+xml,%3Csvg%20xmlns%3D%27http%3A%2F%2Fwww.w3.org%2F2000%2Fsvg%27%20width%3D%271000%27%20height%3D%27600%27%20viewBox%3D%270%200%201000%20600%27%3E%3Crect%20width%3D%271000%27%20height%3D%27600%27%20fill-opacity%3D%220%22%2F%3E%3C%2Fsvg%3E\" data-orig-src=\"https:\/\/www.amt3.it\/wp-content\/uploads\/2024\/04\/Foto-Storiche-Verona-07.jpg\" data-srcset=\"https:\/\/www.amt3.it\/wp-content\/uploads\/2024\/04\/Foto-Storiche-Verona-07-200x120.jpg 200w, https:\/\/www.amt3.it\/wp-content\/uploads\/2024\/04\/Foto-Storiche-Verona-07-400x240.jpg 400w, https:\/\/www.amt3.it\/wp-content\/uploads\/2024\/04\/Foto-Storiche-Verona-07-600x360.jpg 600w, https:\/\/www.amt3.it\/wp-content\/uploads\/2024\/04\/Foto-Storiche-Verona-07-800x480.jpg 800w, https:\/\/www.amt3.it\/wp-content\/uploads\/2024\/04\/Foto-Storiche-Verona-07.jpg 1000w\" data-sizes=\"auto\" \/><\/a><\/div><\/div><\/div><div class=\"swiper-slide\"><div class=\"fusion-carousel-item-wrapper\"><div class=\"fusion-image-wrapper hover-type-none\"><a data-rel=\"iLightbox[image_carousel_1]\" data-title=\"1918 Porta di via Vittorio Emanuele, Wagen Nummer 2 fuhr Richtung Porta Vescovo\" aria-label=\"1918 Porta di via Vittorio Emanuele, Wagen Nummer 2 fuhr Richtung Porta Vescovo\" href=\"https:\/\/www.amt3.it\/wp-content\/uploads\/2024\/04\/Foto-Storiche-Verona-08.jpg\" target=\"_self\"><img decoding=\"async\" width=\"1000\" height=\"600\" src=\"https:\/\/www.amt3.it\/wp-content\/uploads\/2024\/04\/Foto-Storiche-Verona-08.jpg\" class=\"attachment-full size-full lazyload\" alt=\"1918 Porta di via Vittorio Emanuele, Wagen Nummer 2 fuhr Richtung Porta Vescovo\" srcset=\"data:image\/svg+xml,%3Csvg%20xmlns%3D%27http%3A%2F%2Fwww.w3.org%2F2000%2Fsvg%27%20width%3D%271000%27%20height%3D%27600%27%20viewBox%3D%270%200%201000%20600%27%3E%3Crect%20width%3D%271000%27%20height%3D%27600%27%20fill-opacity%3D%220%22%2F%3E%3C%2Fsvg%3E\" data-orig-src=\"https:\/\/www.amt3.it\/wp-content\/uploads\/2024\/04\/Foto-Storiche-Verona-08.jpg\" data-srcset=\"https:\/\/www.amt3.it\/wp-content\/uploads\/2024\/04\/Foto-Storiche-Verona-08-200x120.jpg 200w, https:\/\/www.amt3.it\/wp-content\/uploads\/2024\/04\/Foto-Storiche-Verona-08-400x240.jpg 400w, https:\/\/www.amt3.it\/wp-content\/uploads\/2024\/04\/Foto-Storiche-Verona-08-600x360.jpg 600w, https:\/\/www.amt3.it\/wp-content\/uploads\/2024\/04\/Foto-Storiche-Verona-08-800x480.jpg 800w, https:\/\/www.amt3.it\/wp-content\/uploads\/2024\/04\/Foto-Storiche-Verona-08.jpg 1000w\" data-sizes=\"auto\" \/><\/a><\/div><\/div><\/div><div class=\"swiper-slide\"><div class=\"fusion-carousel-item-wrapper\"><div class=\"fusion-image-wrapper hover-type-none\"><a data-rel=\"iLightbox[image_carousel_1]\" data-title=\"Ende der 1910er Jahre \u2013 Wagen Nr. 17 und 22 unter den ber\u00fchmten Jugendstil-Stra\u00dfenlaternen\" aria-label=\"Ende der 1910er Jahre \u2013 Wagen Nr. 17 und 22 unter den ber\u00fchmten Jugendstil-Stra\u00dfenlaternen\" href=\"https:\/\/www.amt3.it\/wp-content\/uploads\/2024\/04\/Foto-Storiche-Verona-09.jpg\" target=\"_self\"><img decoding=\"async\" width=\"1000\" height=\"600\" src=\"https:\/\/www.amt3.it\/wp-content\/uploads\/2024\/04\/Foto-Storiche-Verona-09.jpg\" class=\"attachment-full size-full lazyload\" alt=\"Ende der 1910er Jahre \u2013 Wagen Nr. 17 und 22 unter den ber\u00fchmten Jugendstil-Stra\u00dfenlaternen\" srcset=\"data:image\/svg+xml,%3Csvg%20xmlns%3D%27http%3A%2F%2Fwww.w3.org%2F2000%2Fsvg%27%20width%3D%271000%27%20height%3D%27600%27%20viewBox%3D%270%200%201000%20600%27%3E%3Crect%20width%3D%271000%27%20height%3D%27600%27%20fill-opacity%3D%220%22%2F%3E%3C%2Fsvg%3E\" data-orig-src=\"https:\/\/www.amt3.it\/wp-content\/uploads\/2024\/04\/Foto-Storiche-Verona-09.jpg\" data-srcset=\"https:\/\/www.amt3.it\/wp-content\/uploads\/2024\/04\/Foto-Storiche-Verona-09-200x120.jpg 200w, https:\/\/www.amt3.it\/wp-content\/uploads\/2024\/04\/Foto-Storiche-Verona-09-400x240.jpg 400w, https:\/\/www.amt3.it\/wp-content\/uploads\/2024\/04\/Foto-Storiche-Verona-09-600x360.jpg 600w, https:\/\/www.amt3.it\/wp-content\/uploads\/2024\/04\/Foto-Storiche-Verona-09-800x480.jpg 800w, https:\/\/www.amt3.it\/wp-content\/uploads\/2024\/04\/Foto-Storiche-Verona-09.jpg 1000w\" data-sizes=\"auto\" \/><\/a><\/div><\/div><\/div><div class=\"swiper-slide\"><div class=\"fusion-carousel-item-wrapper\"><div class=\"fusion-image-wrapper hover-type-none\"><a data-rel=\"iLightbox[image_carousel_1]\" data-title=\"1910 \u2013 Bahnhof Porta Nuova, Endstation der elektrischen Stra\u00dfenbahn\" aria-label=\"1910 \u2013 Bahnhof Porta Nuova, Endstation der elektrischen Stra\u00dfenbahn\" href=\"https:\/\/www.amt3.it\/wp-content\/uploads\/2024\/04\/Foto-Storiche-Verona-10.jpg\" target=\"_self\"><img decoding=\"async\" width=\"1000\" height=\"600\" src=\"https:\/\/www.amt3.it\/wp-content\/uploads\/2024\/04\/Foto-Storiche-Verona-10.jpg\" class=\"attachment-full size-full lazyload\" alt=\"1910 \u2013 Bahnhof Porta Nuova, Endstation der elektrischen Stra\u00dfenbahn\" srcset=\"data:image\/svg+xml,%3Csvg%20xmlns%3D%27http%3A%2F%2Fwww.w3.org%2F2000%2Fsvg%27%20width%3D%271000%27%20height%3D%27600%27%20viewBox%3D%270%200%201000%20600%27%3E%3Crect%20width%3D%271000%27%20height%3D%27600%27%20fill-opacity%3D%220%22%2F%3E%3C%2Fsvg%3E\" data-orig-src=\"https:\/\/www.amt3.it\/wp-content\/uploads\/2024\/04\/Foto-Storiche-Verona-10.jpg\" data-srcset=\"https:\/\/www.amt3.it\/wp-content\/uploads\/2024\/04\/Foto-Storiche-Verona-10-200x120.jpg 200w, https:\/\/www.amt3.it\/wp-content\/uploads\/2024\/04\/Foto-Storiche-Verona-10-400x240.jpg 400w, https:\/\/www.amt3.it\/wp-content\/uploads\/2024\/04\/Foto-Storiche-Verona-10-600x360.jpg 600w, https:\/\/www.amt3.it\/wp-content\/uploads\/2024\/04\/Foto-Storiche-Verona-10-800x480.jpg 800w, https:\/\/www.amt3.it\/wp-content\/uploads\/2024\/04\/Foto-Storiche-Verona-10.jpg 1000w\" data-sizes=\"auto\" \/><\/a><\/div><\/div><\/div><div class=\"swiper-slide\"><div class=\"fusion-carousel-item-wrapper\"><div class=\"fusion-image-wrapper hover-type-none\"><a data-rel=\"iLightbox[image_carousel_1]\" data-title=\"1910er Jahre \u2013 Zwei Autos fahren entlang des Corso Cavour\" aria-label=\"1910er Jahre \u2013 Zwei Autos fahren entlang des Corso Cavour\" href=\"https:\/\/www.amt3.it\/wp-content\/uploads\/2024\/04\/Foto-Storiche-Verona-11.jpg\" target=\"_self\"><img decoding=\"async\" width=\"1000\" height=\"600\" src=\"https:\/\/www.amt3.it\/wp-content\/uploads\/2024\/04\/Foto-Storiche-Verona-11.jpg\" class=\"attachment-full size-full lazyload\" alt=\"1910er Jahre \u2013 Zwei Autos fahren entlang des Corso Cavour\" srcset=\"data:image\/svg+xml,%3Csvg%20xmlns%3D%27http%3A%2F%2Fwww.w3.org%2F2000%2Fsvg%27%20width%3D%271000%27%20height%3D%27600%27%20viewBox%3D%270%200%201000%20600%27%3E%3Crect%20width%3D%271000%27%20height%3D%27600%27%20fill-opacity%3D%220%22%2F%3E%3C%2Fsvg%3E\" data-orig-src=\"https:\/\/www.amt3.it\/wp-content\/uploads\/2024\/04\/Foto-Storiche-Verona-11.jpg\" data-srcset=\"https:\/\/www.amt3.it\/wp-content\/uploads\/2024\/04\/Foto-Storiche-Verona-11-200x120.jpg 200w, https:\/\/www.amt3.it\/wp-content\/uploads\/2024\/04\/Foto-Storiche-Verona-11-400x240.jpg 400w, https:\/\/www.amt3.it\/wp-content\/uploads\/2024\/04\/Foto-Storiche-Verona-11-600x360.jpg 600w, https:\/\/www.amt3.it\/wp-content\/uploads\/2024\/04\/Foto-Storiche-Verona-11-800x480.jpg 800w, https:\/\/www.amt3.it\/wp-content\/uploads\/2024\/04\/Foto-Storiche-Verona-11.jpg 1000w\" data-sizes=\"auto\" \/><\/a><\/div><\/div><\/div><div class=\"swiper-slide\"><div class=\"fusion-carousel-item-wrapper\"><div class=\"fusion-image-wrapper hover-type-none\"><a data-rel=\"iLightbox[image_carousel_1]\" data-title=\"1910er Jahre \u2013 Zwei Autos in Regastre San Zeno und im Hintergrund Ponte Castel Vecchio\" aria-label=\"1910er Jahre \u2013 Zwei Autos in Regastre San Zeno und im Hintergrund Ponte Castel Vecchio\" href=\"https:\/\/www.amt3.it\/wp-content\/uploads\/2024\/04\/Foto-Storiche-Verona-12.jpg\" target=\"_self\"><img decoding=\"async\" width=\"1000\" height=\"600\" src=\"https:\/\/www.amt3.it\/wp-content\/uploads\/2024\/04\/Foto-Storiche-Verona-12.jpg\" class=\"attachment-full size-full lazyload\" alt=\"1910er Jahre \u2013 Zwei Autos in Regastre San Zeno und im Hintergrund Ponte Castel Vecchio\" srcset=\"data:image\/svg+xml,%3Csvg%20xmlns%3D%27http%3A%2F%2Fwww.w3.org%2F2000%2Fsvg%27%20width%3D%271000%27%20height%3D%27600%27%20viewBox%3D%270%200%201000%20600%27%3E%3Crect%20width%3D%271000%27%20height%3D%27600%27%20fill-opacity%3D%220%22%2F%3E%3C%2Fsvg%3E\" data-orig-src=\"https:\/\/www.amt3.it\/wp-content\/uploads\/2024\/04\/Foto-Storiche-Verona-12.jpg\" data-srcset=\"https:\/\/www.amt3.it\/wp-content\/uploads\/2024\/04\/Foto-Storiche-Verona-12-200x120.jpg 200w, https:\/\/www.amt3.it\/wp-content\/uploads\/2024\/04\/Foto-Storiche-Verona-12-400x240.jpg 400w, https:\/\/www.amt3.it\/wp-content\/uploads\/2024\/04\/Foto-Storiche-Verona-12-600x360.jpg 600w, https:\/\/www.amt3.it\/wp-content\/uploads\/2024\/04\/Foto-Storiche-Verona-12-800x480.jpg 800w, https:\/\/www.amt3.it\/wp-content\/uploads\/2024\/04\/Foto-Storiche-Verona-12.jpg 1000w\" data-sizes=\"auto\" \/><\/a><\/div><\/div><\/div><div class=\"swiper-slide\"><div class=\"fusion-carousel-item-wrapper\"><div class=\"fusion-image-wrapper hover-type-none\"><a data-rel=\"iLightbox[image_carousel_1]\" data-title=\"Anfang der 1930er Jahre \u2013 zweigleisige Strecke \u2013 Kurs S. Borsari\" aria-label=\"Anfang der 1930er Jahre \u2013 zweigleisige Strecke \u2013 Kurs S. Borsari\" href=\"https:\/\/www.amt3.it\/wp-content\/uploads\/2024\/04\/Foto-Storiche-Verona-13.jpg\" target=\"_self\"><img decoding=\"async\" width=\"1000\" height=\"600\" src=\"https:\/\/www.amt3.it\/wp-content\/uploads\/2024\/04\/Foto-Storiche-Verona-13.jpg\" class=\"attachment-full size-full lazyload\" alt=\"Anfang der 1930er Jahre \u2013 zweigleisige Strecke \u2013 Kurs S. Borsari\" srcset=\"data:image\/svg+xml,%3Csvg%20xmlns%3D%27http%3A%2F%2Fwww.w3.org%2F2000%2Fsvg%27%20width%3D%271000%27%20height%3D%27600%27%20viewBox%3D%270%200%201000%20600%27%3E%3Crect%20width%3D%271000%27%20height%3D%27600%27%20fill-opacity%3D%220%22%2F%3E%3C%2Fsvg%3E\" data-orig-src=\"https:\/\/www.amt3.it\/wp-content\/uploads\/2024\/04\/Foto-Storiche-Verona-13.jpg\" data-srcset=\"https:\/\/www.amt3.it\/wp-content\/uploads\/2024\/04\/Foto-Storiche-Verona-13-200x120.jpg 200w, https:\/\/www.amt3.it\/wp-content\/uploads\/2024\/04\/Foto-Storiche-Verona-13-400x240.jpg 400w, https:\/\/www.amt3.it\/wp-content\/uploads\/2024\/04\/Foto-Storiche-Verona-13-600x360.jpg 600w, https:\/\/www.amt3.it\/wp-content\/uploads\/2024\/04\/Foto-Storiche-Verona-13-800x480.jpg 800w, https:\/\/www.amt3.it\/wp-content\/uploads\/2024\/04\/Foto-Storiche-Verona-13.jpg 1000w\" data-sizes=\"auto\" \/><\/a><\/div><\/div><\/div><div class=\"swiper-slide\"><div class=\"fusion-carousel-item-wrapper\"><div class=\"fusion-image-wrapper hover-type-none\"><a data-rel=\"iLightbox[image_carousel_1]\" data-title=\"22. Februar 1908 \u2013 Einweihung der ersten elektrischen Stra\u00dfenbahn\" aria-label=\"22. Februar 1908 \u2013 Einweihung der ersten elektrischen Stra\u00dfenbahn\" href=\"https:\/\/www.amt3.it\/wp-content\/uploads\/2024\/04\/Foto-Storiche-Verona-14.jpg\" target=\"_self\"><img decoding=\"async\" width=\"1000\" height=\"600\" src=\"https:\/\/www.amt3.it\/wp-content\/uploads\/2024\/04\/Foto-Storiche-Verona-14.jpg\" class=\"attachment-full size-full lazyload\" alt=\"22. Februar 1908 \u2013 Einweihung der ersten elektrischen Stra\u00dfenbahn\" srcset=\"data:image\/svg+xml,%3Csvg%20xmlns%3D%27http%3A%2F%2Fwww.w3.org%2F2000%2Fsvg%27%20width%3D%271000%27%20height%3D%27600%27%20viewBox%3D%270%200%201000%20600%27%3E%3Crect%20width%3D%271000%27%20height%3D%27600%27%20fill-opacity%3D%220%22%2F%3E%3C%2Fsvg%3E\" data-orig-src=\"https:\/\/www.amt3.it\/wp-content\/uploads\/2024\/04\/Foto-Storiche-Verona-14.jpg\" data-srcset=\"https:\/\/www.amt3.it\/wp-content\/uploads\/2024\/04\/Foto-Storiche-Verona-14-200x120.jpg 200w, https:\/\/www.amt3.it\/wp-content\/uploads\/2024\/04\/Foto-Storiche-Verona-14-400x240.jpg 400w, https:\/\/www.amt3.it\/wp-content\/uploads\/2024\/04\/Foto-Storiche-Verona-14-600x360.jpg 600w, https:\/\/www.amt3.it\/wp-content\/uploads\/2024\/04\/Foto-Storiche-Verona-14-800x480.jpg 800w, https:\/\/www.amt3.it\/wp-content\/uploads\/2024\/04\/Foto-Storiche-Verona-14.jpg 1000w\" data-sizes=\"auto\" \/><\/a><\/div><\/div><\/div><div class=\"swiper-slide\"><div class=\"fusion-carousel-item-wrapper\"><div class=\"fusion-image-wrapper hover-type-none\"><a data-rel=\"iLightbox[image_carousel_1]\" data-title=\"1909 \u2013 Stra\u00dfenbahnen fahren gegen den Verkehr auf der Via XX Settembre\" aria-label=\"1909 \u2013 Stra\u00dfenbahnen fahren gegen den Verkehr auf der Via XX Settembre\" href=\"https:\/\/www.amt3.it\/wp-content\/uploads\/2024\/04\/Foto-Storiche-Verona-15.jpg\" target=\"_self\"><img decoding=\"async\" width=\"1000\" height=\"600\" src=\"https:\/\/www.amt3.it\/wp-content\/uploads\/2024\/04\/Foto-Storiche-Verona-15.jpg\" class=\"attachment-full size-full lazyload\" alt=\"1909 \u2013 Stra\u00dfenbahnen fahren gegen den Verkehr auf der Via XX Settembre\" srcset=\"data:image\/svg+xml,%3Csvg%20xmlns%3D%27http%3A%2F%2Fwww.w3.org%2F2000%2Fsvg%27%20width%3D%271000%27%20height%3D%27600%27%20viewBox%3D%270%200%201000%20600%27%3E%3Crect%20width%3D%271000%27%20height%3D%27600%27%20fill-opacity%3D%220%22%2F%3E%3C%2Fsvg%3E\" data-orig-src=\"https:\/\/www.amt3.it\/wp-content\/uploads\/2024\/04\/Foto-Storiche-Verona-15.jpg\" data-srcset=\"https:\/\/www.amt3.it\/wp-content\/uploads\/2024\/04\/Foto-Storiche-Verona-15-200x120.jpg 200w, https:\/\/www.amt3.it\/wp-content\/uploads\/2024\/04\/Foto-Storiche-Verona-15-400x240.jpg 400w, https:\/\/www.amt3.it\/wp-content\/uploads\/2024\/04\/Foto-Storiche-Verona-15-600x360.jpg 600w, https:\/\/www.amt3.it\/wp-content\/uploads\/2024\/04\/Foto-Storiche-Verona-15-800x480.jpg 800w, https:\/\/www.amt3.it\/wp-content\/uploads\/2024\/04\/Foto-Storiche-Verona-15.jpg 1000w\" data-sizes=\"auto\" \/><\/a><\/div><\/div><\/div><div class=\"swiper-slide\"><div class=\"fusion-carousel-item-wrapper\"><div class=\"fusion-image-wrapper hover-type-none\"><a data-rel=\"iLightbox[image_carousel_1]\" data-title=\"1910er Jahre \u2013 Auto Nummer 3 parkte auf der Piazza Pozza San Zeno\" aria-label=\"1910er Jahre \u2013 Auto Nummer 3 parkte auf der Piazza Pozza San Zeno\" href=\"https:\/\/www.amt3.it\/wp-content\/uploads\/2024\/04\/Foto-Storiche-Verona-16.jpg\" target=\"_self\"><img decoding=\"async\" width=\"1000\" height=\"600\" src=\"https:\/\/www.amt3.it\/wp-content\/uploads\/2024\/04\/Foto-Storiche-Verona-16.jpg\" class=\"attachment-full size-full lazyload\" alt=\"1910er Jahre \u2013 Auto Nummer 3 parkte auf der Piazza Pozza San Zeno\" srcset=\"data:image\/svg+xml,%3Csvg%20xmlns%3D%27http%3A%2F%2Fwww.w3.org%2F2000%2Fsvg%27%20width%3D%271000%27%20height%3D%27600%27%20viewBox%3D%270%200%201000%20600%27%3E%3Crect%20width%3D%271000%27%20height%3D%27600%27%20fill-opacity%3D%220%22%2F%3E%3C%2Fsvg%3E\" data-orig-src=\"https:\/\/www.amt3.it\/wp-content\/uploads\/2024\/04\/Foto-Storiche-Verona-16.jpg\" data-srcset=\"https:\/\/www.amt3.it\/wp-content\/uploads\/2024\/04\/Foto-Storiche-Verona-16-200x120.jpg 200w, https:\/\/www.amt3.it\/wp-content\/uploads\/2024\/04\/Foto-Storiche-Verona-16-400x240.jpg 400w, https:\/\/www.amt3.it\/wp-content\/uploads\/2024\/04\/Foto-Storiche-Verona-16-600x360.jpg 600w, https:\/\/www.amt3.it\/wp-content\/uploads\/2024\/04\/Foto-Storiche-Verona-16-800x480.jpg 800w, https:\/\/www.amt3.it\/wp-content\/uploads\/2024\/04\/Foto-Storiche-Verona-16.jpg 1000w\" data-sizes=\"auto\" \/><\/a><\/div><\/div><\/div><div class=\"swiper-slide\"><div class=\"fusion-carousel-item-wrapper\"><div class=\"fusion-image-wrapper hover-type-none\"><a data-rel=\"iLightbox[image_carousel_1]\" data-title=\"1910er Jahre \u2013 Auto und Castel San Pietro im Hintergrund\" aria-label=\"1910er Jahre \u2013 Auto und Castel San Pietro im Hintergrund\" href=\"https:\/\/www.amt3.it\/wp-content\/uploads\/2024\/04\/Foto-Storiche-Verona-17.jpg\" target=\"_self\"><img decoding=\"async\" width=\"1000\" height=\"600\" src=\"https:\/\/www.amt3.it\/wp-content\/uploads\/2024\/04\/Foto-Storiche-Verona-17.jpg\" class=\"attachment-full size-full lazyload\" alt=\"1910er Jahre \u2013 Auto und Castel San Pietro im Hintergrund\" srcset=\"data:image\/svg+xml,%3Csvg%20xmlns%3D%27http%3A%2F%2Fwww.w3.org%2F2000%2Fsvg%27%20width%3D%271000%27%20height%3D%27600%27%20viewBox%3D%270%200%201000%20600%27%3E%3Crect%20width%3D%271000%27%20height%3D%27600%27%20fill-opacity%3D%220%22%2F%3E%3C%2Fsvg%3E\" data-orig-src=\"https:\/\/www.amt3.it\/wp-content\/uploads\/2024\/04\/Foto-Storiche-Verona-17.jpg\" data-srcset=\"https:\/\/www.amt3.it\/wp-content\/uploads\/2024\/04\/Foto-Storiche-Verona-17-200x120.jpg 200w, https:\/\/www.amt3.it\/wp-content\/uploads\/2024\/04\/Foto-Storiche-Verona-17-400x240.jpg 400w, https:\/\/www.amt3.it\/wp-content\/uploads\/2024\/04\/Foto-Storiche-Verona-17-600x360.jpg 600w, https:\/\/www.amt3.it\/wp-content\/uploads\/2024\/04\/Foto-Storiche-Verona-17-800x480.jpg 800w, https:\/\/www.amt3.it\/wp-content\/uploads\/2024\/04\/Foto-Storiche-Verona-17.jpg 1000w\" data-sizes=\"auto\" \/><\/a><\/div><\/div><\/div><div class=\"swiper-slide\"><div class=\"fusion-carousel-item-wrapper\"><div class=\"fusion-image-wrapper hover-type-none\"><a data-rel=\"iLightbox[image_carousel_1]\" data-title=\"1917 \u2013 Die von Avesa kommende Stra\u00dfenbahn hielt an, um zwei Damen den Zustieg zu erm\u00f6glichen\" aria-label=\"1917 \u2013 Die von Avesa kommende Stra\u00dfenbahn hielt an, um zwei Damen den Zustieg zu erm\u00f6glichen\" href=\"https:\/\/www.amt3.it\/wp-content\/uploads\/2024\/04\/Foto-Storiche-Verona-18.jpg\" target=\"_self\"><img decoding=\"async\" width=\"1000\" height=\"600\" src=\"https:\/\/www.amt3.it\/wp-content\/uploads\/2024\/04\/Foto-Storiche-Verona-18.jpg\" class=\"attachment-full size-full lazyload\" alt=\"1917 \u2013 Die von Avesa kommende Stra\u00dfenbahn hielt an, um zwei Damen den Zustieg zu erm\u00f6glichen\" srcset=\"data:image\/svg+xml,%3Csvg%20xmlns%3D%27http%3A%2F%2Fwww.w3.org%2F2000%2Fsvg%27%20width%3D%271000%27%20height%3D%27600%27%20viewBox%3D%270%200%201000%20600%27%3E%3Crect%20width%3D%271000%27%20height%3D%27600%27%20fill-opacity%3D%220%22%2F%3E%3C%2Fsvg%3E\" data-orig-src=\"https:\/\/www.amt3.it\/wp-content\/uploads\/2024\/04\/Foto-Storiche-Verona-18.jpg\" data-srcset=\"https:\/\/www.amt3.it\/wp-content\/uploads\/2024\/04\/Foto-Storiche-Verona-18-200x120.jpg 200w, https:\/\/www.amt3.it\/wp-content\/uploads\/2024\/04\/Foto-Storiche-Verona-18-400x240.jpg 400w, https:\/\/www.amt3.it\/wp-content\/uploads\/2024\/04\/Foto-Storiche-Verona-18-600x360.jpg 600w, https:\/\/www.amt3.it\/wp-content\/uploads\/2024\/04\/Foto-Storiche-Verona-18-800x480.jpg 800w, https:\/\/www.amt3.it\/wp-content\/uploads\/2024\/04\/Foto-Storiche-Verona-18.jpg 1000w\" data-sizes=\"auto\" \/><\/a><\/div><\/div><\/div><div class=\"swiper-slide\"><div class=\"fusion-carousel-item-wrapper\"><div class=\"fusion-image-wrapper hover-type-none\"><a data-rel=\"iLightbox[image_carousel_1]\" data-title=\"1934 \u2013 Wagen und Schienen auf der Regaste Redentore\" aria-label=\"1934 \u2013 Wagen und Schienen auf der Regaste Redentore\" href=\"https:\/\/www.amt3.it\/wp-content\/uploads\/2024\/04\/Foto-Storiche-Verona-19.jpg\" target=\"_self\"><img decoding=\"async\" width=\"1000\" height=\"600\" src=\"https:\/\/www.amt3.it\/wp-content\/uploads\/2024\/04\/Foto-Storiche-Verona-19.jpg\" class=\"attachment-full size-full lazyload\" alt=\"1934 \u2013 Wagen und Schienen auf der Regaste Redentore\" srcset=\"data:image\/svg+xml,%3Csvg%20xmlns%3D%27http%3A%2F%2Fwww.w3.org%2F2000%2Fsvg%27%20width%3D%271000%27%20height%3D%27600%27%20viewBox%3D%270%200%201000%20600%27%3E%3Crect%20width%3D%271000%27%20height%3D%27600%27%20fill-opacity%3D%220%22%2F%3E%3C%2Fsvg%3E\" data-orig-src=\"https:\/\/www.amt3.it\/wp-content\/uploads\/2024\/04\/Foto-Storiche-Verona-19.jpg\" data-srcset=\"https:\/\/www.amt3.it\/wp-content\/uploads\/2024\/04\/Foto-Storiche-Verona-19-200x120.jpg 200w, https:\/\/www.amt3.it\/wp-content\/uploads\/2024\/04\/Foto-Storiche-Verona-19-400x240.jpg 400w, https:\/\/www.amt3.it\/wp-content\/uploads\/2024\/04\/Foto-Storiche-Verona-19-600x360.jpg 600w, https:\/\/www.amt3.it\/wp-content\/uploads\/2024\/04\/Foto-Storiche-Verona-19-800x480.jpg 800w, https:\/\/www.amt3.it\/wp-content\/uploads\/2024\/04\/Foto-Storiche-Verona-19.jpg 1000w\" data-sizes=\"auto\" \/><\/a><\/div><\/div><\/div><div class=\"swiper-slide\"><div class=\"fusion-carousel-item-wrapper\"><div class=\"fusion-image-wrapper hover-type-none\"><a data-rel=\"iLightbox[image_carousel_1]\" data-title=\"1910er Jahre \u2013 Wagen Nummer 4 parkt in Borgo Trento, w\u00e4hrend sich im Hintergrund ein Kohlenzug n\u00e4hert.\" aria-label=\"1910er Jahre \u2013 Wagen Nummer 4 parkt in Borgo Trento, w\u00e4hrend sich im Hintergrund ein Kohlenzug n\u00e4hert.\" href=\"https:\/\/www.amt3.it\/wp-content\/uploads\/2024\/04\/Foto-Storiche-Verona-20.jpg\" target=\"_self\"><img decoding=\"async\" width=\"1000\" height=\"600\" src=\"https:\/\/www.amt3.it\/wp-content\/uploads\/2024\/04\/Foto-Storiche-Verona-20.jpg\" class=\"attachment-full size-full lazyload\" alt=\"1910er Jahre \u2013 Wagen Nummer 4 parkt in Borgo Trento, w\u00e4hrend sich im Hintergrund ein Kohlenzug n\u00e4hert.\" srcset=\"data:image\/svg+xml,%3Csvg%20xmlns%3D%27http%3A%2F%2Fwww.w3.org%2F2000%2Fsvg%27%20width%3D%271000%27%20height%3D%27600%27%20viewBox%3D%270%200%201000%20600%27%3E%3Crect%20width%3D%271000%27%20height%3D%27600%27%20fill-opacity%3D%220%22%2F%3E%3C%2Fsvg%3E\" data-orig-src=\"https:\/\/www.amt3.it\/wp-content\/uploads\/2024\/04\/Foto-Storiche-Verona-20.jpg\" data-srcset=\"https:\/\/www.amt3.it\/wp-content\/uploads\/2024\/04\/Foto-Storiche-Verona-20-200x120.jpg 200w, https:\/\/www.amt3.it\/wp-content\/uploads\/2024\/04\/Foto-Storiche-Verona-20-400x240.jpg 400w, https:\/\/www.amt3.it\/wp-content\/uploads\/2024\/04\/Foto-Storiche-Verona-20-600x360.jpg 600w, https:\/\/www.amt3.it\/wp-content\/uploads\/2024\/04\/Foto-Storiche-Verona-20-800x480.jpg 800w, https:\/\/www.amt3.it\/wp-content\/uploads\/2024\/04\/Foto-Storiche-Verona-20.jpg 1000w\" data-sizes=\"auto\" \/><\/a><\/div><\/div><\/div><div class=\"swiper-slide\"><div class=\"fusion-carousel-item-wrapper\"><div class=\"fusion-image-wrapper hover-type-none\"><a data-rel=\"iLightbox[image_carousel_1]\" data-title=\"Um 1915 \u2013 Wagen Nummer 24 der elektrischen Stra\u00dfenbahn\" aria-label=\"Um 1915 \u2013 Wagen Nummer 24 der elektrischen Stra\u00dfenbahn\" href=\"https:\/\/www.amt3.it\/wp-content\/uploads\/2024\/04\/Foto-Storiche-Verona-21.jpg\" target=\"_self\"><img decoding=\"async\" width=\"1000\" height=\"600\" src=\"https:\/\/www.amt3.it\/wp-content\/uploads\/2024\/04\/Foto-Storiche-Verona-21.jpg\" class=\"attachment-full size-full lazyload\" alt=\"Um 1915 \u2013 Wagen Nummer 24 der elektrischen Stra\u00dfenbahn\" srcset=\"data:image\/svg+xml,%3Csvg%20xmlns%3D%27http%3A%2F%2Fwww.w3.org%2F2000%2Fsvg%27%20width%3D%271000%27%20height%3D%27600%27%20viewBox%3D%270%200%201000%20600%27%3E%3Crect%20width%3D%271000%27%20height%3D%27600%27%20fill-opacity%3D%220%22%2F%3E%3C%2Fsvg%3E\" data-orig-src=\"https:\/\/www.amt3.it\/wp-content\/uploads\/2024\/04\/Foto-Storiche-Verona-21.jpg\" data-srcset=\"https:\/\/www.amt3.it\/wp-content\/uploads\/2024\/04\/Foto-Storiche-Verona-21-200x120.jpg 200w, https:\/\/www.amt3.it\/wp-content\/uploads\/2024\/04\/Foto-Storiche-Verona-21-400x240.jpg 400w, https:\/\/www.amt3.it\/wp-content\/uploads\/2024\/04\/Foto-Storiche-Verona-21-600x360.jpg 600w, https:\/\/www.amt3.it\/wp-content\/uploads\/2024\/04\/Foto-Storiche-Verona-21-800x480.jpg 800w, https:\/\/www.amt3.it\/wp-content\/uploads\/2024\/04\/Foto-Storiche-Verona-21.jpg 1000w\" data-sizes=\"auto\" \/><\/a><\/div><\/div><\/div><div class=\"swiper-slide\"><div class=\"fusion-carousel-item-wrapper\"><div class=\"fusion-image-wrapper hover-type-none\"><a data-rel=\"iLightbox[image_carousel_1]\" data-title=\"1910er Jahre \u2013 Handkolorierte historische Postkarte\" aria-label=\"1910er Jahre \u2013 Handkolorierte historische Postkarte\" href=\"https:\/\/www.amt3.it\/wp-content\/uploads\/2024\/04\/Foto-Storiche-Verona-22.jpg\" target=\"_self\"><img decoding=\"async\" width=\"1000\" height=\"600\" src=\"https:\/\/www.amt3.it\/wp-content\/uploads\/2024\/04\/Foto-Storiche-Verona-22.jpg\" class=\"attachment-full size-full lazyload\" alt=\"1910er Jahre \u2013 Handkolorierte historische Postkarte\" srcset=\"data:image\/svg+xml,%3Csvg%20xmlns%3D%27http%3A%2F%2Fwww.w3.org%2F2000%2Fsvg%27%20width%3D%271000%27%20height%3D%27600%27%20viewBox%3D%270%200%201000%20600%27%3E%3Crect%20width%3D%271000%27%20height%3D%27600%27%20fill-opacity%3D%220%22%2F%3E%3C%2Fsvg%3E\" data-orig-src=\"https:\/\/www.amt3.it\/wp-content\/uploads\/2024\/04\/Foto-Storiche-Verona-22.jpg\" data-srcset=\"https:\/\/www.amt3.it\/wp-content\/uploads\/2024\/04\/Foto-Storiche-Verona-22-200x120.jpg 200w, https:\/\/www.amt3.it\/wp-content\/uploads\/2024\/04\/Foto-Storiche-Verona-22-400x240.jpg 400w, https:\/\/www.amt3.it\/wp-content\/uploads\/2024\/04\/Foto-Storiche-Verona-22-600x360.jpg 600w, https:\/\/www.amt3.it\/wp-content\/uploads\/2024\/04\/Foto-Storiche-Verona-22-800x480.jpg 800w, https:\/\/www.amt3.it\/wp-content\/uploads\/2024\/04\/Foto-Storiche-Verona-22.jpg 1000w\" data-sizes=\"auto\" \/><\/a><\/div><\/div><\/div><div class=\"swiper-slide\"><div class=\"fusion-carousel-item-wrapper\"><div class=\"fusion-image-wrapper hover-type-none\"><a data-rel=\"iLightbox[image_carousel_1]\" data-title=\"22. Februar 1908 \u2013 Wagen Nummer 17 wird auf der Strecke Porta Bishop-Porta Nuova in Dienst gestellt\" aria-label=\"22. Februar 1908 \u2013 Wagen Nummer 17 wird auf der Strecke Porta Bishop-Porta Nuova in Dienst gestellt\" href=\"https:\/\/www.amt3.it\/wp-content\/uploads\/2024\/04\/Foto-Storiche-Verona-23.jpg\" target=\"_self\"><img decoding=\"async\" width=\"1000\" height=\"600\" src=\"https:\/\/www.amt3.it\/wp-content\/uploads\/2024\/04\/Foto-Storiche-Verona-23.jpg\" class=\"attachment-full size-full lazyload\" alt=\"22. Februar 1908 \u2013 Wagen Nummer 17 wird auf der Strecke Porta Bishop-Porta Nuova in Dienst gestellt\" srcset=\"data:image\/svg+xml,%3Csvg%20xmlns%3D%27http%3A%2F%2Fwww.w3.org%2F2000%2Fsvg%27%20width%3D%271000%27%20height%3D%27600%27%20viewBox%3D%270%200%201000%20600%27%3E%3Crect%20width%3D%271000%27%20height%3D%27600%27%20fill-opacity%3D%220%22%2F%3E%3C%2Fsvg%3E\" data-orig-src=\"https:\/\/www.amt3.it\/wp-content\/uploads\/2024\/04\/Foto-Storiche-Verona-23.jpg\" data-srcset=\"https:\/\/www.amt3.it\/wp-content\/uploads\/2024\/04\/Foto-Storiche-Verona-23-200x120.jpg 200w, https:\/\/www.amt3.it\/wp-content\/uploads\/2024\/04\/Foto-Storiche-Verona-23-400x240.jpg 400w, https:\/\/www.amt3.it\/wp-content\/uploads\/2024\/04\/Foto-Storiche-Verona-23-600x360.jpg 600w, https:\/\/www.amt3.it\/wp-content\/uploads\/2024\/04\/Foto-Storiche-Verona-23-800x480.jpg 800w, https:\/\/www.amt3.it\/wp-content\/uploads\/2024\/04\/Foto-Storiche-Verona-23.jpg 1000w\" data-sizes=\"auto\" \/><\/a><\/div><\/div><\/div><\/div><div class=\"awb-swiper-button awb-swiper-button-prev\"><i class=\"awb-icon-angle-left\" aria-hidden=\"true\"><\/i><\/div><div class=\"awb-swiper-button awb-swiper-button-next\"><i class=\"awb-icon-angle-right\" aria-hidden=\"true\"><\/i><\/div><\/div><\/div><div class=\"fusion-image-carousel fusion-image-carousel-auto fusion-image-carousel-2 fusion-no-large-visibility lightbox-enabled\"><div class=\"awb-carousel awb-swiper awb-swiper-carousel awb-carousel--carousel awb-swiper-dots-position-bottom\" data-layout=\"carousel\" data-autoplay=\"no\" data-autoplayspeed=\"2500\" data-autoplaypause=\"no\" data-columns=\"1\" data-columnsmedium=\"1\" data-columnssmall=\"1\" data-itemmargin=\"13\" data-itemwidth=\"180\" data-touchscroll=\"no\" data-freemode=\"no\" data-imagesize=\"auto\" data-scrollitems=\"0\" data-centeredslides=\"no\" data-rotationangle=\"50\" data-depth=\"100\" data-speed=\"500\" data-shadow=\"no\" data-pagination=\"bullets\" style=\"--awb-columns:1;\"><div class=\"swiper-wrapper awb-image-carousel-wrapper fusion-flex-align-items-center\"><div class=\"swiper-slide\"><div class=\"fusion-carousel-item-wrapper\"><div class=\"fusion-image-wrapper hover-type-none\"><a data-rel=\"iLightbox[image_carousel_2]\" data-title=\"22. Februar 1908 \u2013 Einweihung der ersten elektrischen Stra\u00dfenbahn\" aria-label=\"22. Februar 1908 \u2013 Einweihung der ersten elektrischen Stra\u00dfenbahn\" href=\"https:\/\/www.amt3.it\/wp-content\/uploads\/2024\/04\/Foto-Storiche-Verona-01.jpg\" target=\"_self\"><img decoding=\"async\" width=\"1000\" height=\"600\" src=\"https:\/\/www.amt3.it\/wp-content\/uploads\/2024\/04\/Foto-Storiche-Verona-01.jpg\" class=\"attachment-full size-full lazyload\" alt=\"22. Februar 1908 \u2013 Einweihung der ersten elektrischen Stra\u00dfenbahn\" srcset=\"data:image\/svg+xml,%3Csvg%20xmlns%3D%27http%3A%2F%2Fwww.w3.org%2F2000%2Fsvg%27%20width%3D%271000%27%20height%3D%27600%27%20viewBox%3D%270%200%201000%20600%27%3E%3Crect%20width%3D%271000%27%20height%3D%27600%27%20fill-opacity%3D%220%22%2F%3E%3C%2Fsvg%3E\" data-orig-src=\"https:\/\/www.amt3.it\/wp-content\/uploads\/2024\/04\/Foto-Storiche-Verona-01.jpg\" data-srcset=\"https:\/\/www.amt3.it\/wp-content\/uploads\/2024\/04\/Foto-Storiche-Verona-01-200x120.jpg 200w, https:\/\/www.amt3.it\/wp-content\/uploads\/2024\/04\/Foto-Storiche-Verona-01-300x180.jpg 300w, https:\/\/www.amt3.it\/wp-content\/uploads\/2024\/04\/Foto-Storiche-Verona-01-400x240.jpg 400w, https:\/\/www.amt3.it\/wp-content\/uploads\/2024\/04\/Foto-Storiche-Verona-01-600x360.jpg 600w, https:\/\/www.amt3.it\/wp-content\/uploads\/2024\/04\/Foto-Storiche-Verona-01-768x461.jpg 768w, https:\/\/www.amt3.it\/wp-content\/uploads\/2024\/04\/Foto-Storiche-Verona-01-800x480.jpg 800w, https:\/\/www.amt3.it\/wp-content\/uploads\/2024\/04\/Foto-Storiche-Verona-01.jpg 1000w\" data-sizes=\"auto\" \/><\/a><\/div><\/div><\/div><div class=\"swiper-slide\"><div class=\"fusion-carousel-item-wrapper\"><div class=\"fusion-image-wrapper hover-type-none\"><a data-rel=\"iLightbox[image_carousel_2]\" data-title=\"1916 f\u00e4hrt die Stra\u00dfenbahn schnell an einem Wagen vorbei &#8211; Bahnhof Viale Porta Vescovo\" aria-label=\"1916 f\u00e4hrt die Stra\u00dfenbahn schnell an einem Wagen vorbei &#8211; Bahnhof Viale Porta Vescovo\" href=\"https:\/\/www.amt3.it\/wp-content\/uploads\/2024\/04\/Foto-Storiche-Verona-02.jpg\" target=\"_self\"><img decoding=\"async\" width=\"1000\" height=\"600\" src=\"https:\/\/www.amt3.it\/wp-content\/uploads\/2024\/04\/Foto-Storiche-Verona-02.jpg\" class=\"attachment-full size-full lazyload\" alt=\"1916 f\u00e4hrt die Stra\u00dfenbahn schnell an einem Wagen vorbei - Bahnhof Viale Porta Vescovo\" srcset=\"data:image\/svg+xml,%3Csvg%20xmlns%3D%27http%3A%2F%2Fwww.w3.org%2F2000%2Fsvg%27%20width%3D%271000%27%20height%3D%27600%27%20viewBox%3D%270%200%201000%20600%27%3E%3Crect%20width%3D%271000%27%20height%3D%27600%27%20fill-opacity%3D%220%22%2F%3E%3C%2Fsvg%3E\" data-orig-src=\"https:\/\/www.amt3.it\/wp-content\/uploads\/2024\/04\/Foto-Storiche-Verona-02.jpg\" data-srcset=\"https:\/\/www.amt3.it\/wp-content\/uploads\/2024\/04\/Foto-Storiche-Verona-02-200x120.jpg 200w, https:\/\/www.amt3.it\/wp-content\/uploads\/2024\/04\/Foto-Storiche-Verona-02-300x180.jpg 300w, https:\/\/www.amt3.it\/wp-content\/uploads\/2024\/04\/Foto-Storiche-Verona-02-400x240.jpg 400w, https:\/\/www.amt3.it\/wp-content\/uploads\/2024\/04\/Foto-Storiche-Verona-02-600x360.jpg 600w, https:\/\/www.amt3.it\/wp-content\/uploads\/2024\/04\/Foto-Storiche-Verona-02-768x461.jpg 768w, https:\/\/www.amt3.it\/wp-content\/uploads\/2024\/04\/Foto-Storiche-Verona-02-800x480.jpg 800w, https:\/\/www.amt3.it\/wp-content\/uploads\/2024\/04\/Foto-Storiche-Verona-02.jpg 1000w\" data-sizes=\"auto\" \/><\/a><\/div><\/div><\/div><div class=\"swiper-slide\"><div class=\"fusion-carousel-item-wrapper\"><div class=\"fusion-image-wrapper hover-type-none\"><a data-rel=\"iLightbox[image_carousel_2]\" data-title=\"Historische Postkarte aus den 1920er Jahren, Auto in der Via XX Settembre.\" aria-label=\"Historische Postkarte aus den 1920er Jahren, Auto in der Via XX Settembre.\" href=\"https:\/\/www.amt3.it\/wp-content\/uploads\/2024\/04\/Foto-Storiche-Verona-03.jpg\" target=\"_self\"><img decoding=\"async\" width=\"1000\" height=\"600\" src=\"https:\/\/www.amt3.it\/wp-content\/uploads\/2024\/04\/Foto-Storiche-Verona-03.jpg\" class=\"attachment-full size-full lazyload\" alt=\"Historische Postkarte aus den 1920er Jahren, Auto in der Via XX Settembre.\" srcset=\"data:image\/svg+xml,%3Csvg%20xmlns%3D%27http%3A%2F%2Fwww.w3.org%2F2000%2Fsvg%27%20width%3D%271000%27%20height%3D%27600%27%20viewBox%3D%270%200%201000%20600%27%3E%3Crect%20width%3D%271000%27%20height%3D%27600%27%20fill-opacity%3D%220%22%2F%3E%3C%2Fsvg%3E\" data-orig-src=\"https:\/\/www.amt3.it\/wp-content\/uploads\/2024\/04\/Foto-Storiche-Verona-03.jpg\" data-srcset=\"https:\/\/www.amt3.it\/wp-content\/uploads\/2024\/04\/Foto-Storiche-Verona-03-200x120.jpg 200w, https:\/\/www.amt3.it\/wp-content\/uploads\/2024\/04\/Foto-Storiche-Verona-03-300x180.jpg 300w, https:\/\/www.amt3.it\/wp-content\/uploads\/2024\/04\/Foto-Storiche-Verona-03-400x240.jpg 400w, https:\/\/www.amt3.it\/wp-content\/uploads\/2024\/04\/Foto-Storiche-Verona-03-600x360.jpg 600w, https:\/\/www.amt3.it\/wp-content\/uploads\/2024\/04\/Foto-Storiche-Verona-03-768x461.jpg 768w, https:\/\/www.amt3.it\/wp-content\/uploads\/2024\/04\/Foto-Storiche-Verona-03-800x480.jpg 800w, https:\/\/www.amt3.it\/wp-content\/uploads\/2024\/04\/Foto-Storiche-Verona-03.jpg 1000w\" data-sizes=\"auto\" \/><\/a><\/div><\/div><\/div><div class=\"swiper-slide\"><div class=\"fusion-carousel-item-wrapper\"><div class=\"fusion-image-wrapper hover-type-none\"><a data-rel=\"iLightbox[image_carousel_2]\" data-title=\"1910er Jahre \u2013 Stra\u00dfenbahn \u00fcberquert die Navi-Br\u00fccke\" aria-label=\"1910er Jahre \u2013 Stra\u00dfenbahn \u00fcberquert die Navi-Br\u00fccke\" href=\"https:\/\/www.amt3.it\/wp-content\/uploads\/2024\/04\/Foto-Storiche-Verona-04.jpg\" target=\"_self\"><img decoding=\"async\" width=\"1000\" height=\"600\" src=\"https:\/\/www.amt3.it\/wp-content\/uploads\/2024\/04\/Foto-Storiche-Verona-04.jpg\" class=\"attachment-full size-full lazyload\" alt=\"1910er Jahre \u2013 Stra\u00dfenbahn \u00fcberquert die Navi-Br\u00fccke\" srcset=\"data:image\/svg+xml,%3Csvg%20xmlns%3D%27http%3A%2F%2Fwww.w3.org%2F2000%2Fsvg%27%20width%3D%271000%27%20height%3D%27600%27%20viewBox%3D%270%200%201000%20600%27%3E%3Crect%20width%3D%271000%27%20height%3D%27600%27%20fill-opacity%3D%220%22%2F%3E%3C%2Fsvg%3E\" data-orig-src=\"https:\/\/www.amt3.it\/wp-content\/uploads\/2024\/04\/Foto-Storiche-Verona-04.jpg\" data-srcset=\"https:\/\/www.amt3.it\/wp-content\/uploads\/2024\/04\/Foto-Storiche-Verona-04-200x120.jpg 200w, https:\/\/www.amt3.it\/wp-content\/uploads\/2024\/04\/Foto-Storiche-Verona-04-300x180.jpg 300w, https:\/\/www.amt3.it\/wp-content\/uploads\/2024\/04\/Foto-Storiche-Verona-04-400x240.jpg 400w, https:\/\/www.amt3.it\/wp-content\/uploads\/2024\/04\/Foto-Storiche-Verona-04-600x360.jpg 600w, https:\/\/www.amt3.it\/wp-content\/uploads\/2024\/04\/Foto-Storiche-Verona-04-768x461.jpg 768w, https:\/\/www.amt3.it\/wp-content\/uploads\/2024\/04\/Foto-Storiche-Verona-04-800x480.jpg 800w, https:\/\/www.amt3.it\/wp-content\/uploads\/2024\/04\/Foto-Storiche-Verona-04.jpg 1000w\" data-sizes=\"auto\" \/><\/a><\/div><\/div><\/div><div class=\"swiper-slide\"><div class=\"fusion-carousel-item-wrapper\"><div class=\"fusion-image-wrapper hover-type-none\"><a data-rel=\"iLightbox[image_carousel_2]\" data-title=\"1910er Jahre \u2013 Wagen Nr. 19 f\u00e4hrt den Corso Cavour in der N\u00e4he des Portoni Bossari entlang\" aria-label=\"1910er Jahre \u2013 Wagen Nr. 19 f\u00e4hrt den Corso Cavour in der N\u00e4he des Portoni Bossari entlang\" href=\"https:\/\/www.amt3.it\/wp-content\/uploads\/2024\/04\/Foto-Storiche-Verona-07.jpg\" target=\"_self\"><img decoding=\"async\" width=\"1000\" height=\"600\" src=\"https:\/\/www.amt3.it\/wp-content\/uploads\/2024\/04\/Foto-Storiche-Verona-07.jpg\" class=\"attachment-full size-full lazyload\" alt=\"1910er Jahre \u2013 Wagen Nr. 19 f\u00e4hrt den Corso Cavour in der N\u00e4he des Portoni Bossari entlang\" srcset=\"data:image\/svg+xml,%3Csvg%20xmlns%3D%27http%3A%2F%2Fwww.w3.org%2F2000%2Fsvg%27%20width%3D%271000%27%20height%3D%27600%27%20viewBox%3D%270%200%201000%20600%27%3E%3Crect%20width%3D%271000%27%20height%3D%27600%27%20fill-opacity%3D%220%22%2F%3E%3C%2Fsvg%3E\" data-orig-src=\"https:\/\/www.amt3.it\/wp-content\/uploads\/2024\/04\/Foto-Storiche-Verona-07.jpg\" data-srcset=\"https:\/\/www.amt3.it\/wp-content\/uploads\/2024\/04\/Foto-Storiche-Verona-07-200x120.jpg 200w, https:\/\/www.amt3.it\/wp-content\/uploads\/2024\/04\/Foto-Storiche-Verona-07-300x180.jpg 300w, https:\/\/www.amt3.it\/wp-content\/uploads\/2024\/04\/Foto-Storiche-Verona-07-400x240.jpg 400w, https:\/\/www.amt3.it\/wp-content\/uploads\/2024\/04\/Foto-Storiche-Verona-07-600x360.jpg 600w, https:\/\/www.amt3.it\/wp-content\/uploads\/2024\/04\/Foto-Storiche-Verona-07-768x461.jpg 768w, https:\/\/www.amt3.it\/wp-content\/uploads\/2024\/04\/Foto-Storiche-Verona-07-800x480.jpg 800w, https:\/\/www.amt3.it\/wp-content\/uploads\/2024\/04\/Foto-Storiche-Verona-07.jpg 1000w\" data-sizes=\"auto\" \/><\/a><\/div><\/div><\/div><div class=\"swiper-slide\"><div class=\"fusion-carousel-item-wrapper\"><div class=\"fusion-image-wrapper hover-type-none\"><a data-rel=\"iLightbox[image_carousel_2]\" data-title=\"1918 Porta di via Vittorio Emanuele, Wagen Nummer 2 fuhr Richtung Porta Vescovo\" aria-label=\"1918 Porta di via Vittorio Emanuele, Wagen Nummer 2 fuhr Richtung Porta Vescovo\" href=\"https:\/\/www.amt3.it\/wp-content\/uploads\/2024\/04\/Foto-Storiche-Verona-08.jpg\" target=\"_self\"><img decoding=\"async\" width=\"1000\" height=\"600\" src=\"https:\/\/www.amt3.it\/wp-content\/uploads\/2024\/04\/Foto-Storiche-Verona-08.jpg\" class=\"attachment-full size-full lazyload\" alt=\"1918 Porta di via Vittorio Emanuele, Wagen Nummer 2 fuhr Richtung Porta Vescovo\" srcset=\"data:image\/svg+xml,%3Csvg%20xmlns%3D%27http%3A%2F%2Fwww.w3.org%2F2000%2Fsvg%27%20width%3D%271000%27%20height%3D%27600%27%20viewBox%3D%270%200%201000%20600%27%3E%3Crect%20width%3D%271000%27%20height%3D%27600%27%20fill-opacity%3D%220%22%2F%3E%3C%2Fsvg%3E\" data-orig-src=\"https:\/\/www.amt3.it\/wp-content\/uploads\/2024\/04\/Foto-Storiche-Verona-08.jpg\" data-srcset=\"https:\/\/www.amt3.it\/wp-content\/uploads\/2024\/04\/Foto-Storiche-Verona-08-200x120.jpg 200w, https:\/\/www.amt3.it\/wp-content\/uploads\/2024\/04\/Foto-Storiche-Verona-08-300x180.jpg 300w, https:\/\/www.amt3.it\/wp-content\/uploads\/2024\/04\/Foto-Storiche-Verona-08-400x240.jpg 400w, https:\/\/www.amt3.it\/wp-content\/uploads\/2024\/04\/Foto-Storiche-Verona-08-600x360.jpg 600w, https:\/\/www.amt3.it\/wp-content\/uploads\/2024\/04\/Foto-Storiche-Verona-08-768x461.jpg 768w, https:\/\/www.amt3.it\/wp-content\/uploads\/2024\/04\/Foto-Storiche-Verona-08-800x480.jpg 800w, https:\/\/www.amt3.it\/wp-content\/uploads\/2024\/04\/Foto-Storiche-Verona-08.jpg 1000w\" data-sizes=\"auto\" \/><\/a><\/div><\/div><\/div><div class=\"swiper-slide\"><div class=\"fusion-carousel-item-wrapper\"><div class=\"fusion-image-wrapper hover-type-none\"><a data-rel=\"iLightbox[image_carousel_2]\" data-title=\"Ende der 1910er Jahre \u2013 Wagen Nr. 17 und 22 unter den ber\u00fchmten Jugendstil-Stra\u00dfenlaternen\" aria-label=\"Ende der 1910er Jahre \u2013 Wagen Nr. 17 und 22 unter den ber\u00fchmten Jugendstil-Stra\u00dfenlaternen\" href=\"https:\/\/www.amt3.it\/wp-content\/uploads\/2024\/04\/Foto-Storiche-Verona-09.jpg\" target=\"_self\"><img decoding=\"async\" width=\"1000\" height=\"600\" src=\"https:\/\/www.amt3.it\/wp-content\/uploads\/2024\/04\/Foto-Storiche-Verona-09.jpg\" class=\"attachment-full size-full lazyload\" alt=\"Ende der 1910er Jahre \u2013 Wagen Nr. 17 und 22 unter den ber\u00fchmten Jugendstil-Stra\u00dfenlaternen\" srcset=\"data:image\/svg+xml,%3Csvg%20xmlns%3D%27http%3A%2F%2Fwww.w3.org%2F2000%2Fsvg%27%20width%3D%271000%27%20height%3D%27600%27%20viewBox%3D%270%200%201000%20600%27%3E%3Crect%20width%3D%271000%27%20height%3D%27600%27%20fill-opacity%3D%220%22%2F%3E%3C%2Fsvg%3E\" data-orig-src=\"https:\/\/www.amt3.it\/wp-content\/uploads\/2024\/04\/Foto-Storiche-Verona-09.jpg\" data-srcset=\"https:\/\/www.amt3.it\/wp-content\/uploads\/2024\/04\/Foto-Storiche-Verona-09-200x120.jpg 200w, https:\/\/www.amt3.it\/wp-content\/uploads\/2024\/04\/Foto-Storiche-Verona-09-300x180.jpg 300w, https:\/\/www.amt3.it\/wp-content\/uploads\/2024\/04\/Foto-Storiche-Verona-09-400x240.jpg 400w, https:\/\/www.amt3.it\/wp-content\/uploads\/2024\/04\/Foto-Storiche-Verona-09-600x360.jpg 600w, https:\/\/www.amt3.it\/wp-content\/uploads\/2024\/04\/Foto-Storiche-Verona-09-768x461.jpg 768w, https:\/\/www.amt3.it\/wp-content\/uploads\/2024\/04\/Foto-Storiche-Verona-09-800x480.jpg 800w, https:\/\/www.amt3.it\/wp-content\/uploads\/2024\/04\/Foto-Storiche-Verona-09.jpg 1000w\" data-sizes=\"auto\" \/><\/a><\/div><\/div><\/div><div class=\"swiper-slide\"><div class=\"fusion-carousel-item-wrapper\"><div class=\"fusion-image-wrapper hover-type-none\"><a data-rel=\"iLightbox[image_carousel_2]\" data-title=\"1910 \u2013 Bahnhof Porta Nuova, Endstation der elektrischen Stra\u00dfenbahn\" aria-label=\"1910 \u2013 Bahnhof Porta Nuova, Endstation der elektrischen Stra\u00dfenbahn\" href=\"https:\/\/www.amt3.it\/wp-content\/uploads\/2024\/04\/Foto-Storiche-Verona-10.jpg\" target=\"_self\"><img decoding=\"async\" width=\"1000\" height=\"600\" src=\"https:\/\/www.amt3.it\/wp-content\/uploads\/2024\/04\/Foto-Storiche-Verona-10.jpg\" class=\"attachment-full size-full lazyload\" alt=\"1910 \u2013 Bahnhof Porta Nuova, Endstation der elektrischen Stra\u00dfenbahn\" srcset=\"data:image\/svg+xml,%3Csvg%20xmlns%3D%27http%3A%2F%2Fwww.w3.org%2F2000%2Fsvg%27%20width%3D%271000%27%20height%3D%27600%27%20viewBox%3D%270%200%201000%20600%27%3E%3Crect%20width%3D%271000%27%20height%3D%27600%27%20fill-opacity%3D%220%22%2F%3E%3C%2Fsvg%3E\" data-orig-src=\"https:\/\/www.amt3.it\/wp-content\/uploads\/2024\/04\/Foto-Storiche-Verona-10.jpg\" data-srcset=\"https:\/\/www.amt3.it\/wp-content\/uploads\/2024\/04\/Foto-Storiche-Verona-10-200x120.jpg 200w, https:\/\/www.amt3.it\/wp-content\/uploads\/2024\/04\/Foto-Storiche-Verona-10-300x180.jpg 300w, https:\/\/www.amt3.it\/wp-content\/uploads\/2024\/04\/Foto-Storiche-Verona-10-400x240.jpg 400w, https:\/\/www.amt3.it\/wp-content\/uploads\/2024\/04\/Foto-Storiche-Verona-10-600x360.jpg 600w, https:\/\/www.amt3.it\/wp-content\/uploads\/2024\/04\/Foto-Storiche-Verona-10-768x461.jpg 768w, https:\/\/www.amt3.it\/wp-content\/uploads\/2024\/04\/Foto-Storiche-Verona-10-800x480.jpg 800w, https:\/\/www.amt3.it\/wp-content\/uploads\/2024\/04\/Foto-Storiche-Verona-10.jpg 1000w\" data-sizes=\"auto\" \/><\/a><\/div><\/div><\/div><div class=\"swiper-slide\"><div class=\"fusion-carousel-item-wrapper\"><div class=\"fusion-image-wrapper hover-type-none\"><a data-rel=\"iLightbox[image_carousel_2]\" data-title=\"1910er Jahre \u2013 Zwei Autos fahren entlang des Corso Cavour\" aria-label=\"1910er Jahre \u2013 Zwei Autos fahren entlang des Corso Cavour\" href=\"https:\/\/www.amt3.it\/wp-content\/uploads\/2024\/04\/Foto-Storiche-Verona-11.jpg\" target=\"_self\"><img decoding=\"async\" width=\"1000\" height=\"600\" src=\"https:\/\/www.amt3.it\/wp-content\/uploads\/2024\/04\/Foto-Storiche-Verona-11.jpg\" class=\"attachment-full size-full lazyload\" alt=\"1910er Jahre \u2013 Zwei Autos fahren entlang des Corso Cavour\" srcset=\"data:image\/svg+xml,%3Csvg%20xmlns%3D%27http%3A%2F%2Fwww.w3.org%2F2000%2Fsvg%27%20width%3D%271000%27%20height%3D%27600%27%20viewBox%3D%270%200%201000%20600%27%3E%3Crect%20width%3D%271000%27%20height%3D%27600%27%20fill-opacity%3D%220%22%2F%3E%3C%2Fsvg%3E\" data-orig-src=\"https:\/\/www.amt3.it\/wp-content\/uploads\/2024\/04\/Foto-Storiche-Verona-11.jpg\" data-srcset=\"https:\/\/www.amt3.it\/wp-content\/uploads\/2024\/04\/Foto-Storiche-Verona-11-200x120.jpg 200w, https:\/\/www.amt3.it\/wp-content\/uploads\/2024\/04\/Foto-Storiche-Verona-11-300x180.jpg 300w, https:\/\/www.amt3.it\/wp-content\/uploads\/2024\/04\/Foto-Storiche-Verona-11-400x240.jpg 400w, https:\/\/www.amt3.it\/wp-content\/uploads\/2024\/04\/Foto-Storiche-Verona-11-600x360.jpg 600w, https:\/\/www.amt3.it\/wp-content\/uploads\/2024\/04\/Foto-Storiche-Verona-11-768x461.jpg 768w, https:\/\/www.amt3.it\/wp-content\/uploads\/2024\/04\/Foto-Storiche-Verona-11-800x480.jpg 800w, https:\/\/www.amt3.it\/wp-content\/uploads\/2024\/04\/Foto-Storiche-Verona-11.jpg 1000w\" data-sizes=\"auto\" \/><\/a><\/div><\/div><\/div><div class=\"swiper-slide\"><div class=\"fusion-carousel-item-wrapper\"><div class=\"fusion-image-wrapper hover-type-none\"><a data-rel=\"iLightbox[image_carousel_2]\" data-title=\"1910er Jahre \u2013 Zwei Autos in Regastre San Zeno und im Hintergrund Ponte Castel Vecchio\" aria-label=\"1910er Jahre \u2013 Zwei Autos in Regastre San Zeno und im Hintergrund Ponte Castel Vecchio\" href=\"https:\/\/www.amt3.it\/wp-content\/uploads\/2024\/04\/Foto-Storiche-Verona-12.jpg\" target=\"_self\"><img decoding=\"async\" width=\"1000\" height=\"600\" src=\"https:\/\/www.amt3.it\/wp-content\/uploads\/2024\/04\/Foto-Storiche-Verona-12.jpg\" class=\"attachment-full size-full lazyload\" alt=\"1910er Jahre \u2013 Zwei Autos in Regastre San Zeno und im Hintergrund Ponte Castel Vecchio\" srcset=\"data:image\/svg+xml,%3Csvg%20xmlns%3D%27http%3A%2F%2Fwww.w3.org%2F2000%2Fsvg%27%20width%3D%271000%27%20height%3D%27600%27%20viewBox%3D%270%200%201000%20600%27%3E%3Crect%20width%3D%271000%27%20height%3D%27600%27%20fill-opacity%3D%220%22%2F%3E%3C%2Fsvg%3E\" data-orig-src=\"https:\/\/www.amt3.it\/wp-content\/uploads\/2024\/04\/Foto-Storiche-Verona-12.jpg\" data-srcset=\"https:\/\/www.amt3.it\/wp-content\/uploads\/2024\/04\/Foto-Storiche-Verona-12-200x120.jpg 200w, https:\/\/www.amt3.it\/wp-content\/uploads\/2024\/04\/Foto-Storiche-Verona-12-300x180.jpg 300w, https:\/\/www.amt3.it\/wp-content\/uploads\/2024\/04\/Foto-Storiche-Verona-12-400x240.jpg 400w, https:\/\/www.amt3.it\/wp-content\/uploads\/2024\/04\/Foto-Storiche-Verona-12-600x360.jpg 600w, https:\/\/www.amt3.it\/wp-content\/uploads\/2024\/04\/Foto-Storiche-Verona-12-768x461.jpg 768w, https:\/\/www.amt3.it\/wp-content\/uploads\/2024\/04\/Foto-Storiche-Verona-12-800x480.jpg 800w, https:\/\/www.amt3.it\/wp-content\/uploads\/2024\/04\/Foto-Storiche-Verona-12.jpg 1000w\" data-sizes=\"auto\" \/><\/a><\/div><\/div><\/div><div class=\"swiper-slide\"><div class=\"fusion-carousel-item-wrapper\"><div class=\"fusion-image-wrapper hover-type-none\"><a data-rel=\"iLightbox[image_carousel_2]\" data-title=\"Anfang der 1930er Jahre \u2013 zweigleisige Strecke \u2013 Kurs S. Borsari\" aria-label=\"Anfang der 1930er Jahre \u2013 zweigleisige Strecke \u2013 Kurs S. Borsari\" href=\"https:\/\/www.amt3.it\/wp-content\/uploads\/2024\/04\/Foto-Storiche-Verona-13.jpg\" target=\"_self\"><img decoding=\"async\" width=\"1000\" height=\"600\" src=\"https:\/\/www.amt3.it\/wp-content\/uploads\/2024\/04\/Foto-Storiche-Verona-13.jpg\" class=\"attachment-full size-full lazyload\" alt=\"Anfang der 1930er Jahre \u2013 zweigleisige Strecke \u2013 Kurs S. Borsari\" srcset=\"data:image\/svg+xml,%3Csvg%20xmlns%3D%27http%3A%2F%2Fwww.w3.org%2F2000%2Fsvg%27%20width%3D%271000%27%20height%3D%27600%27%20viewBox%3D%270%200%201000%20600%27%3E%3Crect%20width%3D%271000%27%20height%3D%27600%27%20fill-opacity%3D%220%22%2F%3E%3C%2Fsvg%3E\" data-orig-src=\"https:\/\/www.amt3.it\/wp-content\/uploads\/2024\/04\/Foto-Storiche-Verona-13.jpg\" data-srcset=\"https:\/\/www.amt3.it\/wp-content\/uploads\/2024\/04\/Foto-Storiche-Verona-13-200x120.jpg 200w, https:\/\/www.amt3.it\/wp-content\/uploads\/2024\/04\/Foto-Storiche-Verona-13-300x180.jpg 300w, https:\/\/www.amt3.it\/wp-content\/uploads\/2024\/04\/Foto-Storiche-Verona-13-400x240.jpg 400w, https:\/\/www.amt3.it\/wp-content\/uploads\/2024\/04\/Foto-Storiche-Verona-13-600x360.jpg 600w, https:\/\/www.amt3.it\/wp-content\/uploads\/2024\/04\/Foto-Storiche-Verona-13-768x461.jpg 768w, https:\/\/www.amt3.it\/wp-content\/uploads\/2024\/04\/Foto-Storiche-Verona-13-800x480.jpg 800w, https:\/\/www.amt3.it\/wp-content\/uploads\/2024\/04\/Foto-Storiche-Verona-13.jpg 1000w\" data-sizes=\"auto\" \/><\/a><\/div><\/div><\/div><div class=\"swiper-slide\"><div class=\"fusion-carousel-item-wrapper\"><div class=\"fusion-image-wrapper hover-type-none\"><a data-rel=\"iLightbox[image_carousel_2]\" data-title=\"22. Februar 1908 \u2013 Einweihung der ersten elektrischen Stra\u00dfenbahn\" aria-label=\"22. Februar 1908 \u2013 Einweihung der ersten elektrischen Stra\u00dfenbahn\" href=\"https:\/\/www.amt3.it\/wp-content\/uploads\/2024\/04\/Foto-Storiche-Verona-14.jpg\" target=\"_self\"><img decoding=\"async\" width=\"1000\" height=\"600\" src=\"https:\/\/www.amt3.it\/wp-content\/uploads\/2024\/04\/Foto-Storiche-Verona-14.jpg\" class=\"attachment-full size-full lazyload\" alt=\"22. Februar 1908 \u2013 Einweihung der ersten elektrischen Stra\u00dfenbahn\" srcset=\"data:image\/svg+xml,%3Csvg%20xmlns%3D%27http%3A%2F%2Fwww.w3.org%2F2000%2Fsvg%27%20width%3D%271000%27%20height%3D%27600%27%20viewBox%3D%270%200%201000%20600%27%3E%3Crect%20width%3D%271000%27%20height%3D%27600%27%20fill-opacity%3D%220%22%2F%3E%3C%2Fsvg%3E\" data-orig-src=\"https:\/\/www.amt3.it\/wp-content\/uploads\/2024\/04\/Foto-Storiche-Verona-14.jpg\" data-srcset=\"https:\/\/www.amt3.it\/wp-content\/uploads\/2024\/04\/Foto-Storiche-Verona-14-200x120.jpg 200w, https:\/\/www.amt3.it\/wp-content\/uploads\/2024\/04\/Foto-Storiche-Verona-14-300x180.jpg 300w, https:\/\/www.amt3.it\/wp-content\/uploads\/2024\/04\/Foto-Storiche-Verona-14-400x240.jpg 400w, https:\/\/www.amt3.it\/wp-content\/uploads\/2024\/04\/Foto-Storiche-Verona-14-600x360.jpg 600w, https:\/\/www.amt3.it\/wp-content\/uploads\/2024\/04\/Foto-Storiche-Verona-14-768x461.jpg 768w, https:\/\/www.amt3.it\/wp-content\/uploads\/2024\/04\/Foto-Storiche-Verona-14-800x480.jpg 800w, https:\/\/www.amt3.it\/wp-content\/uploads\/2024\/04\/Foto-Storiche-Verona-14.jpg 1000w\" data-sizes=\"auto\" \/><\/a><\/div><\/div><\/div><div class=\"swiper-slide\"><div class=\"fusion-carousel-item-wrapper\"><div class=\"fusion-image-wrapper hover-type-none\"><a data-rel=\"iLightbox[image_carousel_2]\" data-title=\"1909 \u2013 Stra\u00dfenbahnen fahren gegen den Verkehr auf der Via XX Settembre\" aria-label=\"1909 \u2013 Stra\u00dfenbahnen fahren gegen den Verkehr auf der Via XX Settembre\" href=\"https:\/\/www.amt3.it\/wp-content\/uploads\/2024\/04\/Foto-Storiche-Verona-15.jpg\" target=\"_self\"><img decoding=\"async\" width=\"1000\" height=\"600\" src=\"https:\/\/www.amt3.it\/wp-content\/uploads\/2024\/04\/Foto-Storiche-Verona-15.jpg\" class=\"attachment-full size-full lazyload\" alt=\"1909 \u2013 Stra\u00dfenbahnen fahren gegen den Verkehr auf der Via XX Settembre\" srcset=\"data:image\/svg+xml,%3Csvg%20xmlns%3D%27http%3A%2F%2Fwww.w3.org%2F2000%2Fsvg%27%20width%3D%271000%27%20height%3D%27600%27%20viewBox%3D%270%200%201000%20600%27%3E%3Crect%20width%3D%271000%27%20height%3D%27600%27%20fill-opacity%3D%220%22%2F%3E%3C%2Fsvg%3E\" data-orig-src=\"https:\/\/www.amt3.it\/wp-content\/uploads\/2024\/04\/Foto-Storiche-Verona-15.jpg\" data-srcset=\"https:\/\/www.amt3.it\/wp-content\/uploads\/2024\/04\/Foto-Storiche-Verona-15-200x120.jpg 200w, https:\/\/www.amt3.it\/wp-content\/uploads\/2024\/04\/Foto-Storiche-Verona-15-300x180.jpg 300w, https:\/\/www.amt3.it\/wp-content\/uploads\/2024\/04\/Foto-Storiche-Verona-15-400x240.jpg 400w, https:\/\/www.amt3.it\/wp-content\/uploads\/2024\/04\/Foto-Storiche-Verona-15-600x360.jpg 600w, https:\/\/www.amt3.it\/wp-content\/uploads\/2024\/04\/Foto-Storiche-Verona-15-768x461.jpg 768w, https:\/\/www.amt3.it\/wp-content\/uploads\/2024\/04\/Foto-Storiche-Verona-15-800x480.jpg 800w, https:\/\/www.amt3.it\/wp-content\/uploads\/2024\/04\/Foto-Storiche-Verona-15.jpg 1000w\" data-sizes=\"auto\" \/><\/a><\/div><\/div><\/div><div class=\"swiper-slide\"><div class=\"fusion-carousel-item-wrapper\"><div class=\"fusion-image-wrapper hover-type-none\"><a data-rel=\"iLightbox[image_carousel_2]\" data-title=\"1910er Jahre \u2013 Auto Nummer 3 parkte auf der Piazza Pozza San Zeno\" aria-label=\"1910er Jahre \u2013 Auto Nummer 3 parkte auf der Piazza Pozza San Zeno\" href=\"https:\/\/www.amt3.it\/wp-content\/uploads\/2024\/04\/Foto-Storiche-Verona-16.jpg\" target=\"_self\"><img decoding=\"async\" width=\"1000\" height=\"600\" src=\"https:\/\/www.amt3.it\/wp-content\/uploads\/2024\/04\/Foto-Storiche-Verona-16.jpg\" class=\"attachment-full size-full lazyload\" alt=\"1910er Jahre \u2013 Auto Nummer 3 parkte auf der Piazza Pozza San Zeno\" srcset=\"data:image\/svg+xml,%3Csvg%20xmlns%3D%27http%3A%2F%2Fwww.w3.org%2F2000%2Fsvg%27%20width%3D%271000%27%20height%3D%27600%27%20viewBox%3D%270%200%201000%20600%27%3E%3Crect%20width%3D%271000%27%20height%3D%27600%27%20fill-opacity%3D%220%22%2F%3E%3C%2Fsvg%3E\" data-orig-src=\"https:\/\/www.amt3.it\/wp-content\/uploads\/2024\/04\/Foto-Storiche-Verona-16.jpg\" data-srcset=\"https:\/\/www.amt3.it\/wp-content\/uploads\/2024\/04\/Foto-Storiche-Verona-16-200x120.jpg 200w, https:\/\/www.amt3.it\/wp-content\/uploads\/2024\/04\/Foto-Storiche-Verona-16-300x180.jpg 300w, https:\/\/www.amt3.it\/wp-content\/uploads\/2024\/04\/Foto-Storiche-Verona-16-400x240.jpg 400w, https:\/\/www.amt3.it\/wp-content\/uploads\/2024\/04\/Foto-Storiche-Verona-16-600x360.jpg 600w, https:\/\/www.amt3.it\/wp-content\/uploads\/2024\/04\/Foto-Storiche-Verona-16-768x461.jpg 768w, https:\/\/www.amt3.it\/wp-content\/uploads\/2024\/04\/Foto-Storiche-Verona-16-800x480.jpg 800w, https:\/\/www.amt3.it\/wp-content\/uploads\/2024\/04\/Foto-Storiche-Verona-16.jpg 1000w\" data-sizes=\"auto\" \/><\/a><\/div><\/div><\/div><div class=\"swiper-slide\"><div class=\"fusion-carousel-item-wrapper\"><div class=\"fusion-image-wrapper hover-type-none\"><a data-rel=\"iLightbox[image_carousel_2]\" data-title=\"1910er Jahre \u2013 Auto und Castel San Pietro im Hintergrund\" aria-label=\"1910er Jahre \u2013 Auto und Castel San Pietro im Hintergrund\" href=\"https:\/\/www.amt3.it\/wp-content\/uploads\/2024\/04\/Foto-Storiche-Verona-17.jpg\" target=\"_self\"><img decoding=\"async\" width=\"1000\" height=\"600\" src=\"https:\/\/www.amt3.it\/wp-content\/uploads\/2024\/04\/Foto-Storiche-Verona-17.jpg\" class=\"attachment-full size-full lazyload\" alt=\"1910er Jahre \u2013 Auto und Castel San Pietro im Hintergrund\" srcset=\"data:image\/svg+xml,%3Csvg%20xmlns%3D%27http%3A%2F%2Fwww.w3.org%2F2000%2Fsvg%27%20width%3D%271000%27%20height%3D%27600%27%20viewBox%3D%270%200%201000%20600%27%3E%3Crect%20width%3D%271000%27%20height%3D%27600%27%20fill-opacity%3D%220%22%2F%3E%3C%2Fsvg%3E\" data-orig-src=\"https:\/\/www.amt3.it\/wp-content\/uploads\/2024\/04\/Foto-Storiche-Verona-17.jpg\" data-srcset=\"https:\/\/www.amt3.it\/wp-content\/uploads\/2024\/04\/Foto-Storiche-Verona-17-200x120.jpg 200w, https:\/\/www.amt3.it\/wp-content\/uploads\/2024\/04\/Foto-Storiche-Verona-17-300x180.jpg 300w, https:\/\/www.amt3.it\/wp-content\/uploads\/2024\/04\/Foto-Storiche-Verona-17-400x240.jpg 400w, https:\/\/www.amt3.it\/wp-content\/uploads\/2024\/04\/Foto-Storiche-Verona-17-600x360.jpg 600w, https:\/\/www.amt3.it\/wp-content\/uploads\/2024\/04\/Foto-Storiche-Verona-17-768x461.jpg 768w, https:\/\/www.amt3.it\/wp-content\/uploads\/2024\/04\/Foto-Storiche-Verona-17-800x480.jpg 800w, https:\/\/www.amt3.it\/wp-content\/uploads\/2024\/04\/Foto-Storiche-Verona-17.jpg 1000w\" data-sizes=\"auto\" \/><\/a><\/div><\/div><\/div><div class=\"swiper-slide\"><div class=\"fusion-carousel-item-wrapper\"><div class=\"fusion-image-wrapper hover-type-none\"><a data-rel=\"iLightbox[image_carousel_2]\" data-title=\"1917 \u2013 Die von Avesa kommende Stra\u00dfenbahn hielt an, um zwei Damen den Zustieg zu erm\u00f6glichen\" aria-label=\"1917 \u2013 Die von Avesa kommende Stra\u00dfenbahn hielt an, um zwei Damen den Zustieg zu erm\u00f6glichen\" href=\"https:\/\/www.amt3.it\/wp-content\/uploads\/2024\/04\/Foto-Storiche-Verona-18.jpg\" target=\"_self\"><img decoding=\"async\" width=\"1000\" height=\"600\" src=\"https:\/\/www.amt3.it\/wp-content\/uploads\/2024\/04\/Foto-Storiche-Verona-18.jpg\" class=\"attachment-full size-full lazyload\" alt=\"1917 \u2013 Die von Avesa kommende Stra\u00dfenbahn hielt an, um zwei Damen den Zustieg zu erm\u00f6glichen\" srcset=\"data:image\/svg+xml,%3Csvg%20xmlns%3D%27http%3A%2F%2Fwww.w3.org%2F2000%2Fsvg%27%20width%3D%271000%27%20height%3D%27600%27%20viewBox%3D%270%200%201000%20600%27%3E%3Crect%20width%3D%271000%27%20height%3D%27600%27%20fill-opacity%3D%220%22%2F%3E%3C%2Fsvg%3E\" data-orig-src=\"https:\/\/www.amt3.it\/wp-content\/uploads\/2024\/04\/Foto-Storiche-Verona-18.jpg\" data-srcset=\"https:\/\/www.amt3.it\/wp-content\/uploads\/2024\/04\/Foto-Storiche-Verona-18-200x120.jpg 200w, https:\/\/www.amt3.it\/wp-content\/uploads\/2024\/04\/Foto-Storiche-Verona-18-300x180.jpg 300w, https:\/\/www.amt3.it\/wp-content\/uploads\/2024\/04\/Foto-Storiche-Verona-18-400x240.jpg 400w, https:\/\/www.amt3.it\/wp-content\/uploads\/2024\/04\/Foto-Storiche-Verona-18-600x360.jpg 600w, https:\/\/www.amt3.it\/wp-content\/uploads\/2024\/04\/Foto-Storiche-Verona-18-768x461.jpg 768w, https:\/\/www.amt3.it\/wp-content\/uploads\/2024\/04\/Foto-Storiche-Verona-18-800x480.jpg 800w, https:\/\/www.amt3.it\/wp-content\/uploads\/2024\/04\/Foto-Storiche-Verona-18.jpg 1000w\" data-sizes=\"auto\" \/><\/a><\/div><\/div><\/div><div class=\"swiper-slide\"><div class=\"fusion-carousel-item-wrapper\"><div class=\"fusion-image-wrapper hover-type-none\"><a data-rel=\"iLightbox[image_carousel_2]\" data-title=\"1934 \u2013 Wagen und Schienen auf der Regaste Redentore\" aria-label=\"1934 \u2013 Wagen und Schienen auf der Regaste Redentore\" href=\"https:\/\/www.amt3.it\/wp-content\/uploads\/2024\/04\/Foto-Storiche-Verona-19.jpg\" target=\"_self\"><img decoding=\"async\" width=\"1000\" height=\"600\" src=\"https:\/\/www.amt3.it\/wp-content\/uploads\/2024\/04\/Foto-Storiche-Verona-19.jpg\" class=\"attachment-full size-full lazyload\" alt=\"1934 \u2013 Wagen und Schienen auf der Regaste Redentore\" srcset=\"data:image\/svg+xml,%3Csvg%20xmlns%3D%27http%3A%2F%2Fwww.w3.org%2F2000%2Fsvg%27%20width%3D%271000%27%20height%3D%27600%27%20viewBox%3D%270%200%201000%20600%27%3E%3Crect%20width%3D%271000%27%20height%3D%27600%27%20fill-opacity%3D%220%22%2F%3E%3C%2Fsvg%3E\" data-orig-src=\"https:\/\/www.amt3.it\/wp-content\/uploads\/2024\/04\/Foto-Storiche-Verona-19.jpg\" data-srcset=\"https:\/\/www.amt3.it\/wp-content\/uploads\/2024\/04\/Foto-Storiche-Verona-19-200x120.jpg 200w, https:\/\/www.amt3.it\/wp-content\/uploads\/2024\/04\/Foto-Storiche-Verona-19-300x180.jpg 300w, https:\/\/www.amt3.it\/wp-content\/uploads\/2024\/04\/Foto-Storiche-Verona-19-400x240.jpg 400w, https:\/\/www.amt3.it\/wp-content\/uploads\/2024\/04\/Foto-Storiche-Verona-19-600x360.jpg 600w, https:\/\/www.amt3.it\/wp-content\/uploads\/2024\/04\/Foto-Storiche-Verona-19-768x461.jpg 768w, https:\/\/www.amt3.it\/wp-content\/uploads\/2024\/04\/Foto-Storiche-Verona-19-800x480.jpg 800w, https:\/\/www.amt3.it\/wp-content\/uploads\/2024\/04\/Foto-Storiche-Verona-19.jpg 1000w\" data-sizes=\"auto\" \/><\/a><\/div><\/div><\/div><div class=\"swiper-slide\"><div class=\"fusion-carousel-item-wrapper\"><div class=\"fusion-image-wrapper hover-type-none\"><a data-rel=\"iLightbox[image_carousel_2]\" data-title=\"1910er Jahre \u2013 Wagen Nummer 4 parkt in Borgo Trento, w\u00e4hrend sich im Hintergrund ein Kohlenzug n\u00e4hert.\" aria-label=\"1910er Jahre \u2013 Wagen Nummer 4 parkt in Borgo Trento, w\u00e4hrend sich im Hintergrund ein Kohlenzug n\u00e4hert.\" href=\"https:\/\/www.amt3.it\/wp-content\/uploads\/2024\/04\/Foto-Storiche-Verona-20.jpg\" target=\"_self\"><img decoding=\"async\" width=\"1000\" height=\"600\" src=\"https:\/\/www.amt3.it\/wp-content\/uploads\/2024\/04\/Foto-Storiche-Verona-20.jpg\" class=\"attachment-full size-full lazyload\" alt=\"1910er Jahre \u2013 Wagen Nummer 4 parkt in Borgo Trento, w\u00e4hrend sich im Hintergrund ein Kohlenzug n\u00e4hert.\" srcset=\"data:image\/svg+xml,%3Csvg%20xmlns%3D%27http%3A%2F%2Fwww.w3.org%2F2000%2Fsvg%27%20width%3D%271000%27%20height%3D%27600%27%20viewBox%3D%270%200%201000%20600%27%3E%3Crect%20width%3D%271000%27%20height%3D%27600%27%20fill-opacity%3D%220%22%2F%3E%3C%2Fsvg%3E\" data-orig-src=\"https:\/\/www.amt3.it\/wp-content\/uploads\/2024\/04\/Foto-Storiche-Verona-20.jpg\" data-srcset=\"https:\/\/www.amt3.it\/wp-content\/uploads\/2024\/04\/Foto-Storiche-Verona-20-200x120.jpg 200w, https:\/\/www.amt3.it\/wp-content\/uploads\/2024\/04\/Foto-Storiche-Verona-20-300x180.jpg 300w, https:\/\/www.amt3.it\/wp-content\/uploads\/2024\/04\/Foto-Storiche-Verona-20-400x240.jpg 400w, https:\/\/www.amt3.it\/wp-content\/uploads\/2024\/04\/Foto-Storiche-Verona-20-600x360.jpg 600w, https:\/\/www.amt3.it\/wp-content\/uploads\/2024\/04\/Foto-Storiche-Verona-20-768x461.jpg 768w, https:\/\/www.amt3.it\/wp-content\/uploads\/2024\/04\/Foto-Storiche-Verona-20-800x480.jpg 800w, https:\/\/www.amt3.it\/wp-content\/uploads\/2024\/04\/Foto-Storiche-Verona-20.jpg 1000w\" data-sizes=\"auto\" \/><\/a><\/div><\/div><\/div><div class=\"swiper-slide\"><div class=\"fusion-carousel-item-wrapper\"><div class=\"fusion-image-wrapper hover-type-none\"><a data-rel=\"iLightbox[image_carousel_2]\" data-title=\"Um 1915 \u2013 Wagen Nummer 24 der elektrischen Stra\u00dfenbahn\" aria-label=\"Um 1915 \u2013 Wagen Nummer 24 der elektrischen Stra\u00dfenbahn\" href=\"https:\/\/www.amt3.it\/wp-content\/uploads\/2024\/04\/Foto-Storiche-Verona-21.jpg\" target=\"_self\"><img decoding=\"async\" width=\"1000\" height=\"600\" src=\"https:\/\/www.amt3.it\/wp-content\/uploads\/2024\/04\/Foto-Storiche-Verona-21.jpg\" class=\"attachment-full size-full lazyload\" alt=\"Um 1915 \u2013 Wagen Nummer 24 der elektrischen Stra\u00dfenbahn\" srcset=\"data:image\/svg+xml,%3Csvg%20xmlns%3D%27http%3A%2F%2Fwww.w3.org%2F2000%2Fsvg%27%20width%3D%271000%27%20height%3D%27600%27%20viewBox%3D%270%200%201000%20600%27%3E%3Crect%20width%3D%271000%27%20height%3D%27600%27%20fill-opacity%3D%220%22%2F%3E%3C%2Fsvg%3E\" data-orig-src=\"https:\/\/www.amt3.it\/wp-content\/uploads\/2024\/04\/Foto-Storiche-Verona-21.jpg\" data-srcset=\"https:\/\/www.amt3.it\/wp-content\/uploads\/2024\/04\/Foto-Storiche-Verona-21-200x120.jpg 200w, https:\/\/www.amt3.it\/wp-content\/uploads\/2024\/04\/Foto-Storiche-Verona-21-300x180.jpg 300w, https:\/\/www.amt3.it\/wp-content\/uploads\/2024\/04\/Foto-Storiche-Verona-21-400x240.jpg 400w, https:\/\/www.amt3.it\/wp-content\/uploads\/2024\/04\/Foto-Storiche-Verona-21-600x360.jpg 600w, https:\/\/www.amt3.it\/wp-content\/uploads\/2024\/04\/Foto-Storiche-Verona-21-768x461.jpg 768w, https:\/\/www.amt3.it\/wp-content\/uploads\/2024\/04\/Foto-Storiche-Verona-21-800x480.jpg 800w, https:\/\/www.amt3.it\/wp-content\/uploads\/2024\/04\/Foto-Storiche-Verona-21.jpg 1000w\" data-sizes=\"auto\" \/><\/a><\/div><\/div><\/div><div class=\"swiper-slide\"><div class=\"fusion-carousel-item-wrapper\"><div class=\"fusion-image-wrapper hover-type-none\"><a data-rel=\"iLightbox[image_carousel_2]\" data-title=\"1910er Jahre \u2013 Handkolorierte historische Postkarte\" aria-label=\"1910er Jahre \u2013 Handkolorierte historische Postkarte\" href=\"https:\/\/www.amt3.it\/wp-content\/uploads\/2024\/04\/Foto-Storiche-Verona-22.jpg\" target=\"_self\"><img decoding=\"async\" width=\"1000\" height=\"600\" src=\"https:\/\/www.amt3.it\/wp-content\/uploads\/2024\/04\/Foto-Storiche-Verona-22.jpg\" class=\"attachment-full size-full lazyload\" alt=\"1910er Jahre \u2013 Handkolorierte historische Postkarte\" srcset=\"data:image\/svg+xml,%3Csvg%20xmlns%3D%27http%3A%2F%2Fwww.w3.org%2F2000%2Fsvg%27%20width%3D%271000%27%20height%3D%27600%27%20viewBox%3D%270%200%201000%20600%27%3E%3Crect%20width%3D%271000%27%20height%3D%27600%27%20fill-opacity%3D%220%22%2F%3E%3C%2Fsvg%3E\" data-orig-src=\"https:\/\/www.amt3.it\/wp-content\/uploads\/2024\/04\/Foto-Storiche-Verona-22.jpg\" data-srcset=\"https:\/\/www.amt3.it\/wp-content\/uploads\/2024\/04\/Foto-Storiche-Verona-22-200x120.jpg 200w, https:\/\/www.amt3.it\/wp-content\/uploads\/2024\/04\/Foto-Storiche-Verona-22-300x180.jpg 300w, https:\/\/www.amt3.it\/wp-content\/uploads\/2024\/04\/Foto-Storiche-Verona-22-400x240.jpg 400w, https:\/\/www.amt3.it\/wp-content\/uploads\/2024\/04\/Foto-Storiche-Verona-22-600x360.jpg 600w, https:\/\/www.amt3.it\/wp-content\/uploads\/2024\/04\/Foto-Storiche-Verona-22-768x461.jpg 768w, https:\/\/www.amt3.it\/wp-content\/uploads\/2024\/04\/Foto-Storiche-Verona-22-800x480.jpg 800w, https:\/\/www.amt3.it\/wp-content\/uploads\/2024\/04\/Foto-Storiche-Verona-22.jpg 1000w\" data-sizes=\"auto\" \/><\/a><\/div><\/div><\/div><div class=\"swiper-slide\"><div class=\"fusion-carousel-item-wrapper\"><div class=\"fusion-image-wrapper hover-type-none\"><a data-rel=\"iLightbox[image_carousel_2]\" data-title=\"22. Februar 1908 \u2013 Wagen Nummer 17 wird auf der Strecke Porta Bishop-Porta Nuova in Dienst gestellt\" aria-label=\"22. Februar 1908 \u2013 Wagen Nummer 17 wird auf der Strecke Porta Bishop-Porta Nuova in Dienst gestellt\" href=\"https:\/\/www.amt3.it\/wp-content\/uploads\/2024\/04\/Foto-Storiche-Verona-23.jpg\" target=\"_self\"><img decoding=\"async\" width=\"1000\" height=\"600\" src=\"https:\/\/www.amt3.it\/wp-content\/uploads\/2024\/04\/Foto-Storiche-Verona-23.jpg\" class=\"attachment-full size-full lazyload\" alt=\"22. Februar 1908 \u2013 Wagen Nummer 17 wird auf der Strecke Porta Bishop-Porta Nuova in Dienst gestellt\" srcset=\"data:image\/svg+xml,%3Csvg%20xmlns%3D%27http%3A%2F%2Fwww.w3.org%2F2000%2Fsvg%27%20width%3D%271000%27%20height%3D%27600%27%20viewBox%3D%270%200%201000%20600%27%3E%3Crect%20width%3D%271000%27%20height%3D%27600%27%20fill-opacity%3D%220%22%2F%3E%3C%2Fsvg%3E\" data-orig-src=\"https:\/\/www.amt3.it\/wp-content\/uploads\/2024\/04\/Foto-Storiche-Verona-23.jpg\" data-srcset=\"https:\/\/www.amt3.it\/wp-content\/uploads\/2024\/04\/Foto-Storiche-Verona-23-200x120.jpg 200w, https:\/\/www.amt3.it\/wp-content\/uploads\/2024\/04\/Foto-Storiche-Verona-23-300x180.jpg 300w, https:\/\/www.amt3.it\/wp-content\/uploads\/2024\/04\/Foto-Storiche-Verona-23-400x240.jpg 400w, https:\/\/www.amt3.it\/wp-content\/uploads\/2024\/04\/Foto-Storiche-Verona-23-600x360.jpg 600w, https:\/\/www.amt3.it\/wp-content\/uploads\/2024\/04\/Foto-Storiche-Verona-23-768x461.jpg 768w, https:\/\/www.amt3.it\/wp-content\/uploads\/2024\/04\/Foto-Storiche-Verona-23-800x480.jpg 800w, https:\/\/www.amt3.it\/wp-content\/uploads\/2024\/04\/Foto-Storiche-Verona-23.jpg 1000w\" data-sizes=\"auto\" \/><\/a><\/div><\/div><\/div><\/div><div class=\"awb-swiper-button awb-swiper-button-prev\"><i class=\"awb-icon-angle-left\" aria-hidden=\"true\"><\/i><\/div><div class=\"awb-swiper-button awb-swiper-button-next\"><i class=\"awb-icon-angle-right\" aria-hidden=\"true\"><\/i><\/div><\/div><\/div><\/div><\/div><\/div><\/div><div class=\"fusion-fullwidth fullwidth-box fusion-builder-row-5 fusion-flex-container has-pattern-background has-mask-background nonhundred-percent-fullwidth non-hundred-percent-height-scrolling\" style=\"--awb-border-radius-top-left:0px;--awb-border-radius-top-right:0px;--awb-border-radius-bottom-right:0px;--awb-border-radius-bottom-left:0px;--awb-flex-wrap:wrap;\" ><div class=\"fusion-builder-row fusion-row fusion-flex-align-items-flex-start fusion-flex-content-wrap\" style=\"max-width:1248px;margin-left: calc(-4% \/ 2 );margin-right: calc(-4% \/ 2 );\"><div class=\"fusion-layout-column fusion_builder_column fusion-builder-column-21 fusion_builder_column_1_1 1_1 fusion-flex-column\" style=\"--awb-bg-size:cover;--awb-width-large:100%;--awb-margin-top-large:0px;--awb-spacing-right-large:1.92%;--awb-margin-bottom-large:20px;--awb-spacing-left-large:1.92%;--awb-width-medium:100%;--awb-order-medium:0;--awb-spacing-right-medium:1.92%;--awb-spacing-left-medium:1.92%;--awb-width-small:100%;--awb-order-small:0;--awb-spacing-right-small:1.92%;--awb-spacing-left-small:1.92%;\"><div class=\"fusion-column-wrapper fusion-column-has-shadow fusion-flex-justify-content-flex-start fusion-content-layout-column\"><div class=\"fusion-post-cards fusion-post-cards-1 awb-carousel awb-swiper awb-swiper-carousel awb-swiper-dots-position-bottom\" style=\"--awb-column-spacing:0px;--awb-dots-align:center;--awb-filters-color:#e81c1f;--awb-active-filter-border-size:3px;--awb-filters-height:36px;\" data-post-type-label=\"beitr\u00e4ge\" data-autoplay=\"no\" data-autoplayspeed=\"2500\" data-autoplaypause=\"no\" data-loop=\"yes\" data-columns=\"4\" data-columnsmedium=\"2\" data-columnssmall=\"1\" data-itemmargin=\"0\" data-itemwidth=\"180\" data-touchscroll=\"no\" data-freemode=\"no\" data-imagesize=\"auto\" data-scrollitems=\"1\" data-mousepointer=\"default\" data-layout=\"carousel\" data-centeredslides=\"no\" data-shadow=\"no\" data-speed=\"500\" data-rotationangle=\"50\" data-depth=\"100\"><div class=\"swiper-wrapper fusion-flex-align-items-stretch\"><div class=\"fusion_builder_column fusion-builder-column-22 fusion-flex-column post-card swiper-slide\" style=\"--awb-padding-right:50px;--awb-padding-left:50px;--awb-bg-blend:overlay;--awb-bg-size:cover;--awb-flex-grow:0;--awb-flex-shrink:0;--awb-flex-grow-medium:0;--awb-flex-shrink-medium:0;--awb-flex-grow-small:0;--awb-flex-shrink-small:0;\" data-scroll-devices=\"small-visibility,medium-visibility,large-visibility\"><div class=\"fusion-column-wrapper fusion-column-has-shadow fusion-flex-justify-content-flex-start fusion-content-layout-column fusion-carousel-item-wrapper\"><div class=\"fusion-title title fusion-title-22 fusion-sep-none fusion-title-text fusion-title-size-three\" style=\"--awb-text-color:var(--awb-color5);--awb-margin-top:0px;--awb-margin-top-small:10px;--awb-margin-right-small:0px;--awb-margin-bottom-small:10px;--awb-margin-left-small:0px;\"><h3 class=\"fusion-title-heading title-heading-left fusion-responsive-typography-calculated\" style=\"font-family:&quot;Montserrat&quot;;font-style:normal;font-weight:700;margin:0;--fontSize:30;line-height:var(--awb-typography1-line-height);\">1884<\/h3><\/div><div class=\"fusion-title title fusion-title-23 fusion-sep-none fusion-title-text fusion-title-size-six\" style=\"--awb-text-color:var(--awb-color4);--awb-margin-top:0px;--awb-margin-top-small:10px;--awb-margin-right-small:0px;--awb-margin-bottom-small:10px;--awb-margin-left-small:0px;\"><h6 class=\"fusion-title-heading title-heading-left fusion-responsive-typography-calculated\" style=\"font-family:&quot;Montserrat&quot;;font-style:normal;font-weight:500;margin:0;--fontSize:19;--minFontSize:19;line-height:1.4;\">In Verona wird die erste von Pferden gezogene Stra\u00dfenbahn eingeweiht. Die Stadtverwaltung beauftragt eine italienisch-belgische Gesellschaft mit dem Betrieb.<\/h6><\/div><\/div><\/div>\n<div class=\"fusion_builder_column fusion-builder-column-23 fusion-flex-column post-card swiper-slide\" style=\"--awb-padding-right:50px;--awb-padding-left:50px;--awb-bg-blend:overlay;--awb-bg-size:cover;--awb-flex-grow:0;--awb-flex-shrink:0;--awb-flex-grow-medium:0;--awb-flex-shrink-medium:0;--awb-flex-grow-small:0;--awb-flex-shrink-small:0;\" data-scroll-devices=\"small-visibility,medium-visibility,large-visibility\"><div class=\"fusion-column-wrapper fusion-column-has-shadow fusion-flex-justify-content-flex-start fusion-content-layout-column fusion-carousel-item-wrapper\"><div class=\"fusion-title title fusion-title-24 fusion-sep-none fusion-title-text fusion-title-size-three\" style=\"--awb-text-color:var(--awb-color5);--awb-margin-top:0px;--awb-margin-top-small:10px;--awb-margin-right-small:0px;--awb-margin-bottom-small:10px;--awb-margin-left-small:0px;\"><h3 class=\"fusion-title-heading title-heading-left fusion-responsive-typography-calculated\" style=\"font-family:&quot;Montserrat&quot;;font-style:normal;font-weight:700;margin:0;--fontSize:30;line-height:var(--awb-typography1-line-height);\">1889<\/h3><\/div><div class=\"fusion-title title fusion-title-25 fusion-sep-none fusion-title-text fusion-title-size-six\" style=\"--awb-text-color:var(--awb-color4);--awb-margin-top:0px;--awb-margin-top-small:10px;--awb-margin-right-small:0px;--awb-margin-bottom-small:10px;--awb-margin-left-small:0px;\"><h6 class=\"fusion-title-heading title-heading-left fusion-responsive-typography-calculated\" style=\"font-family:&quot;Montserrat&quot;;font-style:normal;font-weight:500;margin:0;--fontSize:19;--minFontSize:19;line-height:1.4;\">An den Stra\u00dfenbahnwagen wird Werbung angebracht.<\/h6><\/div><\/div><\/div>\n<div class=\"fusion_builder_column fusion-builder-column-24 fusion-flex-column post-card swiper-slide\" style=\"--awb-padding-right:50px;--awb-padding-left:50px;--awb-bg-blend:overlay;--awb-bg-size:cover;--awb-flex-grow:0;--awb-flex-shrink:0;--awb-flex-grow-medium:0;--awb-flex-shrink-medium:0;--awb-flex-grow-small:0;--awb-flex-shrink-small:0;\" data-scroll-devices=\"small-visibility,medium-visibility,large-visibility\"><div class=\"fusion-column-wrapper fusion-column-has-shadow fusion-flex-justify-content-flex-start fusion-content-layout-column fusion-carousel-item-wrapper\"><div class=\"fusion-title title fusion-title-26 fusion-sep-none fusion-title-text fusion-title-size-three\" style=\"--awb-text-color:var(--awb-color5);--awb-margin-top:0px;--awb-margin-top-small:10px;--awb-margin-right-small:0px;--awb-margin-bottom-small:10px;--awb-margin-left-small:0px;\"><h3 class=\"fusion-title-heading title-heading-left fusion-responsive-typography-calculated\" style=\"font-family:&quot;Montserrat&quot;;font-style:normal;font-weight:700;margin:0;--fontSize:30;line-height:var(--awb-typography1-line-height);\">1906<\/h3><\/div><div class=\"fusion-title title fusion-title-27 fusion-sep-none fusion-title-text fusion-title-size-six\" style=\"--awb-text-color:var(--awb-color4);--awb-margin-top:0px;--awb-margin-top-small:10px;--awb-margin-right-small:0px;--awb-margin-bottom-small:10px;--awb-margin-left-small:0px;\"><h6 class=\"fusion-title-heading title-heading-left fusion-responsive-typography-calculated\" style=\"font-family:&quot;Montserrat&quot;;font-style:normal;font-weight:500;margin:0;--fontSize:19;--minFontSize:19;line-height:1.4;\">Vereinbarung zwischen der Stadt Verona und einer belgischen Gesellschaft f\u00fcr den Bau und Betrieb eines elektrischen Stra\u00dfenbahnnetzes. Auf der internationalen Messe in Mailand werden die ersten Busse vorgestellt.<\/h6><\/div><\/div><\/div>\n<div class=\"fusion_builder_column fusion-builder-column-25 fusion-flex-column post-card swiper-slide\" style=\"--awb-padding-right:50px;--awb-padding-left:50px;--awb-bg-blend:overlay;--awb-bg-size:cover;--awb-flex-grow:0;--awb-flex-shrink:0;--awb-flex-grow-medium:0;--awb-flex-shrink-medium:0;--awb-flex-grow-small:0;--awb-flex-shrink-small:0;\" data-scroll-devices=\"small-visibility,medium-visibility,large-visibility\"><div class=\"fusion-column-wrapper fusion-column-has-shadow fusion-flex-justify-content-flex-start fusion-content-layout-column fusion-carousel-item-wrapper\"><div class=\"fusion-title title fusion-title-28 fusion-sep-none fusion-title-text fusion-title-size-three\" style=\"--awb-text-color:var(--awb-color5);--awb-margin-top:0px;--awb-margin-top-small:10px;--awb-margin-right-small:0px;--awb-margin-bottom-small:10px;--awb-margin-left-small:0px;\"><h3 class=\"fusion-title-heading title-heading-left fusion-responsive-typography-calculated\" style=\"font-family:&quot;Montserrat&quot;;font-style:normal;font-weight:700;margin:0;--fontSize:30;line-height:var(--awb-typography1-line-height);\">1908<\/h3><\/div><div class=\"fusion-title title fusion-title-29 fusion-sep-none fusion-title-text fusion-title-size-six\" style=\"--awb-text-color:var(--awb-color4);--awb-margin-top:0px;--awb-margin-top-small:10px;--awb-margin-right-small:0px;--awb-margin-bottom-small:10px;--awb-margin-left-small:0px;\"><h6 class=\"fusion-title-heading title-heading-left fusion-responsive-typography-calculated\" style=\"font-family:&quot;Montserrat&quot;;font-style:normal;font-weight:500;margin:0;--fontSize:19;--minFontSize:19;line-height:1.4;\">Aufnahme des elektrischen Stra\u00dfenbahnbetriebs.<\/h6><\/div><\/div><\/div>\n<div class=\"fusion_builder_column fusion-builder-column-26 fusion-flex-column post-card swiper-slide\" style=\"--awb-padding-right:50px;--awb-padding-left:50px;--awb-bg-blend:overlay;--awb-bg-size:cover;--awb-flex-grow:0;--awb-flex-shrink:0;--awb-flex-grow-medium:0;--awb-flex-shrink-medium:0;--awb-flex-grow-small:0;--awb-flex-shrink-small:0;\" data-scroll-devices=\"small-visibility,medium-visibility,large-visibility\"><div class=\"fusion-column-wrapper fusion-column-has-shadow fusion-flex-justify-content-flex-start fusion-content-layout-column fusion-carousel-item-wrapper\"><div class=\"fusion-title title fusion-title-30 fusion-sep-none fusion-title-text fusion-title-size-three\" style=\"--awb-text-color:var(--awb-color5);--awb-margin-top:0px;--awb-margin-top-small:10px;--awb-margin-right-small:0px;--awb-margin-bottom-small:10px;--awb-margin-left-small:0px;\"><h3 class=\"fusion-title-heading title-heading-left fusion-responsive-typography-calculated\" style=\"font-family:&quot;Montserrat&quot;;font-style:normal;font-weight:700;margin:0;--fontSize:30;line-height:var(--awb-typography1-line-height);\">1914<\/h3><\/div><div class=\"fusion-title title fusion-title-31 fusion-sep-none fusion-title-text fusion-title-size-six\" style=\"--awb-text-color:var(--awb-color4);--awb-margin-top:0px;--awb-margin-top-small:10px;--awb-margin-right-small:0px;--awb-margin-bottom-small:10px;--awb-margin-left-small:0px;\"><h6 class=\"fusion-title-heading title-heading-left fusion-responsive-typography-calculated\" style=\"font-family:&quot;Montserrat&quot;;font-style:normal;font-weight:500;margin:0;--fontSize:19;--minFontSize:19;line-height:1.4;\">Einweihung der elektrischen Stra\u00dfenbahn Verona-Avesa.<\/h6><\/div><\/div><\/div>\n<div class=\"fusion_builder_column fusion-builder-column-27 fusion-flex-column post-card swiper-slide\" style=\"--awb-padding-right:50px;--awb-padding-left:50px;--awb-bg-blend:overlay;--awb-bg-size:cover;--awb-flex-grow:0;--awb-flex-shrink:0;--awb-flex-grow-medium:0;--awb-flex-shrink-medium:0;--awb-flex-grow-small:0;--awb-flex-shrink-small:0;\" data-scroll-devices=\"small-visibility,medium-visibility,large-visibility\"><div class=\"fusion-column-wrapper fusion-column-has-shadow fusion-flex-justify-content-flex-start fusion-content-layout-column fusion-carousel-item-wrapper\"><div class=\"fusion-title title fusion-title-32 fusion-sep-none fusion-title-text fusion-title-size-three\" style=\"--awb-text-color:var(--awb-color5);--awb-margin-top:0px;--awb-margin-top-small:10px;--awb-margin-right-small:0px;--awb-margin-bottom-small:10px;--awb-margin-left-small:0px;\"><h3 class=\"fusion-title-heading title-heading-left fusion-responsive-typography-calculated\" style=\"font-family:&quot;Montserrat&quot;;font-style:normal;font-weight:700;margin:0;--fontSize:30;line-height:var(--awb-typography1-line-height);\">1919<\/h3><\/div><div class=\"fusion-title title fusion-title-33 fusion-sep-none fusion-title-text fusion-title-size-six\" style=\"--awb-text-color:var(--awb-color4);--awb-margin-top:0px;--awb-margin-top-small:10px;--awb-margin-right-small:0px;--awb-margin-bottom-small:10px;--awb-margin-left-small:0px;\"><h6 class=\"fusion-title-heading title-heading-left fusion-responsive-typography-calculated\" style=\"font-family:&quot;Montserrat&quot;;font-style:normal;font-weight:500;margin:0;--fontSize:19;--minFontSize:19;line-height:1.4;\">Ende der italienisch-belgischen Verwaltung. Die Stadtverwaltung \u00fcbernimmt die Leitung der st\u00e4dtischen Stra\u00dfenbahn.<\/h6><\/div><\/div><\/div>\n<div class=\"fusion_builder_column fusion-builder-column-28 fusion-flex-column post-card swiper-slide\" style=\"--awb-padding-right:50px;--awb-padding-left:50px;--awb-bg-blend:overlay;--awb-bg-size:cover;--awb-flex-grow:0;--awb-flex-shrink:0;--awb-flex-grow-medium:0;--awb-flex-shrink-medium:0;--awb-flex-grow-small:0;--awb-flex-shrink-small:0;\" data-scroll-devices=\"small-visibility,medium-visibility,large-visibility\"><div class=\"fusion-column-wrapper fusion-column-has-shadow fusion-flex-justify-content-flex-start fusion-content-layout-column fusion-carousel-item-wrapper\"><div class=\"fusion-title title fusion-title-34 fusion-sep-none fusion-title-text fusion-title-size-three\" style=\"--awb-text-color:var(--awb-color5);--awb-margin-top:0px;--awb-margin-top-small:10px;--awb-margin-right-small:0px;--awb-margin-bottom-small:10px;--awb-margin-left-small:0px;\"><h3 class=\"fusion-title-heading title-heading-left fusion-responsive-typography-calculated\" style=\"font-family:&quot;Montserrat&quot;;font-style:normal;font-weight:700;margin:0;--fontSize:30;line-height:var(--awb-typography1-line-height);\">1920<\/h3><\/div><div class=\"fusion-title title fusion-title-35 fusion-sep-none fusion-title-text fusion-title-size-six\" style=\"--awb-text-color:var(--awb-color4);--awb-margin-top:0px;--awb-margin-top-small:10px;--awb-margin-right-small:0px;--awb-margin-bottom-small:10px;--awb-margin-left-small:0px;\"><h6 class=\"fusion-title-heading title-heading-left fusion-responsive-typography-calculated\" style=\"font-family:&quot;Montserrat&quot;;font-style:normal;font-weight:500;margin:0;--fontSize:19;--minFontSize:19;line-height:1.4;\">Erste Versuche mit batteriebetriebenen Elektrofahrzeugen kommen auf den Markt.<\/h6><\/div><\/div><\/div>\n<div class=\"fusion_builder_column fusion-builder-column-29 fusion-flex-column post-card swiper-slide\" style=\"--awb-padding-right:50px;--awb-padding-left:50px;--awb-bg-blend:overlay;--awb-bg-size:cover;--awb-flex-grow:0;--awb-flex-shrink:0;--awb-flex-grow-medium:0;--awb-flex-shrink-medium:0;--awb-flex-grow-small:0;--awb-flex-shrink-small:0;\" data-scroll-devices=\"small-visibility,medium-visibility,large-visibility\"><div class=\"fusion-column-wrapper fusion-column-has-shadow fusion-flex-justify-content-flex-start fusion-content-layout-column fusion-carousel-item-wrapper\"><div class=\"fusion-title title fusion-title-36 fusion-sep-none fusion-title-text fusion-title-size-three\" style=\"--awb-text-color:var(--awb-color5);--awb-margin-top:0px;--awb-margin-top-small:10px;--awb-margin-right-small:0px;--awb-margin-bottom-small:10px;--awb-margin-left-small:0px;\"><h3 class=\"fusion-title-heading title-heading-left fusion-responsive-typography-calculated\" style=\"font-family:&quot;Montserrat&quot;;font-style:normal;font-weight:700;margin:0;--fontSize:30;line-height:var(--awb-typography1-line-height);\">1926<\/h3><\/div><div class=\"fusion-title title fusion-title-37 fusion-sep-none fusion-title-text fusion-title-size-six\" style=\"--awb-text-color:var(--awb-color4);--awb-margin-top:0px;--awb-margin-top-small:10px;--awb-margin-right-small:0px;--awb-margin-bottom-small:10px;--awb-margin-left-small:0px;\"><h6 class=\"fusion-title-heading title-heading-left fusion-responsive-typography-calculated\" style=\"font-family:&quot;Montserrat&quot;;font-style:normal;font-weight:500;margin:0;--fontSize:19;--minFontSize:19;line-height:1.4;\">Die Linie erreicht den Stadtteil Montorio. Die Buslinien (auf Reifen) nach Cadidavid, S. Massimo und Chievo werden eingeweiht.<\/h6><\/div><\/div><\/div>\n<div class=\"fusion_builder_column fusion-builder-column-30 fusion-flex-column post-card swiper-slide\" style=\"--awb-padding-right:50px;--awb-padding-left:50px;--awb-bg-blend:overlay;--awb-bg-size:cover;--awb-flex-grow:0;--awb-flex-shrink:0;--awb-flex-grow-medium:0;--awb-flex-shrink-medium:0;--awb-flex-grow-small:0;--awb-flex-shrink-small:0;\" data-scroll-devices=\"small-visibility,medium-visibility,large-visibility\"><div class=\"fusion-column-wrapper fusion-column-has-shadow fusion-flex-justify-content-flex-start fusion-content-layout-column fusion-carousel-item-wrapper\"><div class=\"fusion-title title fusion-title-38 fusion-sep-none fusion-title-text fusion-title-size-three\" style=\"--awb-text-color:var(--awb-color5);--awb-margin-top:0px;--awb-margin-top-small:10px;--awb-margin-right-small:0px;--awb-margin-bottom-small:10px;--awb-margin-left-small:0px;\"><h3 class=\"fusion-title-heading title-heading-left fusion-responsive-typography-calculated\" style=\"font-family:&quot;Montserrat&quot;;font-style:normal;font-weight:700;margin:0;--fontSize:30;line-height:var(--awb-typography1-line-height);\">1927<\/h3><\/div><div class=\"fusion-title title fusion-title-39 fusion-sep-none fusion-title-text fusion-title-size-six\" style=\"--awb-text-color:var(--awb-color4);--awb-margin-top:0px;--awb-margin-top-small:10px;--awb-margin-right-small:0px;--awb-margin-bottom-small:10px;--awb-margin-left-small:0px;\"><h6 class=\"fusion-title-heading title-heading-left fusion-responsive-typography-calculated\" style=\"font-family:&quot;Montserrat&quot;;font-style:normal;font-weight:500;margin:0;--fontSize:19;--minFontSize:19;line-height:1.4;\">Die Linie erreicht den Stadtteil San Michele.<\/h6><\/div><\/div><\/div>\n<div class=\"fusion_builder_column fusion-builder-column-31 fusion-flex-column post-card swiper-slide\" style=\"--awb-padding-right:50px;--awb-padding-left:50px;--awb-bg-blend:overlay;--awb-bg-size:cover;--awb-flex-grow:0;--awb-flex-shrink:0;--awb-flex-grow-medium:0;--awb-flex-shrink-medium:0;--awb-flex-grow-small:0;--awb-flex-shrink-small:0;\" data-scroll-devices=\"small-visibility,medium-visibility,large-visibility\"><div class=\"fusion-column-wrapper fusion-column-has-shadow fusion-flex-justify-content-flex-start fusion-content-layout-column fusion-carousel-item-wrapper\"><div class=\"fusion-title title fusion-title-40 fusion-sep-none fusion-title-text fusion-title-size-three\" style=\"--awb-text-color:var(--awb-color5);--awb-margin-top:0px;--awb-margin-top-small:10px;--awb-margin-right-small:0px;--awb-margin-bottom-small:10px;--awb-margin-left-small:0px;\"><h3 class=\"fusion-title-heading title-heading-left fusion-responsive-typography-calculated\" style=\"font-family:&quot;Montserrat&quot;;font-style:normal;font-weight:700;margin:0;--fontSize:30;line-height:var(--awb-typography1-line-height);\">1935<\/h3><\/div><div class=\"fusion-title title fusion-title-41 fusion-sep-none fusion-title-text fusion-title-size-six\" style=\"--awb-text-color:var(--awb-color4);--awb-margin-top:0px;--awb-margin-top-small:10px;--awb-margin-right-small:0px;--awb-margin-bottom-small:10px;--awb-margin-left-small:0px;\"><h6 class=\"fusion-title-heading title-heading-left fusion-responsive-typography-calculated\" style=\"font-family:&quot;Montserrat&quot;;font-style:normal;font-weight:500;margin:0;--fontSize:19;--minFontSize:19;line-height:1.4;\">Die Gesellschaft Saer wird mit der Verwaltung des \u00f6ffentlichen Verkehrs beauftragt.<\/h6><\/div><\/div><\/div>\n<div class=\"fusion_builder_column fusion-builder-column-32 fusion-flex-column post-card swiper-slide\" style=\"--awb-padding-right:50px;--awb-padding-left:50px;--awb-bg-blend:overlay;--awb-bg-size:cover;--awb-flex-grow:0;--awb-flex-shrink:0;--awb-flex-grow-medium:0;--awb-flex-shrink-medium:0;--awb-flex-grow-small:0;--awb-flex-shrink-small:0;\" data-scroll-devices=\"small-visibility,medium-visibility,large-visibility\"><div class=\"fusion-column-wrapper fusion-column-has-shadow fusion-flex-justify-content-flex-start fusion-content-layout-column fusion-carousel-item-wrapper\"><div class=\"fusion-title title fusion-title-42 fusion-sep-none fusion-title-text fusion-title-size-three\" style=\"--awb-text-color:var(--awb-color5);--awb-margin-top:0px;--awb-margin-top-small:10px;--awb-margin-right-small:0px;--awb-margin-bottom-small:10px;--awb-margin-left-small:0px;\"><h3 class=\"fusion-title-heading title-heading-left fusion-responsive-typography-calculated\" style=\"font-family:&quot;Montserrat&quot;;font-style:normal;font-weight:700;margin:0;--fontSize:30;line-height:var(--awb-typography1-line-height);\">1948<\/h3><\/div><div class=\"fusion-title title fusion-title-43 fusion-sep-none fusion-title-text fusion-title-size-six\" style=\"--awb-text-color:var(--awb-color4);--awb-margin-top:0px;--awb-margin-top-small:10px;--awb-margin-right-small:0px;--awb-margin-bottom-small:10px;--awb-margin-left-small:0px;\"><h6 class=\"fusion-title-heading title-heading-left fusion-responsive-typography-calculated\" style=\"font-family:&quot;Montserrat&quot;;font-style:normal;font-weight:500;margin:0;--fontSize:19;--minFontSize:19;line-height:1.4;\">Der \u00f6ffentliche Verkehr wird von Milit\u00e4rlastwagen \u00fcbernommen.<\/h6><\/div><\/div><\/div>\n<div class=\"fusion_builder_column fusion-builder-column-33 fusion-flex-column post-card swiper-slide\" style=\"--awb-padding-right:50px;--awb-padding-left:50px;--awb-bg-blend:overlay;--awb-bg-size:cover;--awb-flex-grow:0;--awb-flex-shrink:0;--awb-flex-grow-medium:0;--awb-flex-shrink-medium:0;--awb-flex-grow-small:0;--awb-flex-shrink-small:0;\" data-scroll-devices=\"small-visibility,medium-visibility,large-visibility\"><div class=\"fusion-column-wrapper fusion-column-has-shadow fusion-flex-justify-content-flex-start fusion-content-layout-column fusion-carousel-item-wrapper\"><div class=\"fusion-title title fusion-title-44 fusion-sep-none fusion-title-text fusion-title-size-three\" style=\"--awb-text-color:var(--awb-color5);--awb-margin-top:0px;--awb-margin-top-small:10px;--awb-margin-right-small:0px;--awb-margin-bottom-small:10px;--awb-margin-left-small:0px;\"><h3 class=\"fusion-title-heading title-heading-left fusion-responsive-typography-calculated\" style=\"font-family:&quot;Montserrat&quot;;font-style:normal;font-weight:700;margin:0;--fontSize:30;line-height:var(--awb-typography1-line-height);\">1954<\/h3><\/div><div class=\"fusion-title title fusion-title-45 fusion-sep-none fusion-title-text fusion-title-size-six\" style=\"--awb-text-color:var(--awb-color4);--awb-margin-top:0px;--awb-margin-top-small:10px;--awb-margin-right-small:0px;--awb-margin-bottom-small:10px;--awb-margin-left-small:0px;\"><h6 class=\"fusion-title-heading title-heading-left fusion-responsive-typography-calculated\" style=\"font-family:&quot;Montserrat&quot;;font-style:normal;font-weight:500;margin:0;--fontSize:19;--minFontSize:19;line-height:1.4;\">Einstellung des Betriebs der letzten Schienenlinie.<\/h6><\/div><\/div><\/div>\n<div class=\"fusion_builder_column fusion-builder-column-34 fusion-flex-column post-card swiper-slide\" style=\"--awb-padding-right:50px;--awb-padding-left:50px;--awb-bg-blend:overlay;--awb-bg-size:cover;--awb-flex-grow:0;--awb-flex-shrink:0;--awb-flex-grow-medium:0;--awb-flex-shrink-medium:0;--awb-flex-grow-small:0;--awb-flex-shrink-small:0;\" data-scroll-devices=\"small-visibility,medium-visibility,large-visibility\"><div class=\"fusion-column-wrapper fusion-column-has-shadow fusion-flex-justify-content-flex-start fusion-content-layout-column fusion-carousel-item-wrapper\"><div class=\"fusion-title title fusion-title-46 fusion-sep-none fusion-title-text fusion-title-size-three\" style=\"--awb-text-color:var(--awb-color5);--awb-margin-top:0px;--awb-margin-top-small:10px;--awb-margin-right-small:0px;--awb-margin-bottom-small:10px;--awb-margin-left-small:0px;\"><h3 class=\"fusion-title-heading title-heading-left fusion-responsive-typography-calculated\" style=\"font-family:&quot;Montserrat&quot;;font-style:normal;font-weight:700;margin:0;--fontSize:30;line-height:var(--awb-typography1-line-height);\">1955<\/h3><\/div><div class=\"fusion-title title fusion-title-47 fusion-sep-none fusion-title-text fusion-title-size-six\" style=\"--awb-text-color:var(--awb-color4);--awb-margin-top:0px;--awb-margin-top-small:10px;--awb-margin-right-small:0px;--awb-margin-bottom-small:10px;--awb-margin-left-small:0px;\"><h6 class=\"fusion-title-heading title-heading-left fusion-responsive-typography-calculated\" style=\"font-family:&quot;Montserrat&quot;;font-style:normal;font-weight:500;margin:0;--fontSize:19;--minFontSize:19;line-height:1.4;\">Ende der Beziehungen zwischen Saer und der Stadt Verona. Die Azienda Municipalizzata Trasporti wird gegr\u00fcndet und \u00fcbernimmt den Dienst.<\/h6><\/div><\/div><\/div>\n<div class=\"fusion_builder_column fusion-builder-column-35 fusion-flex-column post-card swiper-slide\" style=\"--awb-padding-right:50px;--awb-padding-left:50px;--awb-bg-blend:overlay;--awb-bg-size:cover;--awb-flex-grow:0;--awb-flex-shrink:0;--awb-flex-grow-medium:0;--awb-flex-shrink-medium:0;--awb-flex-grow-small:0;--awb-flex-shrink-small:0;\" data-scroll-devices=\"small-visibility,medium-visibility,large-visibility\"><div class=\"fusion-column-wrapper fusion-column-has-shadow fusion-flex-justify-content-flex-start fusion-content-layout-column fusion-carousel-item-wrapper\"><div class=\"fusion-title title fusion-title-48 fusion-sep-none fusion-title-text fusion-title-size-three\" style=\"--awb-text-color:var(--awb-color5);--awb-margin-top:0px;--awb-margin-top-small:10px;--awb-margin-right-small:0px;--awb-margin-bottom-small:10px;--awb-margin-left-small:0px;\"><h3 class=\"fusion-title-heading title-heading-left fusion-responsive-typography-calculated\" style=\"font-family:&quot;Montserrat&quot;;font-style:normal;font-weight:700;margin:0;--fontSize:30;line-height:var(--awb-typography1-line-height);\">1956<\/h3><\/div><div class=\"fusion-title title fusion-title-49 fusion-sep-none fusion-title-text fusion-title-size-six\" style=\"--awb-text-color:var(--awb-color4);--awb-margin-top:0px;--awb-margin-top-small:10px;--awb-margin-right-small:0px;--awb-margin-bottom-small:10px;--awb-margin-left-small:0px;\"><h6 class=\"fusion-title-heading title-heading-left fusion-responsive-typography-calculated\" style=\"font-family:&quot;Montserrat&quot;;font-style:normal;font-weight:500;margin:0;--fontSize:19;--minFontSize:19;line-height:1.4;\">AMT nimmt ihre T\u00e4tigkeit auf.<\/h6><\/div><\/div><\/div>\n<div class=\"fusion_builder_column fusion-builder-column-36 fusion-flex-column post-card swiper-slide\" style=\"--awb-padding-right:50px;--awb-padding-left:50px;--awb-bg-blend:overlay;--awb-bg-size:cover;--awb-flex-grow:0;--awb-flex-shrink:0;--awb-flex-grow-medium:0;--awb-flex-shrink-medium:0;--awb-flex-grow-small:0;--awb-flex-shrink-small:0;\" data-scroll-devices=\"small-visibility,medium-visibility,large-visibility\"><div class=\"fusion-column-wrapper fusion-column-has-shadow fusion-flex-justify-content-flex-start fusion-content-layout-column fusion-carousel-item-wrapper\"><div class=\"fusion-title title fusion-title-50 fusion-sep-none fusion-title-text fusion-title-size-three\" style=\"--awb-text-color:var(--awb-color5);--awb-margin-top:0px;--awb-margin-top-small:10px;--awb-margin-right-small:0px;--awb-margin-bottom-small:10px;--awb-margin-left-small:0px;\"><h3 class=\"fusion-title-heading title-heading-left fusion-responsive-typography-calculated\" style=\"font-family:&quot;Montserrat&quot;;font-style:normal;font-weight:700;margin:0;--fontSize:30;line-height:var(--awb-typography1-line-height);\">1964<\/h3><\/div><div class=\"fusion-title title fusion-title-51 fusion-sep-none fusion-title-text fusion-title-size-six\" style=\"--awb-text-color:var(--awb-color4);--awb-margin-top:0px;--awb-margin-top-small:10px;--awb-margin-right-small:0px;--awb-margin-bottom-small:10px;--awb-margin-left-small:0px;\"><h6 class=\"fusion-title-heading title-heading-left fusion-responsive-typography-calculated\" style=\"font-family:&quot;Montserrat&quot;;font-style:normal;font-weight:500;margin:0;--fontSize:19;--minFontSize:19;line-height:1.4;\">Erste Versuche mit der automatischen Fahrkartenausgabe.<\/h6><\/div><\/div><\/div>\n<div class=\"fusion_builder_column fusion-builder-column-37 fusion-flex-column post-card swiper-slide\" style=\"--awb-padding-right:50px;--awb-padding-left:50px;--awb-bg-blend:overlay;--awb-bg-size:cover;--awb-flex-grow:0;--awb-flex-shrink:0;--awb-flex-grow-medium:0;--awb-flex-shrink-medium:0;--awb-flex-grow-small:0;--awb-flex-shrink-small:0;\" data-scroll-devices=\"small-visibility,medium-visibility,large-visibility\"><div class=\"fusion-column-wrapper fusion-column-has-shadow fusion-flex-justify-content-flex-start fusion-content-layout-column fusion-carousel-item-wrapper\"><div class=\"fusion-title title fusion-title-52 fusion-sep-none fusion-title-text fusion-title-size-three\" style=\"--awb-text-color:var(--awb-color5);--awb-margin-top:0px;--awb-margin-top-small:10px;--awb-margin-right-small:0px;--awb-margin-bottom-small:10px;--awb-margin-left-small:0px;\"><h3 class=\"fusion-title-heading title-heading-left fusion-responsive-typography-calculated\" style=\"font-family:&quot;Montserrat&quot;;font-style:normal;font-weight:700;margin:0;--fontSize:30;line-height:var(--awb-typography1-line-height);\">1971<\/h3><\/div><div class=\"fusion-title title fusion-title-53 fusion-sep-none fusion-title-text fusion-title-size-six\" style=\"--awb-text-color:var(--awb-color4);--awb-margin-top:0px;--awb-margin-top-small:10px;--awb-margin-right-small:0px;--awb-margin-bottom-small:10px;--awb-margin-left-small:0px;\"><h6 class=\"fusion-title-heading title-heading-left fusion-responsive-typography-calculated\" style=\"font-family:&quot;Montserrat&quot;;font-style:normal;font-weight:500;margin:0;--fontSize:19;--minFontSize:19;line-height:1.4;\">Die Farbe der Kraftfahrzeuge \u00e4ndert sich von gr\u00fcn auf orange.<\/h6><\/div><\/div><\/div>\n<div class=\"fusion_builder_column fusion-builder-column-38 fusion-flex-column post-card swiper-slide\" style=\"--awb-padding-right:50px;--awb-padding-left:50px;--awb-bg-blend:overlay;--awb-bg-size:cover;--awb-flex-grow:0;--awb-flex-shrink:0;--awb-flex-grow-medium:0;--awb-flex-shrink-medium:0;--awb-flex-grow-small:0;--awb-flex-shrink-small:0;\" data-scroll-devices=\"small-visibility,medium-visibility,large-visibility\"><div class=\"fusion-column-wrapper fusion-column-has-shadow fusion-flex-justify-content-flex-start fusion-content-layout-column fusion-carousel-item-wrapper\"><div class=\"fusion-title title fusion-title-54 fusion-sep-none fusion-title-text fusion-title-size-three\" style=\"--awb-text-color:var(--awb-color5);--awb-margin-top:0px;--awb-margin-top-small:10px;--awb-margin-right-small:0px;--awb-margin-bottom-small:10px;--awb-margin-left-small:0px;\"><h3 class=\"fusion-title-heading title-heading-left fusion-responsive-typography-calculated\" style=\"font-family:&quot;Montserrat&quot;;font-style:normal;font-weight:700;margin:0;--fontSize:30;line-height:var(--awb-typography1-line-height);\">1972<\/h3><\/div><div class=\"fusion-title title fusion-title-55 fusion-sep-none fusion-title-text fusion-title-size-six\" style=\"--awb-text-color:var(--awb-color4);--awb-margin-top:0px;--awb-margin-top-small:10px;--awb-margin-right-small:0px;--awb-margin-bottom-small:10px;--awb-margin-left-small:0px;\"><h6 class=\"fusion-title-heading title-heading-left fusion-responsive-typography-calculated\" style=\"font-family:&quot;Montserrat&quot;;font-style:normal;font-weight:500;margin:0;--fontSize:19;--minFontSize:19;line-height:1.4;\">Die Entwertung wird eingef\u00fchrt. AMT beginnt, sich um das Image zu k\u00fcmmern: Es werden Bekleidungsvorschriften f\u00fcr das Dienstpersonal festgelegt.<\/h6><\/div><\/div><\/div>\n<div class=\"fusion_builder_column fusion-builder-column-39 fusion-flex-column post-card swiper-slide\" style=\"--awb-padding-right:50px;--awb-padding-left:50px;--awb-bg-blend:overlay;--awb-bg-size:cover;--awb-flex-grow:0;--awb-flex-shrink:0;--awb-flex-grow-medium:0;--awb-flex-shrink-medium:0;--awb-flex-grow-small:0;--awb-flex-shrink-small:0;\" data-scroll-devices=\"small-visibility,medium-visibility,large-visibility\"><div class=\"fusion-column-wrapper fusion-column-has-shadow fusion-flex-justify-content-flex-start fusion-content-layout-column fusion-carousel-item-wrapper\"><div class=\"fusion-title title fusion-title-56 fusion-sep-none fusion-title-text fusion-title-size-three\" style=\"--awb-text-color:var(--awb-color5);--awb-margin-top:0px;--awb-margin-top-small:10px;--awb-margin-right-small:0px;--awb-margin-bottom-small:10px;--awb-margin-left-small:0px;\"><h3 class=\"fusion-title-heading title-heading-left fusion-responsive-typography-calculated\" style=\"font-family:&quot;Montserrat&quot;;font-style:normal;font-weight:700;margin:0;--fontSize:30;line-height:var(--awb-typography1-line-height);\">1973<\/h3><\/div><div class=\"fusion-title title fusion-title-57 fusion-sep-none fusion-title-text fusion-title-size-six\" style=\"--awb-text-color:var(--awb-color4);--awb-margin-top:0px;--awb-margin-top-small:10px;--awb-margin-right-small:0px;--awb-margin-bottom-small:10px;--awb-margin-left-small:0px;\"><h6 class=\"fusion-title-heading title-heading-left fusion-responsive-typography-calculated\" style=\"font-family:&quot;Montserrat&quot;;font-style:normal;font-weight:500;margin:0;--fontSize:19;--minFontSize:19;line-height:1.4;\">Die ersten reservierten Fahrspuren werden eingerichtet. In den Fahrzeugen werden Funktelefone eingebaut.<\/h6><\/div><\/div><\/div>\n<div class=\"fusion_builder_column fusion-builder-column-40 fusion-flex-column post-card swiper-slide\" style=\"--awb-padding-right:50px;--awb-padding-left:50px;--awb-bg-blend:overlay;--awb-bg-size:cover;--awb-flex-grow:0;--awb-flex-shrink:0;--awb-flex-grow-medium:0;--awb-flex-shrink-medium:0;--awb-flex-grow-small:0;--awb-flex-shrink-small:0;\" data-scroll-devices=\"small-visibility,medium-visibility,large-visibility\"><div class=\"fusion-column-wrapper fusion-column-has-shadow fusion-flex-justify-content-flex-start fusion-content-layout-column fusion-carousel-item-wrapper\"><div class=\"fusion-title title fusion-title-58 fusion-sep-none fusion-title-text fusion-title-size-three\" style=\"--awb-text-color:var(--awb-color5);--awb-margin-top:0px;--awb-margin-top-small:10px;--awb-margin-right-small:0px;--awb-margin-bottom-small:10px;--awb-margin-left-small:0px;\"><h3 class=\"fusion-title-heading title-heading-left fusion-responsive-typography-calculated\" style=\"font-family:&quot;Montserrat&quot;;font-style:normal;font-weight:700;margin:0;--fontSize:30;line-height:var(--awb-typography1-line-height);\">1982<\/h3><\/div><div class=\"fusion-title title fusion-title-59 fusion-sep-none fusion-title-text fusion-title-size-six\" style=\"--awb-text-color:var(--awb-color4);--awb-margin-top:0px;--awb-margin-top-small:10px;--awb-margin-right-small:0px;--awb-margin-bottom-small:10px;--awb-margin-left-small:0px;\"><h6 class=\"fusion-title-heading title-heading-left fusion-responsive-typography-calculated\" style=\"font-family:&quot;Montserrat&quot;;font-style:normal;font-weight:500;margin:0;--fontSize:19;--minFontSize:19;line-height:1.4;\">AMT kauft die ersten Spezialfahrzeuge f\u00fcr den Transport von Behinderten.<\/h6><\/div><\/div><\/div>\n<div class=\"fusion_builder_column fusion-builder-column-41 fusion-flex-column post-card swiper-slide\" style=\"--awb-padding-right:50px;--awb-padding-left:50px;--awb-bg-blend:overlay;--awb-bg-size:cover;--awb-flex-grow:0;--awb-flex-shrink:0;--awb-flex-grow-medium:0;--awb-flex-shrink-medium:0;--awb-flex-grow-small:0;--awb-flex-shrink-small:0;\" data-scroll-devices=\"small-visibility,medium-visibility,large-visibility\"><div class=\"fusion-column-wrapper fusion-column-has-shadow fusion-flex-justify-content-flex-start fusion-content-layout-column fusion-carousel-item-wrapper\"><div class=\"fusion-title title fusion-title-60 fusion-sep-none fusion-title-text fusion-title-size-three\" style=\"--awb-text-color:var(--awb-color5);--awb-margin-top:0px;--awb-margin-top-small:10px;--awb-margin-right-small:0px;--awb-margin-bottom-small:10px;--awb-margin-left-small:0px;\"><h3 class=\"fusion-title-heading title-heading-left fusion-responsive-typography-calculated\" style=\"font-family:&quot;Montserrat&quot;;font-style:normal;font-weight:700;margin:0;--fontSize:30;line-height:var(--awb-typography1-line-height);\">1983<\/h3><\/div><div class=\"fusion-title title fusion-title-61 fusion-sep-none fusion-title-text fusion-title-size-six\" style=\"--awb-text-color:var(--awb-color4);--awb-margin-top:0px;--awb-margin-top-small:10px;--awb-margin-right-small:0px;--awb-margin-bottom-small:10px;--awb-margin-left-small:0px;\"><h6 class=\"fusion-title-heading title-heading-left fusion-responsive-typography-calculated\" style=\"font-family:&quot;Montserrat&quot;;font-style:normal;font-weight:500;margin:0;--fontSize:19;--minFontSize:19;line-height:1.4;\">Einf\u00fchrung der Stundenfahrkarte.<\/h6><\/div><\/div><\/div>\n<div class=\"fusion_builder_column fusion-builder-column-42 fusion-flex-column post-card swiper-slide\" style=\"--awb-padding-right:50px;--awb-padding-left:50px;--awb-bg-blend:overlay;--awb-bg-size:cover;--awb-flex-grow:0;--awb-flex-shrink:0;--awb-flex-grow-medium:0;--awb-flex-shrink-medium:0;--awb-flex-grow-small:0;--awb-flex-shrink-small:0;\" data-scroll-devices=\"small-visibility,medium-visibility,large-visibility\"><div class=\"fusion-column-wrapper fusion-column-has-shadow fusion-flex-justify-content-flex-start fusion-content-layout-column fusion-carousel-item-wrapper\"><div class=\"fusion-title title fusion-title-62 fusion-sep-none fusion-title-text fusion-title-size-three\" style=\"--awb-text-color:var(--awb-color5);--awb-margin-top:0px;--awb-margin-top-small:10px;--awb-margin-right-small:0px;--awb-margin-bottom-small:10px;--awb-margin-left-small:0px;\"><h3 class=\"fusion-title-heading title-heading-left fusion-responsive-typography-calculated\" style=\"font-family:&quot;Montserrat&quot;;font-style:normal;font-weight:700;margin:0;--fontSize:30;line-height:var(--awb-typography1-line-height);\">1984<\/h3><\/div><div class=\"fusion-title title fusion-title-63 fusion-sep-none fusion-title-text fusion-title-size-six\" style=\"--awb-text-color:var(--awb-color4);--awb-margin-top:0px;--awb-margin-top-small:10px;--awb-margin-right-small:0px;--awb-margin-bottom-small:10px;--awb-margin-left-small:0px;\"><h6 class=\"fusion-title-heading title-heading-left fusion-responsive-typography-calculated\" style=\"font-family:&quot;Montserrat&quot;;font-style:normal;font-weight:500;margin:0;--fontSize:19;--minFontSize:19;line-height:1.4;\">Die Tageskarte f\u00fcr Touristen wird eingef\u00fchrt.<\/h6><\/div><\/div><\/div>\n<div class=\"fusion_builder_column fusion-builder-column-43 fusion-flex-column post-card swiper-slide\" style=\"--awb-padding-right:50px;--awb-padding-left:50px;--awb-bg-blend:overlay;--awb-bg-size:cover;--awb-flex-grow:0;--awb-flex-shrink:0;--awb-flex-grow-medium:0;--awb-flex-shrink-medium:0;--awb-flex-grow-small:0;--awb-flex-shrink-small:0;\" data-scroll-devices=\"small-visibility,medium-visibility,large-visibility\"><div class=\"fusion-column-wrapper fusion-column-has-shadow fusion-flex-justify-content-flex-start fusion-content-layout-column fusion-carousel-item-wrapper\"><div class=\"fusion-title title fusion-title-64 fusion-sep-none fusion-title-text fusion-title-size-three\" style=\"--awb-text-color:var(--awb-color5);--awb-margin-top:0px;--awb-margin-top-small:10px;--awb-margin-right-small:0px;--awb-margin-bottom-small:10px;--awb-margin-left-small:0px;\"><h3 class=\"fusion-title-heading title-heading-left fusion-responsive-typography-calculated\" style=\"font-family:&quot;Montserrat&quot;;font-style:normal;font-weight:700;margin:0;--fontSize:30;line-height:var(--awb-typography1-line-height);\">1988<\/h3><\/div><div class=\"fusion-title title fusion-title-65 fusion-sep-none fusion-title-text fusion-title-size-six\" style=\"--awb-text-color:var(--awb-color4);--awb-margin-top:0px;--awb-margin-top-small:10px;--awb-margin-right-small:0px;--awb-margin-bottom-small:10px;--awb-margin-left-small:0px;\"><h6 class=\"fusion-title-heading title-heading-left fusion-responsive-typography-calculated\" style=\"font-family:&quot;Montserrat&quot;;font-style:normal;font-weight:500;margin:0;--fontSize:19;--minFontSize:19;line-height:1.4;\">AMT kauft die \"Pollicini\": Kleine Fahrzeuge, die f\u00fcr den Einsatz im Stadtzentrum geeignet sind.<\/h6><\/div><\/div><\/div>\n<div class=\"fusion_builder_column fusion-builder-column-44 fusion-flex-column post-card swiper-slide\" style=\"--awb-padding-right:50px;--awb-padding-left:50px;--awb-bg-blend:overlay;--awb-bg-size:cover;--awb-flex-grow:0;--awb-flex-shrink:0;--awb-flex-grow-medium:0;--awb-flex-shrink-medium:0;--awb-flex-grow-small:0;--awb-flex-shrink-small:0;\" data-scroll-devices=\"small-visibility,medium-visibility,large-visibility\"><div class=\"fusion-column-wrapper fusion-column-has-shadow fusion-flex-justify-content-flex-start fusion-content-layout-column fusion-carousel-item-wrapper\"><div class=\"fusion-title title fusion-title-66 fusion-sep-none fusion-title-text fusion-title-size-three\" style=\"--awb-text-color:var(--awb-color5);--awb-margin-top:0px;--awb-margin-top-small:10px;--awb-margin-right-small:0px;--awb-margin-bottom-small:10px;--awb-margin-left-small:0px;\"><h3 class=\"fusion-title-heading title-heading-left fusion-responsive-typography-calculated\" style=\"font-family:&quot;Montserrat&quot;;font-style:normal;font-weight:700;margin:0;--fontSize:30;line-height:var(--awb-typography1-line-height);\">1990<\/h3><\/div><div class=\"fusion-title title fusion-title-67 fusion-sep-none fusion-title-text fusion-title-size-six\" style=\"--awb-text-color:var(--awb-color4);--awb-margin-top:0px;--awb-margin-top-small:10px;--awb-margin-right-small:0px;--awb-margin-bottom-small:10px;--awb-margin-left-small:0px;\"><h6 class=\"fusion-title-heading title-heading-left fusion-responsive-typography-calculated\" style=\"font-family:&quot;Montserrat&quot;;font-style:normal;font-weight:500;margin:0;--fontSize:19;--minFontSize:19;line-height:1.4;\">AMT stellt das erste Projekt f\u00fcr eine leichte Oberfl\u00e4chenstra\u00dfenbahn vor.<\/h6><\/div><\/div><\/div>\n<div class=\"fusion_builder_column fusion-builder-column-45 fusion-flex-column post-card swiper-slide\" style=\"--awb-padding-right:50px;--awb-padding-left:50px;--awb-bg-blend:overlay;--awb-bg-size:cover;--awb-flex-grow:0;--awb-flex-shrink:0;--awb-flex-grow-medium:0;--awb-flex-shrink-medium:0;--awb-flex-grow-small:0;--awb-flex-shrink-small:0;\" data-scroll-devices=\"small-visibility,medium-visibility,large-visibility\"><div class=\"fusion-column-wrapper fusion-column-has-shadow fusion-flex-justify-content-flex-start fusion-content-layout-column fusion-carousel-item-wrapper\"><div class=\"fusion-title title fusion-title-68 fusion-sep-none fusion-title-text fusion-title-size-three\" style=\"--awb-text-color:var(--awb-color5);--awb-margin-top:0px;--awb-margin-top-small:10px;--awb-margin-right-small:0px;--awb-margin-bottom-small:10px;--awb-margin-left-small:0px;\"><h3 class=\"fusion-title-heading title-heading-left fusion-responsive-typography-calculated\" style=\"font-family:&quot;Montserrat&quot;;font-style:normal;font-weight:700;margin:0;--fontSize:30;line-height:var(--awb-typography1-line-height);\">1996<\/h3><\/div><div class=\"fusion-title title fusion-title-69 fusion-sep-none fusion-title-text fusion-title-size-six\" style=\"--awb-text-color:var(--awb-color4);--awb-margin-top:0px;--awb-margin-top-small:10px;--awb-margin-right-small:0px;--awb-margin-bottom-small:10px;--awb-margin-left-small:0px;\"><h6 class=\"fusion-title-heading title-heading-left fusion-responsive-typography-calculated\" style=\"font-family:&quot;Montserrat&quot;;font-style:normal;font-weight:500;margin:0;--fontSize:19;--minFontSize:19;line-height:1.4;\">AMT wird von einem st\u00e4dtischen in ein Spezialunternehmen umgewandelt.<\/h6><\/div><\/div><\/div>\n<div class=\"fusion_builder_column fusion-builder-column-46 fusion-flex-column post-card swiper-slide\" style=\"--awb-padding-right:50px;--awb-padding-left:50px;--awb-bg-blend:overlay;--awb-bg-size:cover;--awb-flex-grow:0;--awb-flex-shrink:0;--awb-flex-grow-medium:0;--awb-flex-shrink-medium:0;--awb-flex-grow-small:0;--awb-flex-shrink-small:0;\" data-scroll-devices=\"small-visibility,medium-visibility,large-visibility\"><div class=\"fusion-column-wrapper fusion-column-has-shadow fusion-flex-justify-content-flex-start fusion-content-layout-column fusion-carousel-item-wrapper\"><div class=\"fusion-title title fusion-title-70 fusion-sep-none fusion-title-text fusion-title-size-three\" style=\"--awb-text-color:var(--awb-color5);--awb-margin-top:0px;--awb-margin-top-small:10px;--awb-margin-right-small:0px;--awb-margin-bottom-small:10px;--awb-margin-left-small:0px;\"><h3 class=\"fusion-title-heading title-heading-left fusion-responsive-typography-calculated\" style=\"font-family:&quot;Montserrat&quot;;font-style:normal;font-weight:700;margin:0;--fontSize:30;line-height:var(--awb-typography1-line-height);\">1998<\/h3><\/div><div class=\"fusion-title title fusion-title-71 fusion-sep-none fusion-title-text fusion-title-size-six\" style=\"--awb-text-color:var(--awb-color4);--awb-margin-top:0px;--awb-margin-top-small:10px;--awb-margin-right-small:0px;--awb-margin-bottom-small:10px;--awb-margin-left-small:0px;\"><h6 class=\"fusion-title-heading title-heading-left fusion-responsive-typography-calculated\" style=\"font-family:&quot;Montserrat&quot;;font-style:normal;font-weight:500;margin:0;--fontSize:19;--minFontSize:19;line-height:1.4;\">AMT gr\u00fcndet eine privatrechtliche GmbH und \u00fcbernimmt den gesamten Behindertentransport der Stadt. Beginn des Einsatzes des dualen Kraftstoffsystems \"Erdgas\/Diesel\" in den Fahrzeugen.<\/h6><\/div><\/div><\/div>\n<div class=\"fusion_builder_column fusion-builder-column-47 fusion-flex-column post-card swiper-slide\" style=\"--awb-padding-right:50px;--awb-padding-left:50px;--awb-bg-blend:overlay;--awb-bg-size:cover;--awb-flex-grow:0;--awb-flex-shrink:0;--awb-flex-grow-medium:0;--awb-flex-shrink-medium:0;--awb-flex-grow-small:0;--awb-flex-shrink-small:0;\" data-scroll-devices=\"small-visibility,medium-visibility,large-visibility\"><div class=\"fusion-column-wrapper fusion-column-has-shadow fusion-flex-justify-content-flex-start fusion-content-layout-column fusion-carousel-item-wrapper\"><div class=\"fusion-title title fusion-title-72 fusion-sep-none fusion-title-text fusion-title-size-three\" style=\"--awb-text-color:var(--awb-color5);--awb-margin-top:0px;--awb-margin-top-small:10px;--awb-margin-right-small:0px;--awb-margin-bottom-small:10px;--awb-margin-left-small:0px;\"><h3 class=\"fusion-title-heading title-heading-left fusion-responsive-typography-calculated\" style=\"font-family:&quot;Montserrat&quot;;font-style:normal;font-weight:700;margin:0;--fontSize:30;line-height:var(--awb-typography1-line-height);\">2006<\/h3><\/div><div class=\"fusion-title title fusion-title-73 fusion-sep-none fusion-title-text fusion-title-size-six\" style=\"--awb-text-color:var(--awb-color4);--awb-margin-top:0px;--awb-margin-top-small:10px;--awb-margin-right-small:0px;--awb-margin-bottom-small:10px;--awb-margin-left-small:0px;\"><h6 class=\"fusion-title-heading title-heading-left fusion-responsive-typography-calculated\" style=\"font-family:&quot;Montserrat&quot;;font-style:normal;font-weight:500;margin:0;--fontSize:19;--minFontSize:19;line-height:1.4;\">AMT und APTV treten ihren Gesch\u00e4ftsbereich f\u00fcr den \u00f6ffentlichen Verkehr ab und gr\u00fcnden die ATV Srl.<\/h6><\/div><\/div><\/div>\n<div class=\"fusion_builder_column fusion-builder-column-48 fusion-flex-column post-card swiper-slide\" style=\"--awb-padding-right:50px;--awb-padding-left:50px;--awb-bg-blend:overlay;--awb-bg-size:cover;--awb-flex-grow:0;--awb-flex-shrink:0;--awb-flex-grow-medium:0;--awb-flex-shrink-medium:0;--awb-flex-grow-small:0;--awb-flex-shrink-small:0;\" data-scroll-devices=\"small-visibility,medium-visibility,large-visibility\"><div class=\"fusion-column-wrapper fusion-column-has-shadow fusion-flex-justify-content-flex-start fusion-content-layout-column fusion-carousel-item-wrapper\"><div class=\"fusion-title title fusion-title-74 fusion-sep-none fusion-title-text fusion-title-size-three\" style=\"--awb-text-color:var(--awb-color5);--awb-margin-top:0px;--awb-margin-top-small:10px;--awb-margin-right-small:0px;--awb-margin-bottom-small:10px;--awb-margin-left-small:0px;\"><h3 class=\"fusion-title-heading title-heading-left fusion-responsive-typography-calculated\" style=\"font-family:&quot;Montserrat&quot;;font-style:normal;font-weight:700;margin:0;--fontSize:30;line-height:var(--awb-typography1-line-height);\">2022<\/h3><\/div><div class=\"fusion-title title fusion-title-75 fusion-sep-none fusion-title-text fusion-title-size-six\" style=\"--awb-text-color:var(--awb-color4);--awb-margin-top:0px;--awb-margin-top-small:10px;--awb-margin-right-small:0px;--awb-margin-bottom-small:10px;--awb-margin-left-small:0px;\"><h6 class=\"fusion-title-heading title-heading-left fusion-responsive-typography-calculated\" style=\"font-family:&quot;Montserrat&quot;;font-style:normal;font-weight:500;margin:0;--fontSize:19;--minFontSize:19;line-height:1.4;\">Im April wird der neue Firmenname AMT der Presse vorgestellt.<\/h6><\/div><\/div><\/div>\n<\/div><div class=\"awb-swiper-button awb-swiper-button-prev\"><i class=\"awb-icon-angle-left\" aria-hidden=\"true\"><\/i><\/div><div class=\"awb-swiper-button awb-swiper-button-next\"><i class=\"awb-icon-angle-right\" aria-hidden=\"true\"><\/i><\/div><\/div><\/div><\/div><\/div><\/div><div class=\"fusion-fullwidth fullwidth-box fusion-builder-row-6 fusion-flex-container has-pattern-background has-mask-background nonhundred-percent-fullwidth non-hundred-percent-height-scrolling\" style=\"--awb-border-radius-top-left:0px;--awb-border-radius-top-right:0px;--awb-border-radius-bottom-right:0px;--awb-border-radius-bottom-left:0px;--awb-padding-top:20px;--awb-padding-bottom:0px;--awb-flex-wrap:wrap;\" ><div class=\"fusion-builder-row fusion-row fusion-flex-align-items-flex-start fusion-flex-content-wrap\" style=\"max-width:1248px;margin-left: calc(-4% \/ 2 );margin-right: calc(-4% \/ 2 );\"><div class=\"fusion-layout-column fusion_builder_column fusion-builder-column-49 fusion_builder_column_1_1 1_1 fusion-flex-column\" style=\"--awb-bg-size:cover;--awb-width-large:100%;--awb-flex-grow:0;--awb-flex-shrink:0;--awb-margin-top-large:0px;--awb-spacing-right-large:1.92%;--awb-margin-bottom-large:0px;--awb-spacing-left-large:1.92%;--awb-width-medium:100%;--awb-order-medium:0;--awb-flex-grow-medium:0;--awb-flex-shrink-medium:0;--awb-spacing-right-medium:1.92%;--awb-spacing-left-medium:1.92%;--awb-width-small:100%;--awb-order-small:0;--awb-flex-grow-small:0;--awb-flex-shrink-small:0;--awb-spacing-right-small:1.92%;--awb-spacing-left-small:1.92%;\" data-scroll-devices=\"small-visibility,medium-visibility,large-visibility\"><div class=\"fusion-column-wrapper fusion-column-has-shadow fusion-flex-justify-content-flex-start fusion-content-layout-column\"><div class=\"fusion-video fusion-youtube\" style=\"--awb-max-width:1200px;--awb-max-height:675px;--awb-align-self:center;--awb-width:100%;\"><div class=\"video-shortcode\"><div class=\"fluid-width-video-wrapper\" style=\"padding-top:56.25%;\" ><iframe title=\"YouTube video player 1\" src=\"https:\/\/www.youtube.com\/embed\/tjKJveFTHcY?wmode=transparent&autoplay=0\" width=\"1200\" height=\"675\" allowfullscreen allow=\"autoplay; clipboard-write; encrypted-media; gyroscope; picture-in-picture;\"><\/iframe><\/div><\/div><\/div><\/div><\/div><\/div><\/div><\/p>\n","protected":false},"excerpt":{"rendered":"","protected":false},"author":5,"featured_media":0,"parent":0,"menu_order":0,"comment_status":"closed","ping_status":"closed","template":"100-width.php","meta":{"_acf_changed":false,"footnotes":""},"class_list":["post-19929","page","type-page","status-publish","hentry"],"acf":[],"_links":{"self":[{"href":"https:\/\/www.amt3.it\/de\/wp-json\/wp\/v2\/pages\/19929","targetHints":{"allow":["GET"]}}],"collection":[{"href":"https:\/\/www.amt3.it\/de\/wp-json\/wp\/v2\/pages"}],"about":[{"href":"https:\/\/www.amt3.it\/de\/wp-json\/wp\/v2\/types\/page"}],"author":[{"embeddable":true,"href":"https:\/\/www.amt3.it\/de\/wp-json\/wp\/v2\/users\/5"}],"replies":[{"embeddable":true,"href":"https:\/\/www.amt3.it\/de\/wp-json\/wp\/v2\/comments?post=19929"}],"version-history":[{"count":21,"href":"https:\/\/www.amt3.it\/de\/wp-json\/wp\/v2\/pages\/19929\/revisions"}],"predecessor-version":[{"id":20634,"href":"https:\/\/www.amt3.it\/de\/wp-json\/wp\/v2\/pages\/19929\/revisions\/20634"}],"wp:attachment":[{"href":"https:\/\/www.amt3.it\/de\/wp-json\/wp\/v2\/media?parent=19929"}],"curies":[{"name":"wp","href":"https:\/\/api.w.org\/{rel}","templated":true}]}}