{"id":19734,"date":"2024-02-08T14:18:12","date_gmt":"2024-02-08T13:18:12","guid":{"rendered":"https:\/\/www.amt3.it\/verkehrsberuhigte-zone-ztl-in-verona\/tariffe-pass-ztl-bus\/"},"modified":"2025-09-01T08:25:07","modified_gmt":"2025-09-01T07:25:07","slug":"tarife-pass-ztl-bus-verona","status":"publish","type":"page","link":"https:\/\/www.amt3.it\/de\/verkehrsberuhigte-zone-ztl-in-verona\/tarife-pass-ztl-bus-verona\/","title":{"rendered":"Tarife PASS ZTL Bus Verona"},"content":{"rendered":"<p><div class=\"fusion-fullwidth fullwidth-box fusion-builder-row-1 fusion-flex-container has-pattern-background has-mask-background nonhundred-percent-fullwidth non-hundred-percent-height-scrolling\" style=\"--link_color: var(--awb-color4);--awb-border-radius-top-left:0px;--awb-border-radius-top-right:0px;--awb-border-radius-bottom-right:0px;--awb-border-radius-bottom-left:0px;--awb-margin-top:50px;--awb-margin-bottom:30px;--awb-flex-wrap:wrap;\" ><div class=\"fusion-builder-row fusion-row fusion-flex-align-items-flex-start fusion-flex-content-wrap\" style=\"max-width:calc( 1200px + 20px );margin-left: calc(-20px \/ 2 );margin-right: calc(-20px \/ 2 );\"><div class=\"fusion-layout-column fusion_builder_column fusion-builder-column-0 fusion_builder_column_1_1 1_1 fusion-flex-column\" style=\"--awb-bg-size:cover;--awb-width-large:100%;--awb-margin-top-large:0px;--awb-spacing-right-large:10px;--awb-margin-bottom-large:20px;--awb-spacing-left-large:10px;--awb-width-medium:100%;--awb-order-medium:0;--awb-spacing-right-medium:10px;--awb-spacing-left-medium:10px;--awb-width-small:100%;--awb-order-small:0;--awb-spacing-right-small:10px;--awb-spacing-left-small:10px;\"><div class=\"fusion-column-wrapper fusion-column-has-shadow fusion-flex-justify-content-flex-start fusion-content-layout-column\"><div class=\"fusion-text fusion-text-1 fusion-text-no-margin\" style=\"--awb-content-alignment:center;--awb-font-size:14px;--awb-line-height:22px;--awb-margin-bottom:20px;\"><p><a class=\"fusion-breadcrumb-link\" href=\"https:\/\/www.amt3.it\/de\/\">Home<\/a> \/\u00a0<a class=\"fusion-breadcrumb-link\" href=\"https:\/\/www.amt3.it\/de\/parkplaetze-verona\/\"> Parkpl\u00e4tze Verona\u00a0<\/a> \/\u00a0<a href=\"https:\/\/www.amt3.it\/de\/parkplaetze-verona\/reisebusparkplaetze\/\">Reisebusparkpl\u00e4tze<\/a> \/ Tarife PASS ZTL Bus Verona<\/p>\n<\/div><div class=\"fusion-title title fusion-title-1 fusion-sep-none fusion-title-center fusion-title-text fusion-title-size-one\" style=\"--awb-margin-bottom:30px;--awb-margin-top-small:10px;--awb-margin-right-small:0px;--awb-margin-bottom-small:10px;--awb-margin-left-small:0px;\"><h1 class=\"fusion-title-heading title-heading-center fusion-responsive-typography-calculated\" style=\"margin:0;--fontSize:60;line-height:var(--awb-typography1-line-height);\">Tarife<strong> PASS ZTL Bus<\/strong> <span class=\"rosso\">Verona<\/span><\/h1><\/div><div class=\"fusion-title title fusion-title-2 fusion-sep-none fusion-title-center fusion-title-text fusion-title-size-five\" style=\"--awb-text-color:var(--awb-color4);--awb-margin-right:50px;--awb-margin-left:50px;--awb-margin-top-small:30px;--awb-margin-right-small:0px;--awb-margin-bottom-small:0px;--awb-margin-left-small:0px;\"><h5 class=\"fusion-title-heading title-heading-center fusion-responsive-typography-calculated\" style=\"font-family:&quot;Montserrat&quot;;font-style:normal;font-weight:500;margin:0;--fontSize:19;--minFontSize:19;line-height:1.6;\">Das ausgedruckte PDF oder die vom <strong>Parkometer<\/strong> ausgestellte Quittung muss von au\u00dfen gut sichtbar auf dem Armaturenbrett des <strong>Busses<\/strong> aufgelegt werden (auch f\u00fcr die von der Zahlung befreiten Kategorien).<\/h5><\/div><\/div><\/div><\/div><\/div><div class=\"fusion-fullwidth fullwidth-box fusion-builder-row-2 fusion-flex-container has-pattern-background has-mask-background nonhundred-percent-fullwidth non-hundred-percent-height-scrolling\" style=\"--awb-border-radius-top-left:25px;--awb-border-radius-top-right:25px;--awb-border-radius-bottom-right:25px;--awb-border-radius-bottom-left:25px;--awb-overflow:hidden;--awb-padding-right:30px;--awb-padding-bottom:20px;--awb-padding-left:30px;--awb-margin-top:30px;--awb-background-color:var(--awb-color2);--awb-flex-wrap:wrap;\" ><div class=\"fusion-builder-row fusion-row fusion-flex-align-items-flex-start fusion-flex-justify-content-center fusion-flex-content-wrap\" style=\"max-width:calc( 1200px + 20px );margin-left: calc(-20px \/ 2 );margin-right: calc(-20px \/ 2 );\"><div class=\"fusion-layout-column fusion_builder_column fusion-builder-column-1 fusion_builder_column_1_1 1_1 fusion-flex-column fusion-flex-align-self-stretch\" style=\"--awb-padding-top:50px;--awb-padding-right:30px;--awb-padding-bottom:10px;--awb-padding-left:30px;--awb-padding-right-medium:10px;--awb-padding-left-medium:10px;--awb-padding-right-small:10px;--awb-padding-left-small:10px;--awb-bg-color:var(--awb-color2);--awb-bg-color-hover:var(--awb-color2);--awb-bg-size:cover;--awb-width-large:100%;--awb-margin-top-large:0px;--awb-spacing-right-large:10px;--awb-margin-bottom-large:20px;--awb-spacing-left-large:10px;--awb-width-medium:100%;--awb-order-medium:0;--awb-spacing-right-medium:10px;--awb-spacing-left-medium:10px;--awb-width-small:100%;--awb-order-small:0;--awb-spacing-right-small:10px;--awb-spacing-left-small:10px;\" data-scroll-devices=\"small-visibility,medium-visibility,large-visibility\"><div class=\"fusion-column-wrapper fusion-column-has-shadow fusion-flex-justify-content-flex-start fusion-content-layout-column\"><div class=\"fusion-title title fusion-title-3 fusion-sep-none fusion-title-center fusion-title-text fusion-title-size-three\" style=\"--awb-text-color:var(--awb-color4);--awb-margin-top-small:30px;--awb-margin-right-small:0px;--awb-margin-bottom-small:0px;--awb-margin-left-small:0px;\"><h3 class=\"fusion-title-heading title-heading-center fusion-responsive-typography-calculated\" style=\"font-family:&quot;Montserrat&quot;;font-style:normal;font-weight:500;margin:0;--fontSize:30;line-height:var(--awb-typography1-line-height);\">Tarife und reduzierte <strong>Tarife PASS ZTL Bus<\/strong><\/h3><\/div><div class=\"fusion-title title fusion-title-4 fusion-sep-none fusion-title-center fusion-title-text fusion-title-size-five\" style=\"--awb-text-color:var(--awb-color4);--awb-margin-top:0px;--awb-margin-right:50px;--awb-margin-left:50px;--awb-margin-top-small:30px;--awb-margin-right-small:0px;--awb-margin-bottom-small:0px;--awb-margin-left-small:0px;\"><h5 class=\"fusion-title-heading title-heading-center fusion-responsive-typography-calculated\" style=\"font-family:&quot;Montserrat&quot;;font-style:normal;font-weight:500;margin:0;--fontSize:19;--minFontSize:19;line-height:1.6;\"><strong>Die P\u00e4sse sind bis Mitternacht des Eintrittstages g\u00fcltig<\/strong><\/h5><\/div><div class=\"fusion-separator fusion-full-width-sep\" style=\"align-self: center;margin-left: auto;margin-right: auto;width:100%;\"><div class=\"fusion-separator-border sep-single sep-solid\" style=\"--awb-height:20px;--awb-amount:20px;--awb-sep-color:var(--awb-color4);border-color:var(--awb-color4);border-top-width:1px;\"><\/div><\/div><\/div><\/div><div class=\"fusion-layout-column fusion_builder_column fusion-builder-column-2 fusion_builder_column_1_4 1_4 fusion-flex-column fusion-flex-align-self-stretch\" style=\"--awb-padding-top:30px;--awb-padding-right:30px;--awb-padding-bottom:30px;--awb-padding-left:30px;--awb-overflow:hidden;--awb-bg-color:var(--awb-color1);--awb-bg-color-hover:var(--awb-color1);--awb-bg-size:cover;--awb-border-radius:25px 25px 25px 25px;--awb-width-large:25%;--awb-margin-top-large:0px;--awb-spacing-right-large:10px;--awb-margin-bottom-large:20px;--awb-spacing-left-large:10px;--awb-width-medium:25%;--awb-order-medium:0;--awb-spacing-right-medium:10px;--awb-spacing-left-medium:10px;--awb-width-small:100%;--awb-order-small:0;--awb-spacing-right-small:10px;--awb-spacing-left-small:10px;\" data-scroll-devices=\"small-visibility,medium-visibility,large-visibility\"><div class=\"fusion-column-wrapper fusion-column-has-shadow fusion-flex-justify-content-flex-start fusion-content-layout-column\"><div class=\"fusion-title title fusion-title-5 fusion-sep-none fusion-title-center fusion-title-text fusion-title-size-four\" style=\"--awb-text-color:var(--awb-color4);--awb-margin-top:0px;--awb-margin-top-small:0px;--awb-margin-right-small:0px;--awb-margin-bottom-small:30px;--awb-margin-left-small:0px;\"><h4 class=\"fusion-title-heading title-heading-center fusion-responsive-typography-calculated\" style=\"margin:0;text-transform:uppercase;--fontSize:20;--minFontSize:20;line-height:var(--awb-typography1-line-height);\">VOLLER TARIF<br \/>\nHOCHSAISON<\/h4><\/div><div class=\"fusion-text fusion-text-2\" style=\"--awb-content-alignment:center;\"><p>vom 1. April bis zum 31. Oktober<br \/>\nvom 1. bis zum 31. Dezember<\/p>\n<\/div><div class=\"fusion-title title fusion-title-6 fusion-sep-none fusion-title-center fusion-title-text fusion-title-size-five\" style=\"--awb-text-color:var(--awb-color4);--awb-margin-top:0px;--awb-margin-top-small:0px;--awb-margin-right-small:0px;--awb-margin-bottom-small:30px;--awb-margin-left-small:0px;--awb-font-size:18px;\"><h5 class=\"fusion-title-heading title-heading-center fusion-responsive-typography-calculated\" style=\"margin:0;font-size:1em;--fontSize:18;--minFontSize:18;line-height:1.7;\"><strong>150,00 \u20ac<\/strong><\/h5><\/div><\/div><\/div><div class=\"fusion-layout-column fusion_builder_column fusion-builder-column-3 fusion_builder_column_1_4 1_4 fusion-flex-column fusion-flex-align-self-stretch\" style=\"--awb-padding-top:30px;--awb-padding-right:30px;--awb-padding-bottom:30px;--awb-padding-left:30px;--awb-overflow:hidden;--awb-bg-color:var(--awb-color1);--awb-bg-color-hover:var(--awb-color1);--awb-bg-size:cover;--awb-border-radius:25px 25px 25px 25px;--awb-width-large:25%;--awb-margin-top-large:0px;--awb-spacing-right-large:10px;--awb-margin-bottom-large:20px;--awb-spacing-left-large:10px;--awb-width-medium:25%;--awb-order-medium:0;--awb-spacing-right-medium:10px;--awb-spacing-left-medium:10px;--awb-width-small:100%;--awb-order-small:0;--awb-spacing-right-small:10px;--awb-spacing-left-small:10px;\" data-scroll-devices=\"small-visibility,medium-visibility,large-visibility\"><div class=\"fusion-column-wrapper fusion-column-has-shadow fusion-flex-justify-content-flex-start fusion-content-layout-column\"><div class=\"fusion-title title fusion-title-7 fusion-sep-none fusion-title-center fusion-title-text fusion-title-size-four\" style=\"--awb-text-color:var(--awb-color4);--awb-margin-top:0px;--awb-margin-top-small:0px;--awb-margin-right-small:0px;--awb-margin-bottom-small:30px;--awb-margin-left-small:0px;\"><h4 class=\"fusion-title-heading title-heading-center fusion-responsive-typography-calculated\" style=\"margin:0;text-transform:uppercase;--fontSize:20;--minFontSize:20;line-height:var(--awb-typography1-line-height);\">VOLLER TARIF<br \/>\nHOCHSAISON<br \/>\n<span class=\"rosso\">REISEF\u00dcHRER<\/span><\/h4><\/div><div class=\"fusion-text fusion-text-3\" style=\"--awb-content-alignment:center;\"><p>vom 1. April bis zum 31. Oktober<br \/>\nvom 1. bis zum 31. Dezember<\/p>\n<\/div><div class=\"fusion-title title fusion-title-8 fusion-sep-none fusion-title-center fusion-title-text fusion-title-size-five\" style=\"--awb-text-color:var(--awb-color4);--awb-margin-top:0px;--awb-margin-top-small:0px;--awb-margin-right-small:0px;--awb-margin-bottom-small:30px;--awb-margin-left-small:0px;--awb-font-size:18px;\"><h5 class=\"fusion-title-heading title-heading-center fusion-responsive-typography-calculated\" style=\"margin:0;font-size:1em;--fontSize:18;--minFontSize:18;line-height:1.7;\"><strong>105,00 \u20ac<br \/>\n<\/strong>(nur online)<\/h5><\/div><div style=\"text-align:center;\"><a class=\"fusion-button button-flat fusion-button-default-size button-custom fusion-button-default button-1 fusion-button-default-span fusion-button-default-type\" style=\"--button_accent_color:var(--awb-color1);--button_accent_hover_color:var(--awb-color1);--button_border_hover_color:var(--awb-color1);--button_gradient_top_color:var(--awb-color4);--button_gradient_bottom_color:var(--awb-color4);--button_gradient_top_color_hover:var(--awb-color5);--button_gradient_bottom_color_hover:var(--awb-color5);--button_text_transform:uppercase;--button_font_size:16px;--button_typography-letter-spacing:0px;--button_margin-top:10px;\" target=\"_self\" href=\"https:\/\/pass.brav.it\/verona\/frontoffice\" rel=\"noopener\"><span class=\"fusion-button-text awb-button__text awb-button__text--default\">KAUFEN SIE ONLINE<\/span><\/a><\/div><\/div><\/div><div class=\"fusion-layout-column fusion_builder_column fusion-builder-column-4 fusion_builder_column_1_4 1_4 fusion-flex-column fusion-flex-align-self-stretch\" style=\"--awb-padding-top:30px;--awb-padding-right:30px;--awb-padding-bottom:30px;--awb-padding-left:30px;--awb-overflow:hidden;--awb-bg-color:var(--awb-color1);--awb-bg-color-hover:var(--awb-color1);--awb-bg-size:cover;--awb-border-radius:25px 25px 25px 25px;--awb-width-large:25%;--awb-margin-top-large:0px;--awb-spacing-right-large:10px;--awb-margin-bottom-large:20px;--awb-spacing-left-large:10px;--awb-width-medium:25%;--awb-order-medium:0;--awb-spacing-right-medium:10px;--awb-spacing-left-medium:10px;--awb-width-small:100%;--awb-order-small:0;--awb-spacing-right-small:10px;--awb-spacing-left-small:10px;\" data-scroll-devices=\"small-visibility,medium-visibility,large-visibility\"><div class=\"fusion-column-wrapper fusion-column-has-shadow fusion-flex-justify-content-flex-start fusion-content-layout-column\"><div class=\"fusion-title title fusion-title-9 fusion-sep-none fusion-title-center fusion-title-text fusion-title-size-four\" style=\"--awb-text-color:var(--awb-color4);--awb-margin-top:0px;--awb-margin-top-small:0px;--awb-margin-right-small:0px;--awb-margin-bottom-small:30px;--awb-margin-left-small:0px;\"><h4 class=\"fusion-title-heading title-heading-center fusion-responsive-typography-calculated\" style=\"margin:0;text-transform:uppercase;--fontSize:20;--minFontSize:20;line-height:var(--awb-typography1-line-height);\"><strong>VOLLER TARIF<br \/>\nNACHSAISON<\/strong><\/h4><\/div><div class=\"fusion-text fusion-text-4\" style=\"--awb-content-alignment:center;\"><p>vom 1. Januar bis zum 31. M\u00e4rz<br \/>\nvom 1. bis zum 30. November<\/p>\n<\/div><div class=\"fusion-title title fusion-title-10 fusion-sep-none fusion-title-center fusion-title-text fusion-title-size-five\" style=\"--awb-text-color:var(--awb-color4);--awb-margin-top:0px;--awb-margin-top-small:0px;--awb-margin-right-small:0px;--awb-margin-bottom-small:30px;--awb-margin-left-small:0px;--awb-font-size:18px;\"><h5 class=\"fusion-title-heading title-heading-center fusion-responsive-typography-calculated\" style=\"margin:0;font-size:1em;--fontSize:18;--minFontSize:18;line-height:1.7;\"><strong>100,00 \u20ac<\/strong><\/h5><\/div><\/div><\/div><div class=\"fusion-layout-column fusion_builder_column fusion-builder-column-5 fusion_builder_column_1_4 1_4 fusion-flex-column fusion-flex-align-self-stretch\" style=\"--awb-padding-top:30px;--awb-padding-right:30px;--awb-padding-bottom:30px;--awb-padding-left:30px;--awb-overflow:hidden;--awb-bg-color:var(--awb-color1);--awb-bg-color-hover:var(--awb-color1);--awb-bg-size:cover;--awb-border-radius:25px 25px 25px 25px;--awb-width-large:25%;--awb-margin-top-large:0px;--awb-spacing-right-large:10px;--awb-margin-bottom-large:20px;--awb-spacing-left-large:10px;--awb-width-medium:25%;--awb-order-medium:0;--awb-spacing-right-medium:10px;--awb-spacing-left-medium:10px;--awb-width-small:100%;--awb-order-small:0;--awb-spacing-right-small:10px;--awb-spacing-left-small:10px;\" data-scroll-devices=\"small-visibility,medium-visibility,large-visibility\"><div class=\"fusion-column-wrapper fusion-column-has-shadow fusion-flex-justify-content-flex-start fusion-content-layout-column\"><div class=\"fusion-title title fusion-title-11 fusion-sep-none fusion-title-center fusion-title-text fusion-title-size-four\" style=\"--awb-text-color:var(--awb-color4);--awb-margin-top:0px;--awb-margin-top-small:0px;--awb-margin-right-small:0px;--awb-margin-bottom-small:30px;--awb-margin-left-small:0px;\"><h4 class=\"fusion-title-heading title-heading-center fusion-responsive-typography-calculated\" style=\"margin:0;text-transform:uppercase;--fontSize:20;--minFontSize:20;line-height:var(--awb-typography1-line-height);\">VOLLER TARIF<br \/>\nNACHSAISON<br \/>\n<span class=\"rosso\">REISEF\u00dcHRER<\/span><\/h4><\/div><div class=\"fusion-text fusion-text-5\" style=\"--awb-content-alignment:center;\"><p>vom 1. Januar bis zum 31. M\u00e4rz<br \/>\nvom 1. bis zum 30. November<\/p>\n<\/div><div class=\"fusion-title title fusion-title-12 fusion-sep-none fusion-title-center fusion-title-text fusion-title-size-five\" style=\"--awb-text-color:var(--awb-color4);--awb-margin-top:0px;--awb-margin-top-small:0px;--awb-margin-right-small:0px;--awb-margin-bottom-small:30px;--awb-margin-left-small:0px;--awb-font-size:18px;\"><h5 class=\"fusion-title-heading title-heading-center fusion-responsive-typography-calculated\" style=\"margin:0;font-size:1em;--fontSize:18;--minFontSize:18;line-height:1.7;\"><strong>70,00 \u20ac<br \/>\n<\/strong>(nur online)<\/h5><\/div><div style=\"text-align:center;\"><a class=\"fusion-button button-flat fusion-button-default-size button-custom fusion-button-default button-2 fusion-button-default-span fusion-button-default-type\" style=\"--button_accent_color:var(--awb-color1);--button_accent_hover_color:var(--awb-color1);--button_border_hover_color:var(--awb-color1);--button_gradient_top_color:var(--awb-color4);--button_gradient_bottom_color:var(--awb-color4);--button_gradient_top_color_hover:var(--awb-color5);--button_gradient_bottom_color_hover:var(--awb-color5);--button_text_transform:uppercase;--button_font_size:16px;--button_typography-letter-spacing:0px;--button_margin-top:10px;\" target=\"_self\" href=\"https:\/\/pass.brav.it\/verona\/frontoffice\" rel=\"noopener\"><span class=\"fusion-button-text awb-button__text awb-button__text--default\">KAUFEN SIE ONLINE<\/span><\/a><\/div><\/div><\/div><div class=\"fusion-layout-column fusion_builder_column fusion-builder-column-6 fusion_builder_column_1_1 1_1 fusion-flex-column\" style=\"--awb-bg-size:cover;--awb-width-large:100%;--awb-margin-top-large:20px;--awb-spacing-right-large:10px;--awb-margin-bottom-large:20px;--awb-spacing-left-large:10px;--awb-width-medium:100%;--awb-order-medium:0;--awb-spacing-right-medium:10px;--awb-spacing-left-medium:10px;--awb-width-small:100%;--awb-order-small:0;--awb-spacing-right-small:10px;--awb-spacing-left-small:10px;\" data-scroll-devices=\"small-visibility,medium-visibility,large-visibility\"><div class=\"fusion-column-wrapper fusion-column-has-shadow fusion-flex-justify-content-flex-start fusion-content-layout-column\"><div class=\"fusion-title title fusion-title-13 fusion-sep-none fusion-title-center fusion-title-text fusion-title-size-three\" style=\"--awb-text-color:var(--awb-color4);--awb-margin-top-small:30px;--awb-margin-right-small:0px;--awb-margin-bottom-small:0px;--awb-margin-left-small:0px;\"><h3 class=\"fusion-title-heading title-heading-center fusion-responsive-typography-calculated\" style=\"font-family:&quot;Montserrat&quot;;font-style:normal;font-weight:500;margin:0;--fontSize:30;line-height:var(--awb-typography1-line-height);\"><strong>PASS ZTL Bus reduzierte Tarife<\/strong><\/h3><\/div><div class=\"fusion-title title fusion-title-14 fusion-sep-none fusion-title-center fusion-title-text fusion-title-size-four\" style=\"--awb-text-color:var(--awb-color5);--awb-margin-top:0px;--awb-margin-top-small:0px;--awb-margin-right-small:0px;--awb-margin-bottom-small:30px;--awb-margin-left-small:0px;\"><h4 class=\"fusion-title-heading title-heading-center fusion-responsive-typography-calculated\" style=\"margin:0;text-transform:none;--fontSize:20;--minFontSize:20;line-height:var(--awb-typography1-line-height);\">Der Ticketkauf ist ausschlie\u00dflich online bis 23:59 Uhr am Vortag der Reise m\u00f6glich<\/h4><\/div><div style=\"text-align:center;\"><a class=\"fusion-button button-flat fusion-button-default-size button-custom fusion-button-default button-3 fusion-button-default-span fusion-button-default-type\" style=\"--button_accent_color:var(--awb-color1);--button_accent_hover_color:var(--awb-color1);--button_border_hover_color:var(--awb-color1);--button_gradient_top_color:var(--awb-color4);--button_gradient_bottom_color:var(--awb-color4);--button_gradient_top_color_hover:var(--awb-color5);--button_gradient_bottom_color_hover:var(--awb-color5);--button_text_transform:uppercase;--button_font_size:16px;--button_typography-letter-spacing:0px;--button_margin-top:10px;--button_margin-bottom:25px;\" target=\"_self\" href=\"https:\/\/pass.brav.it\/verona\/frontoffice\" rel=\"noopener\"><span class=\"fusion-button-text awb-button__text awb-button__text--default\">KAUFEN SIE ONLINE<\/span><\/a><\/div><div class=\"fusion-separator fusion-full-width-sep\" style=\"align-self: center;margin-left: auto;margin-right: auto;margin-top:0px;margin-bottom:20px;width:100%;\"><div class=\"fusion-separator-border sep-single sep-solid\" style=\"--awb-height:20px;--awb-amount:20px;--awb-sep-color:var(--awb-color4);border-color:var(--awb-color4);border-top-width:1px;\"><\/div><\/div><\/div><\/div><div class=\"fusion-layout-column fusion_builder_column fusion-builder-column-7 fusion_builder_column_1_2 1_2 fusion-flex-column\" style=\"--awb-bg-size:cover;--awb-width-large:50%;--awb-margin-top-large:0px;--awb-spacing-right-large:40px;--awb-margin-bottom-large:20px;--awb-spacing-left-large:10px;--awb-width-medium:50%;--awb-order-medium:0;--awb-spacing-right-medium:40px;--awb-spacing-left-medium:10px;--awb-width-small:100%;--awb-order-small:0;--awb-spacing-right-small:10px;--awb-spacing-left-small:10px;\" data-scroll-devices=\"small-visibility,medium-visibility,large-visibility\"><div class=\"fusion-column-wrapper fusion-column-has-shadow fusion-flex-justify-content-flex-start fusion-content-layout-column\"><div class=\"accordian fusion-accordian\" style=\"--awb-border-size:1px;--awb-icon-size:20px;--awb-content-font-size:var(--awb-typography4-font-size);--awb-icon-alignment:left;--awb-hover-color:var(--awb-color2);--awb-border-color:var(--awb-color3);--awb-background-color:var(--awb-color1);--awb-divider-color:var(--awb-color3);--awb-divider-hover-color:var(--awb-color3);--awb-icon-color:var(--awb-color1);--awb-title-color:var(--awb-color1);--awb-content-color:var(--awb-color4);--awb-icon-box-color:var(--awb-color4);--awb-toggle-hover-accent-color:var(--awb-color1);--awb-toggle-active-accent-color:var(--awb-color1);--awb-title-font-family:&quot;Montserrat&quot;;--awb-title-font-weight:500;--awb-title-font-style:normal;--awb-title-font-size:16px;--awb-content-font-family:var(--awb-typography4-font-family);--awb-content-font-weight:var(--awb-typography4-font-weight);--awb-content-font-style:var(--awb-typography4-font-style);\"><div class=\"panel-group fusion-toggle-icon-boxed\" id=\"accordion-19734-1\"><div class=\"fusion-panel panel-default panel-b960becfc12adcfbd fusion-toggle-has-divider\" style=\"--awb-title-color:var(--awb-color8);--awb-content-color:var(--awb-color8);\"><div class=\"panel-heading\"><h4 class=\"panel-title toggle\" id=\"toggle_b960becfc12adcfbd\"><a aria-expanded=\"false\" aria-controls=\"b960becfc12adcfbd\" role=\"button\" data-toggle=\"collapse\" data-parent=\"#accordion-19734-1\" data-target=\"#b960becfc12adcfbd\" href=\"#b960becfc12adcfbd\"><span class=\"fusion-toggle-icon-wrapper\" aria-hidden=\"true\"><i class=\"fa-fusion-box active-icon awb-icon-minus\" aria-hidden=\"true\"><\/i><i class=\"fa-fusion-box inactive-icon awb-icon-plus\" aria-hidden=\"true\"><\/i><\/span><span class=\"fusion-toggle-heading\">Bus max. 25 Personen: 40,00 \u20ac<\/span><\/a><\/h4><\/div><div id=\"b960becfc12adcfbd\" class=\"panel-collapse collapse \" aria-labelledby=\"toggle_b960becfc12adcfbd\"><div class=\"panel-body toggle-content fusion-clearfix\">Reisebusse mit einer maximalen Kapazit\u00e4t von 25 Personen (ohne Fahrer)<\/div><\/div><\/div><div class=\"fusion-panel panel-default panel-0529bbcdc75b3e0ba fusion-toggle-has-divider\" style=\"--awb-title-color:var(--awb-color8);--awb-content-color:var(--awb-color8);\"><div class=\"panel-heading\"><h4 class=\"panel-title toggle\" id=\"toggle_0529bbcdc75b3e0ba\"><a aria-expanded=\"false\" aria-controls=\"0529bbcdc75b3e0ba\" role=\"button\" data-toggle=\"collapse\" data-parent=\"#accordion-19734-1\" data-target=\"#0529bbcdc75b3e0ba\" href=\"#0529bbcdc75b3e0ba\"><span class=\"fusion-toggle-icon-wrapper\" aria-hidden=\"true\"><i class=\"fa-fusion-box active-icon awb-icon-minus\" aria-hidden=\"true\"><\/i><i class=\"fa-fusion-box inactive-icon awb-icon-plus\" aria-hidden=\"true\"><\/i><\/span><span class=\"fusion-toggle-heading\">HOTELS Gardasee: 40,00 \u20ac<\/span><\/a><\/h4><\/div><div id=\"0529bbcdc75b3e0ba\" class=\"panel-collapse collapse \" aria-labelledby=\"toggle_0529bbcdc75b3e0ba\"><div class=\"panel-body toggle-content fusion-clearfix\">Reisebusse, die Touristen, die in Hotels am Gardasee der Gemeinden der Provinz Verona untergebracht sind, entsprechend dem Beschluss Nr. 53\/2009 des Gemeinderats (Affi, Bardolino, Brenzone, Castelnuovo del Garda, Cavaion, Costermano, Garda, Lazise, Malcesine, Pastrengo, Peschiera del Garda, San Zeno di Montagna, Torri del Benaco, Valeggio sul Mincio) nach der Stadt Verona bef\u00f6rdern. Verpflichtung, den Hotelvoucher (oder ein gleichwertiges Dokument), das die Reservierung und die \u00dcbernachtung best\u00e4tigt, aufzulegen.<\/div><\/div><\/div><div class=\"fusion-panel panel-default panel-3512e6f1ed967f2c9 fusion-toggle-has-divider\" style=\"--awb-title-color:var(--awb-color8);--awb-content-color:var(--awb-color8);\"><div class=\"panel-heading\"><h4 class=\"panel-title toggle\" id=\"toggle_3512e6f1ed967f2c9\"><a aria-expanded=\"false\" aria-controls=\"3512e6f1ed967f2c9\" role=\"button\" data-toggle=\"collapse\" data-parent=\"#accordion-19734-1\" data-target=\"#3512e6f1ed967f2c9\" href=\"#3512e6f1ed967f2c9\"><span class=\"fusion-toggle-icon-wrapper\" aria-hidden=\"true\"><i class=\"fa-fusion-box active-icon awb-icon-minus\" aria-hidden=\"true\"><\/i><i class=\"fa-fusion-box inactive-icon awb-icon-plus\" aria-hidden=\"true\"><\/i><\/span><span class=\"fusion-toggle-heading\">HOTELS Provinz Verona: 65,00 \u20ac<\/span><\/a><\/h4><\/div><div id=\"3512e6f1ed967f2c9\" class=\"panel-collapse collapse \" aria-labelledby=\"toggle_3512e6f1ed967f2c9\"><div class=\"panel-body toggle-content fusion-clearfix\">Reisebusse, die Touristen, die in Hotels der der Provinz Verona unterbracht sind, bef\u00f6rdern. Verpflichtung, den Hotelvoucher (oder ein gleichwertiges Dokument), das die Reservierung und die \u00dcbernachtung best\u00e4tigt, aufzulegen.<\/div><\/div><\/div><div class=\"fusion-panel panel-default panel-4d4f88893c2c8b410 fusion-toggle-has-divider\" style=\"--awb-title-color:var(--awb-color8);--awb-content-color:var(--awb-color8);\"><div class=\"panel-heading\"><h4 class=\"panel-title toggle\" id=\"toggle_4d4f88893c2c8b410\"><a aria-expanded=\"false\" aria-controls=\"4d4f88893c2c8b410\" role=\"button\" data-toggle=\"collapse\" data-parent=\"#accordion-19734-1\" data-target=\"#4d4f88893c2c8b410\" href=\"#4d4f88893c2c8b410\"><span class=\"fusion-toggle-icon-wrapper\" aria-hidden=\"true\"><i class=\"fa-fusion-box active-icon awb-icon-minus\" aria-hidden=\"true\"><\/i><i class=\"fa-fusion-box inactive-icon awb-icon-plus\" aria-hidden=\"true\"><\/i><\/span><span class=\"fusion-toggle-heading\">HOTELS Stadt Verona Ankunft oder Abfahrt 15,00 \u20ac<\/span><\/a><\/h4><\/div><div id=\"4d4f88893c2c8b410\" class=\"panel-collapse collapse \" aria-labelledby=\"toggle_4d4f88893c2c8b410\"><div class=\"panel-body toggle-content fusion-clearfix\">\n<p>Reisebusse, die Touristen, am Tag der Ankunft und der Abfahrt zu den Hotels der Stadt bef\u00f6rdern, mit der Verpflichtung, den Hotelvoucher (oder ein gleichwertiges Dokument), das die Reservierung und die \u00dcbernachtung best\u00e4tigt, aufzulegen.<\/p>\n<\/div><\/div><\/div><div class=\"fusion-panel panel-default panel-9ca161eb96d82be23 fusion-toggle-has-divider\" style=\"--awb-title-color:var(--awb-color8);--awb-content-color:var(--awb-color8);\"><div class=\"panel-heading\"><h4 class=\"panel-title toggle\" id=\"toggle_9ca161eb96d82be23\"><a aria-expanded=\"false\" aria-controls=\"9ca161eb96d82be23\" role=\"button\" data-toggle=\"collapse\" data-parent=\"#accordion-19734-1\" data-target=\"#9ca161eb96d82be23\" href=\"#9ca161eb96d82be23\"><span class=\"fusion-toggle-icon-wrapper\" aria-hidden=\"true\"><i class=\"fa-fusion-box active-icon awb-icon-minus\" aria-hidden=\"true\"><\/i><i class=\"fa-fusion-box inactive-icon awb-icon-plus\" aria-hidden=\"true\"><\/i><\/span><span class=\"fusion-toggle-heading\">HOTELS Stadt Verona sonstige Tage: 40,00 \u20ac<\/span><\/a><\/h4><\/div><div id=\"9ca161eb96d82be23\" class=\"panel-collapse collapse \" aria-labelledby=\"toggle_9ca161eb96d82be23\"><div class=\"panel-body toggle-content fusion-clearfix\">Reisebusse, die Touristen, die in Hotels der Stadt untergebracht sind, an anderen Tagen als am Tag der Ankunft und der Abfahrt bef\u00f6rdern. Verpflichtung, den Hotelvoucher (oder ein gleichwertiges Dokument), das die Reservierung und die \u00dcbernachtung best\u00e4tigt, aufzulegen.<\/div><\/div><\/div><\/div><\/div><\/div><\/div><div class=\"fusion-layout-column fusion_builder_column fusion-builder-column-8 fusion_builder_column_1_2 1_2 fusion-flex-column\" style=\"--awb-bg-size:cover;--awb-width-large:50%;--awb-margin-top-large:0px;--awb-spacing-right-large:10px;--awb-margin-bottom-large:20px;--awb-spacing-left-large:40px;--awb-width-medium:50%;--awb-order-medium:0;--awb-spacing-right-medium:10px;--awb-spacing-left-medium:40px;--awb-width-small:100%;--awb-order-small:0;--awb-spacing-right-small:10px;--awb-spacing-left-small:10px;\" data-scroll-devices=\"small-visibility,medium-visibility,large-visibility\"><div class=\"fusion-column-wrapper fusion-column-has-shadow fusion-flex-justify-content-flex-start fusion-content-layout-column\"><div class=\"accordian fusion-accordian\" style=\"--awb-border-size:1px;--awb-icon-size:20px;--awb-content-font-size:var(--awb-typography4-font-size);--awb-icon-alignment:left;--awb-hover-color:var(--awb-color2);--awb-border-color:var(--awb-color3);--awb-background-color:var(--awb-color1);--awb-divider-color:var(--awb-color3);--awb-divider-hover-color:var(--awb-color3);--awb-icon-color:var(--awb-color1);--awb-title-color:var(--awb-color1);--awb-content-color:var(--awb-color4);--awb-icon-box-color:var(--awb-color4);--awb-toggle-hover-accent-color:var(--awb-color1);--awb-toggle-active-accent-color:var(--awb-color1);--awb-title-font-family:&quot;Montserrat&quot;;--awb-title-font-weight:500;--awb-title-font-style:normal;--awb-title-font-size:16px;--awb-content-font-family:var(--awb-typography4-font-family);--awb-content-font-weight:var(--awb-typography4-font-weight);--awb-content-font-style:var(--awb-typography4-font-style);\"><div class=\"panel-group fusion-toggle-icon-boxed\" id=\"accordion-19734-2\"><div class=\"fusion-panel panel-default panel-67003d9505ed8871c fusion-toggle-has-divider\" style=\"--awb-title-color:var(--awb-color8);--awb-content-color:var(--awb-color8);\"><div class=\"panel-heading\"><h4 class=\"panel-title toggle\" id=\"toggle_67003d9505ed8871c\"><a aria-expanded=\"false\" aria-controls=\"67003d9505ed8871c\" role=\"button\" data-toggle=\"collapse\" data-parent=\"#accordion-19734-2\" data-target=\"#67003d9505ed8871c\" href=\"#67003d9505ed8871c\"><span class=\"fusion-toggle-icon-wrapper\" aria-hidden=\"true\"><i class=\"fa-fusion-box active-icon awb-icon-minus\" aria-hidden=\"true\"><\/i><i class=\"fa-fusion-box inactive-icon awb-icon-plus\" aria-hidden=\"true\"><\/i><\/span><span class=\"fusion-toggle-heading\">Abend: 40,00 \u20ac<\/span><\/a><\/h4><\/div><div id=\"67003d9505ed8871c\" class=\"panel-collapse collapse \" aria-labelledby=\"toggle_67003d9505ed8871c\"><div class=\"panel-body toggle-content fusion-clearfix\">Reisebusse mit Zufahrt zur ZTL Bus nach 18.00 Uhr und Verlassen der ZTL vor 02.00 Uhr des folgenden Tags.<\/div><\/div><\/div><div class=\"fusion-panel panel-default panel-b4d90b54804d0046a fusion-toggle-has-divider\" style=\"--awb-title-color:var(--awb-color8);--awb-content-color:var(--awb-color8);\"><div class=\"panel-heading\"><h4 class=\"panel-title toggle\" id=\"toggle_b4d90b54804d0046a\"><a aria-expanded=\"false\" aria-controls=\"b4d90b54804d0046a\" role=\"button\" data-toggle=\"collapse\" data-parent=\"#accordion-19734-2\" data-target=\"#b4d90b54804d0046a\" href=\"#b4d90b54804d0046a\"><span class=\"fusion-toggle-icon-wrapper\" aria-hidden=\"true\"><i class=\"fa-fusion-box active-icon awb-icon-minus\" aria-hidden=\"true\"><\/i><i class=\"fa-fusion-box inactive-icon awb-icon-plus\" aria-hidden=\"true\"><\/i><\/span><span class=\"fusion-toggle-heading\">Arena: 30,00 \u20ac<\/span><\/a><\/h4><\/div><div id=\"b4d90b54804d0046a\" class=\"panel-collapse collapse \" aria-labelledby=\"toggle_b4d90b54804d0046a\"><div class=\"panel-body toggle-content fusion-clearfix\">Reisebusse f\u00fcr Gruppen, die zu den Opernveranstaltungen im Amphitheater Arena fahren, mit Zufahrt nach 18.00 Uhr an den Auff\u00fchrungstagen, mit der Verpflichtung, die Reservierung f\u00fcr den Arena-Abend aufzulegen, mit G\u00fcltigkeit des Scheins bis zum Ende der Auff\u00fchrung.<\/div><\/div><\/div><div class=\"fusion-panel panel-default panel-6d8c4d7e36c9dcdaa fusion-toggle-has-divider\" style=\"--awb-title-color:var(--awb-color8);--awb-content-color:var(--awb-color8);\"><div class=\"panel-heading\"><h4 class=\"panel-title toggle\" id=\"toggle_6d8c4d7e36c9dcdaa\"><a aria-expanded=\"false\" aria-controls=\"6d8c4d7e36c9dcdaa\" role=\"button\" data-toggle=\"collapse\" data-parent=\"#accordion-19734-2\" data-target=\"#6d8c4d7e36c9dcdaa\" href=\"#6d8c4d7e36c9dcdaa\"><span class=\"fusion-toggle-icon-wrapper\" aria-hidden=\"true\"><i class=\"fa-fusion-box active-icon awb-icon-minus\" aria-hidden=\"true\"><\/i><i class=\"fa-fusion-box inactive-icon awb-icon-plus\" aria-hidden=\"true\"><\/i><\/span><span class=\"fusion-toggle-heading\">Philharmonisches Theater: 30,00 \u20ac<\/span><\/a><\/h4><\/div><div id=\"6d8c4d7e36c9dcdaa\" class=\"panel-collapse collapse \" aria-labelledby=\"toggle_6d8c4d7e36c9dcdaa\"><div class=\"panel-body toggle-content fusion-clearfix\">Reisebusse zum Philharmonischen Theater f\u00fcr die musikalischen Auff\u00fchrungen der Fondazione Arena, mit Zufahrt zur ZTL Bus innerhalb von zwei Stunden vor Beginn der Auff\u00fchrung und mit der Verpflichtung, die Platzreservierung f\u00fcr die Auff\u00fchrung aufzulegen, mit G\u00fcltigkeit des Scheins bis zum Ende der Auff\u00fchrung.<\/div><\/div><\/div><div class=\"fusion-panel panel-default panel-1e28dd90e58ceeb3b fusion-toggle-has-divider\" style=\"--awb-title-color:var(--awb-color8);--awb-content-color:var(--awb-color8);\"><div class=\"panel-heading\"><h4 class=\"panel-title toggle\" id=\"toggle_1e28dd90e58ceeb3b\"><a aria-expanded=\"false\" aria-controls=\"1e28dd90e58ceeb3b\" role=\"button\" data-toggle=\"collapse\" data-parent=\"#accordion-19734-2\" data-target=\"#1e28dd90e58ceeb3b\" href=\"#1e28dd90e58ceeb3b\"><span class=\"fusion-toggle-icon-wrapper\" aria-hidden=\"true\"><i class=\"fa-fusion-box active-icon awb-icon-minus\" aria-hidden=\"true\"><\/i><i class=\"fa-fusion-box inactive-icon awb-icon-plus\" aria-hidden=\"true\"><\/i><\/span><span class=\"fusion-toggle-heading\">Ans\u00e4ssige der Provinz Verona : 40,00 \u20ac<\/span><\/a><\/h4><\/div><div id=\"1e28dd90e58ceeb3b\" class=\"panel-collapse collapse \" aria-labelledby=\"toggle_1e28dd90e58ceeb3b\"><div class=\"panel-body toggle-content fusion-clearfix\">Reisebusse, die Gruppen von Ans\u00e4ssigen der Provinz Verona bef\u00f6rdern<\/div><\/div><\/div><\/div><\/div><\/div><\/div><div class=\"fusion-layout-column fusion_builder_column fusion-builder-column-9 fusion_builder_column_1_1 1_1 fusion-flex-column\" style=\"--awb-bg-size:cover;--awb-width-large:100%;--awb-margin-top-large:20px;--awb-spacing-right-large:10px;--awb-margin-bottom-large:20px;--awb-spacing-left-large:10px;--awb-width-medium:100%;--awb-order-medium:0;--awb-spacing-right-medium:10px;--awb-spacing-left-medium:10px;--awb-width-small:100%;--awb-order-small:0;--awb-spacing-right-small:10px;--awb-spacing-left-small:10px;\" data-scroll-devices=\"small-visibility,medium-visibility,large-visibility\"><div class=\"fusion-column-wrapper fusion-column-has-shadow fusion-flex-justify-content-flex-start fusion-content-layout-column\"><div class=\"fusion-title title fusion-title-15 fusion-sep-none fusion-title-center fusion-title-text fusion-title-size-three\" style=\"--awb-text-color:var(--awb-color4);--awb-margin-top-small:30px;--awb-margin-right-small:0px;--awb-margin-bottom-small:0px;--awb-margin-left-small:0px;\"><h3 class=\"fusion-title-heading title-heading-center fusion-responsive-typography-calculated\" style=\"font-family:&quot;Montserrat&quot;;font-style:normal;font-weight:500;margin:0;--fontSize:30;line-height:var(--awb-typography1-line-height);\"><strong>Kostenlose PASS ZTL Bus <\/strong><\/h3><\/div><div class=\"fusion-title title fusion-title-16 fusion-sep-none fusion-title-center fusion-title-text fusion-title-size-four\" style=\"--awb-text-color:var(--awb-color5);--awb-margin-top:0px;--awb-margin-top-small:0px;--awb-margin-right-small:0px;--awb-margin-bottom-small:30px;--awb-margin-left-small:0px;\"><h4 class=\"fusion-title-heading title-heading-center fusion-responsive-typography-calculated\" style=\"margin:0;text-transform:none;--fontSize:20;--minFontSize:20;line-height:var(--awb-typography1-line-height);\">Der Ticketkauf ist ausschlie\u00dflich online bis 23:59 Uhr am Vortag der Reise m\u00f6glich<\/h4><\/div><div style=\"text-align:center;\"><a class=\"fusion-button button-flat fusion-button-default-size button-custom fusion-button-default button-4 fusion-button-default-span fusion-button-default-type\" style=\"--button_accent_color:var(--awb-color1);--button_accent_hover_color:var(--awb-color1);--button_border_hover_color:var(--awb-color1);--button_gradient_top_color:var(--awb-color4);--button_gradient_bottom_color:var(--awb-color4);--button_gradient_top_color_hover:var(--awb-color5);--button_gradient_bottom_color_hover:var(--awb-color5);--button_text_transform:uppercase;--button_font_size:16px;--button_typography-letter-spacing:0px;--button_margin-top:10px;--button_margin-bottom:25px;\" target=\"_self\" href=\"https:\/\/pass.brav.it\/verona\/frontoffice\" rel=\"noopener\"><span class=\"fusion-button-text awb-button__text awb-button__text--default\">KAUFEN SIE ONLINE<\/span><\/a><\/div><div class=\"fusion-separator fusion-full-width-sep\" style=\"align-self: center;margin-left: auto;margin-right: auto;margin-top:0px;margin-bottom:20px;width:100%;\"><div class=\"fusion-separator-border sep-single sep-solid\" style=\"--awb-height:20px;--awb-amount:20px;--awb-sep-color:var(--awb-color4);border-color:var(--awb-color4);border-top-width:1px;\"><\/div><\/div><\/div><\/div><div class=\"fusion-layout-column fusion_builder_column fusion-builder-column-10 fusion_builder_column_1_2 1_2 fusion-flex-column\" style=\"--awb-bg-size:cover;--awb-width-large:50%;--awb-margin-top-large:0px;--awb-spacing-right-large:10px;--awb-margin-bottom-large:20px;--awb-spacing-left-large:40px;--awb-width-medium:50%;--awb-order-medium:0;--awb-spacing-right-medium:10px;--awb-spacing-left-medium:40px;--awb-width-small:100%;--awb-order-small:0;--awb-spacing-right-small:10px;--awb-spacing-left-small:10px;\" data-scroll-devices=\"small-visibility,medium-visibility,large-visibility\"><div class=\"fusion-column-wrapper fusion-column-has-shadow fusion-flex-justify-content-flex-start fusion-content-layout-column\"><div class=\"accordian fusion-accordian\" style=\"--awb-border-size:1px;--awb-icon-size:20px;--awb-content-font-size:var(--awb-typography4-font-size);--awb-icon-alignment:left;--awb-hover-color:var(--awb-color2);--awb-border-color:var(--awb-color3);--awb-background-color:var(--awb-color1);--awb-divider-color:var(--awb-color3);--awb-divider-hover-color:var(--awb-color3);--awb-icon-color:var(--awb-color1);--awb-title-color:var(--awb-color1);--awb-content-color:var(--awb-color4);--awb-icon-box-color:var(--awb-color4);--awb-toggle-hover-accent-color:var(--awb-color1);--awb-toggle-active-accent-color:var(--awb-color1);--awb-title-font-family:&quot;Montserrat&quot;;--awb-title-font-weight:500;--awb-title-font-style:normal;--awb-title-font-size:16px;--awb-content-font-family:var(--awb-typography4-font-family);--awb-content-font-weight:var(--awb-typography4-font-weight);--awb-content-font-style:var(--awb-typography4-font-style);\"><div class=\"panel-group fusion-toggle-icon-boxed\" id=\"accordion-19734-3\"><div class=\"fusion-panel panel-default panel-a1384aba79c001da2 fusion-toggle-has-divider\" style=\"--awb-title-color:var(--awb-color8);--awb-content-color:var(--awb-color8);\"><div class=\"panel-heading\"><h4 class=\"panel-title toggle\" id=\"toggle_a1384aba79c001da2\"><a aria-expanded=\"false\" aria-controls=\"a1384aba79c001da2\" role=\"button\" data-toggle=\"collapse\" data-parent=\"#accordion-19734-3\" data-target=\"#a1384aba79c001da2\" href=\"#a1384aba79c001da2\"><span class=\"fusion-toggle-icon-wrapper\" aria-hidden=\"true\"><i class=\"fa-fusion-box active-icon awb-icon-minus\" aria-hidden=\"true\"><\/i><i class=\"fa-fusion-box inactive-icon awb-icon-plus\" aria-hidden=\"true\"><\/i><\/span><span class=\"fusion-toggle-heading\">Schule<\/span><\/a><\/h4><\/div><div id=\"a1384aba79c001da2\" class=\"panel-collapse collapse \" aria-labelledby=\"toggle_a1384aba79c001da2\"><div class=\"panel-body toggle-content fusion-clearfix\">Reisebusse, die Schulgruppen aller Arten, Stufen und Staatsangeh\u00f6rigkeiten bef\u00f6rdern, mit der Verpflichtung, eine Erkl\u00e4rung auf Briefpapier der Schule aufzulegen, die den Ausflug nach Verona best\u00e4tigt.<\/div><\/div><\/div><div class=\"fusion-panel panel-default panel-a8a41fbf09780494e fusion-toggle-has-divider\" style=\"--awb-title-color:var(--awb-color8);--awb-content-color:var(--awb-color8);\"><div class=\"panel-heading\"><h4 class=\"panel-title toggle\" id=\"toggle_a8a41fbf09780494e\"><a aria-expanded=\"false\" aria-controls=\"a8a41fbf09780494e\" role=\"button\" data-toggle=\"collapse\" data-parent=\"#accordion-19734-3\" data-target=\"#a8a41fbf09780494e\" href=\"#a8a41fbf09780494e\"><span class=\"fusion-toggle-icon-wrapper\" aria-hidden=\"true\"><i class=\"fa-fusion-box active-icon awb-icon-minus\" aria-hidden=\"true\"><\/i><i class=\"fa-fusion-box inactive-icon awb-icon-plus\" aria-hidden=\"true\"><\/i><\/span><span class=\"fusion-toggle-heading\">Stadion \/ Sporthalle \/ Gavagnin<\/span><\/a><\/h4><\/div><div id=\"a8a41fbf09780494e\" class=\"panel-collapse collapse \" aria-labelledby=\"toggle_a8a41fbf09780494e\"><div class=\"panel-body toggle-content fusion-clearfix\">Reisebusse, die anl\u00e4sslich von Veranstaltungen zum Stadion oder zur Sporthalle \u201ePalazzetto dello Sport\u201c fahren und dabei die Verbindungsstra\u00dfe zwischen der Autobahnausfahrt Verona Nord und dem Stadion verwenden. Reisebusse, die anl\u00e4sslich von Veranstaltungen zum Stadion Gavagnin-Nocini fahren und dabei die Umfahrungsstra\u00dfe Tangenziale Est zwischen der Autobahnverbindung und dem Stadion Gavagnin-Nocini verwenden.<\/div><\/div><\/div><div class=\"fusion-panel panel-default panel-9707a917677245742 fusion-toggle-has-divider\" style=\"--awb-title-color:var(--awb-color8);--awb-content-color:var(--awb-color8);\"><div class=\"panel-heading\"><h4 class=\"panel-title toggle\" id=\"toggle_9707a917677245742\"><a aria-expanded=\"false\" aria-controls=\"9707a917677245742\" role=\"button\" data-toggle=\"collapse\" data-parent=\"#accordion-19734-3\" data-target=\"#9707a917677245742\" href=\"#9707a917677245742\"><span class=\"fusion-toggle-icon-wrapper\" aria-hidden=\"true\"><i class=\"fa-fusion-box active-icon awb-icon-minus\" aria-hidden=\"true\"><\/i><i class=\"fa-fusion-box inactive-icon awb-icon-plus\" aria-hidden=\"true\"><\/i><\/span><span class=\"fusion-toggle-heading\">Messegel\u00e4nde Verona<\/span><\/a><\/h4><\/div><div id=\"9707a917677245742\" class=\"panel-collapse collapse \" aria-labelledby=\"toggle_9707a917677245742\"><div class=\"panel-body toggle-content fusion-clearfix\">Reisebusse zu den Parkpl\u00e4tzen des Messegel\u00e4ndes von Verona, beschr\u00e4nkt auf den Stra\u00dfenabschnitt zwischen diesen Parkpl\u00e4tzen und der Autobahnausfahrt Verona Sud oder der Ausfahrt Alpo der Umfahrungsstra\u00dfe Tangenziale Sud.<\/div><\/div><\/div><\/div><\/div><\/div><\/div><div class=\"fusion-layout-column fusion_builder_column fusion-builder-column-11 fusion_builder_column_1_2 1_2 fusion-flex-column\" style=\"--awb-bg-size:cover;--awb-width-large:50%;--awb-margin-top-large:0px;--awb-spacing-right-large:10px;--awb-margin-bottom-large:20px;--awb-spacing-left-large:40px;--awb-width-medium:50%;--awb-order-medium:0;--awb-spacing-right-medium:10px;--awb-spacing-left-medium:40px;--awb-width-small:100%;--awb-order-small:0;--awb-spacing-right-small:10px;--awb-spacing-left-small:10px;\" data-scroll-devices=\"small-visibility,medium-visibility,large-visibility\"><div class=\"fusion-column-wrapper fusion-column-has-shadow fusion-flex-justify-content-flex-start fusion-content-layout-column\"><div class=\"accordian fusion-accordian\" style=\"--awb-border-size:1px;--awb-icon-size:20px;--awb-content-font-size:var(--awb-typography4-font-size);--awb-icon-alignment:left;--awb-hover-color:var(--awb-color2);--awb-border-color:var(--awb-color3);--awb-background-color:var(--awb-color1);--awb-divider-color:var(--awb-color3);--awb-divider-hover-color:var(--awb-color3);--awb-icon-color:var(--awb-color1);--awb-title-color:var(--awb-color1);--awb-content-color:var(--awb-color4);--awb-icon-box-color:var(--awb-color4);--awb-toggle-hover-accent-color:var(--awb-color1);--awb-toggle-active-accent-color:var(--awb-color1);--awb-title-font-family:&quot;Montserrat&quot;;--awb-title-font-weight:500;--awb-title-font-style:normal;--awb-title-font-size:16px;--awb-content-font-family:var(--awb-typography4-font-family);--awb-content-font-weight:var(--awb-typography4-font-weight);--awb-content-font-style:var(--awb-typography4-font-style);\"><div class=\"panel-group fusion-toggle-icon-boxed\" id=\"accordion-19734-4\"><div class=\"fusion-panel panel-default panel-4ee311c8a7b30d2c8 fusion-toggle-has-divider\" style=\"--awb-title-color:var(--awb-color8);--awb-content-color:var(--awb-color8);\"><div class=\"panel-heading\"><h4 class=\"panel-title toggle\" id=\"toggle_4ee311c8a7b30d2c8\"><a aria-expanded=\"false\" aria-controls=\"4ee311c8a7b30d2c8\" role=\"button\" data-toggle=\"collapse\" data-parent=\"#accordion-19734-4\" data-target=\"#4ee311c8a7b30d2c8\" href=\"#4ee311c8a7b30d2c8\"><span class=\"fusion-toggle-icon-wrapper\" aria-hidden=\"true\"><i class=\"fa-fusion-box active-icon awb-icon-minus\" aria-hidden=\"true\"><\/i><i class=\"fa-fusion-box inactive-icon awb-icon-plus\" aria-hidden=\"true\"><\/i><\/span><span class=\"fusion-toggle-heading\">Ans\u00e4ssige der Stadt Verona<\/span><\/a><\/h4><\/div><div id=\"4ee311c8a7b30d2c8\" class=\"panel-collapse collapse \" aria-labelledby=\"toggle_4ee311c8a7b30d2c8\"><div class=\"panel-body toggle-content fusion-clearfix\">Reisebusse f\u00fcr Gruppen von in der Stadt ans\u00e4ssigen Personen<\/div><\/div><\/div><div class=\"fusion-panel panel-default panel-92670fb80aeb0f457 fusion-toggle-has-divider\" style=\"--awb-title-color:var(--awb-color8);--awb-content-color:var(--awb-color8);\"><div class=\"panel-heading\"><h4 class=\"panel-title toggle\" id=\"toggle_92670fb80aeb0f457\"><a aria-expanded=\"false\" aria-controls=\"92670fb80aeb0f457\" role=\"button\" data-toggle=\"collapse\" data-parent=\"#accordion-19734-4\" data-target=\"#92670fb80aeb0f457\" href=\"#92670fb80aeb0f457\"><span class=\"fusion-toggle-icon-wrapper\" aria-hidden=\"true\"><i class=\"fa-fusion-box active-icon awb-icon-minus\" aria-hidden=\"true\"><\/i><i class=\"fa-fusion-box inactive-icon awb-icon-plus\" aria-hidden=\"true\"><\/i><\/span><span class=\"fusion-toggle-heading\">Behinderte <\/span><\/a><\/h4><\/div><div id=\"92670fb80aeb0f457\" class=\"panel-collapse collapse \" aria-labelledby=\"toggle_92670fb80aeb0f457\"><div class=\"panel-body toggle-content fusion-clearfix\">Reisebusse, in denen mindestens 50% der verf\u00fcgbaren Pl\u00e4tze f\u00fcr behinderte Personen zur Verf\u00fcgung stehen, die \u00fcber eine entsprechende Bescheinigung verf\u00fcgen.<\/div><\/div><\/div><\/div><\/div><\/div><\/div><\/div><\/div><div class=\"fusion-fullwidth fullwidth-box fusion-builder-row-3 fusion-flex-container has-pattern-background has-mask-background nonhundred-percent-fullwidth non-hundred-percent-height-scrolling\" style=\"--awb-border-radius-top-left:0px;--awb-border-radius-top-right:0px;--awb-border-radius-bottom-right:0px;--awb-border-radius-bottom-left:0px;--awb-margin-top:30px;--awb-flex-wrap:wrap;\" ><div class=\"fusion-builder-row fusion-row fusion-flex-align-items-flex-start fusion-flex-content-wrap\" style=\"max-width:1248px;margin-left: calc(-4% \/ 2 );margin-right: calc(-4% \/ 2 );\"><div class=\"fusion-layout-column fusion_builder_column fusion-builder-column-12 fusion_builder_column_1_1 1_1 fusion-flex-column\" style=\"--awb-bg-size:cover;--awb-width-large:100%;--awb-margin-top-large:0px;--awb-spacing-right-large:1.92%;--awb-margin-bottom-large:20px;--awb-spacing-left-large:1.92%;--awb-width-medium:100%;--awb-order-medium:0;--awb-spacing-right-medium:1.92%;--awb-spacing-left-medium:1.92%;--awb-width-small:100%;--awb-order-small:0;--awb-spacing-right-small:1.92%;--awb-spacing-left-small:1.92%;\"><div class=\"fusion-column-wrapper fusion-column-has-shadow fusion-flex-justify-content-flex-start fusion-content-layout-column\"><div class=\"fusion-text fusion-text-6\" style=\"--awb-content-alignment:center;\"><p>Weitere Informationen und Einblicke: <a href=\"https:\/\/www.amt3.it\/de\/verkehrsberuhigte-zone-ztl-in-verona\/ztl-in-verona-reisebusse\/\">Tourismus \u2013 Touristenbusse<\/a><\/p>\n<\/div><\/div><\/div><\/div><\/div><\/p>\n","protected":false},"excerpt":{"rendered":"","protected":false},"author":3,"featured_media":0,"parent":19555,"menu_order":0,"comment_status":"closed","ping_status":"closed","template":"","meta":{"_acf_changed":false,"footnotes":""},"class_list":["post-19734","page","type-page","status-publish","hentry"],"acf":[],"_links":{"self":[{"href":"https:\/\/www.amt3.it\/de\/wp-json\/wp\/v2\/pages\/19734","targetHints":{"allow":["GET"]}}],"collection":[{"href":"https:\/\/www.amt3.it\/de\/wp-json\/wp\/v2\/pages"}],"about":[{"href":"https:\/\/www.amt3.it\/de\/wp-json\/wp\/v2\/types\/page"}],"author":[{"embeddable":true,"href":"https:\/\/www.amt3.it\/de\/wp-json\/wp\/v2\/users\/3"}],"replies":[{"embeddable":true,"href":"https:\/\/www.amt3.it\/de\/wp-json\/wp\/v2\/comments?post=19734"}],"version-history":[{"count":12,"href":"https:\/\/www.amt3.it\/de\/wp-json\/wp\/v2\/pages\/19734\/revisions"}],"predecessor-version":[{"id":22858,"href":"https:\/\/www.amt3.it\/de\/wp-json\/wp\/v2\/pages\/19734\/revisions\/22858"}],"up":[{"embeddable":true,"href":"https:\/\/www.amt3.it\/de\/wp-json\/wp\/v2\/pages\/19555"}],"wp:attachment":[{"href":"https:\/\/www.amt3.it\/de\/wp-json\/wp\/v2\/media?parent=19734"}],"curies":[{"name":"wp","href":"https:\/\/api.w.org\/{rel}","templated":true}]}}