{"id":19579,"date":"2024-02-01T14:54:27","date_gmt":"2024-02-01T13:54:27","guid":{"rendered":"https:\/\/www.amt3.it\/area-sosta-camper-verona-porta-palio\/"},"modified":"2025-11-19T14:30:07","modified_gmt":"2025-11-19T13:30:07","slug":"reisemobilstellplatz-porta-palio-verona","status":"publish","type":"page","link":"https:\/\/www.amt3.it\/de\/reisemobilstellplatz-porta-palio-verona\/","title":{"rendered":"Reisemobilstellplatz \u201cPorta Palio\u201d Verona"},"content":{"rendered":"<p><div id=\"zona-salita-discesa\" class=\"fusion-container-anchor\"><div class=\"fusion-fullwidth fullwidth-box fusion-builder-row-1 fusion-flex-container has-pattern-background has-mask-background hundred-percent-fullwidth non-hundred-percent-height-scrolling\" style=\"--awb-border-color:var(--awb-color4);--awb-border-radius-top-left:0px;--awb-border-radius-top-right:0px;--awb-border-radius-bottom-right:0px;--awb-border-radius-bottom-left:0px;--awb-padding-right-medium:50px;--awb-padding-right-small:50px;--awb-background-color:var(--awb-color1);--awb-flex-wrap:wrap;\" ><div class=\"fusion-builder-row fusion-row fusion-flex-align-items-flex-start fusion-flex-content-wrap\" style=\"width:calc( 100% + 20px ) !important;max-width:calc( 100% + 20px ) !important;margin-left: calc(-20px \/ 2 );margin-right: calc(-20px \/ 2 );\"><div class=\"fusion-layout-column fusion_builder_column fusion-builder-column-0 fusion_builder_column_1_1 1_1 fusion-flex-column\" style=\"--awb-bg-size:cover;--awb-width-large:100%;--awb-margin-top-large:40px;--awb-spacing-right-large:10px;--awb-margin-bottom-large:50px;--awb-spacing-left-large:10px;--awb-width-medium:100%;--awb-order-medium:0;--awb-spacing-right-medium:10px;--awb-spacing-left-medium:10px;--awb-width-small:100%;--awb-order-small:0;--awb-spacing-right-small:10px;--awb-spacing-left-small:10px;\" data-scroll-devices=\"small-visibility,medium-visibility,large-visibility\"><div class=\"fusion-column-wrapper fusion-column-has-shadow fusion-flex-justify-content-flex-start fusion-content-layout-column\"><div style=\"--awb-height:550px;--awb-popup-close-btn-color:var(--awb-color5);--awb-popup-padding-bottom:20px;\" class=\"awb-openstreet-map awb-openstreet-map-1\" data-map-style=\"esri-topo\" data-map-type=\"marker\" data-zoom=\"14.0\" data-zoomsnap=\"1.0\" data-zoomcontrol=\"1\" data-scrollwheelzoom=\"\" data-dragging=\"1\" data-touchzoom=\"1\" data-dbclickzoom=\"1\" data-fitbounds=\"\" data-shape-color=\"rgba(200,22,25,1)\" data-shape-weight=\"3\"><div class=\"awb-openstreet-map-marker awb-openstreet-map-marker-1\" data-latitude=\"45.4332535\" data-longitude=\"10.9791451\" data-icon=\"fa-map-marker-alt fas\" data-action=\"popup\"><div class=\"awb-openstreet-map-marker-icon-wrapper\" style=\"--awb-size:70px;--awb-color:var(--awb-color4);--awb-background-color:rgba(57,72,115,0);--awb-hover-color:var(--awb-color5);--awb-hover-background-color:rgba(232,28,31,0);\"><i class=\"fa-map-marker-alt fas\"><\/i><\/div><div class=\"awb-openstreet-map-content-wrapper\"><h5 class=\"awb-openstreet-map-marker-title\">Parkplatz Porta Palio<\/h5><div class=\"awb-openstreet-map-marker-content\"><a href=\"https:\/\/maps.app.goo.gl\/f3ZB24aeXs8SqfsCA\" target=\"_blank\" rel=\"noopener\">\nBring mich hierher<\/a><\/div><\/div><\/div><\/div><\/div><\/div><\/div><\/div><\/div><div class=\"fusion-fullwidth fullwidth-box fusion-builder-row-2 fusion-flex-container has-pattern-background has-mask-background nonhundred-percent-fullwidth non-hundred-percent-height-scrolling\" style=\"--link_color: var(--awb-color4);--awb-border-radius-top-left:0px;--awb-border-radius-top-right:0px;--awb-border-radius-bottom-right:0px;--awb-border-radius-bottom-left:0px;--awb-margin-top:0px;--awb-background-color:var(--awb-color1);--awb-flex-wrap:wrap;\" ><div class=\"fusion-builder-row fusion-row fusion-flex-align-items-flex-start fusion-flex-content-wrap\" style=\"max-width:calc( 1200px + 20px );margin-left: calc(-20px \/ 2 );margin-right: calc(-20px \/ 2 );\"><div class=\"fusion-layout-column fusion_builder_column fusion-builder-column-1 fusion_builder_column_1_1 1_1 fusion-flex-column\" style=\"--awb-bg-size:cover;--awb-width-large:100%;--awb-margin-top-large:0px;--awb-spacing-right-large:10px;--awb-margin-bottom-large:50px;--awb-spacing-left-large:10px;--awb-width-medium:100%;--awb-order-medium:0;--awb-spacing-right-medium:10px;--awb-spacing-left-medium:10px;--awb-width-small:100%;--awb-order-small:0;--awb-spacing-right-small:10px;--awb-spacing-left-small:10px;\" data-scroll-devices=\"small-visibility,medium-visibility,large-visibility\"><div class=\"fusion-column-wrapper fusion-column-has-shadow fusion-flex-justify-content-flex-start fusion-content-layout-column\"><div class=\"fusion-text fusion-text-1 fusion-text-no-margin\" style=\"--awb-font-size:14px;--awb-line-height:22px;--awb-margin-bottom:20px;\"><p><a class=\"fusion-breadcrumb-link\" href=\"https:\/\/www.amt3.it\/de\/\">Home<\/a> \/\u00a0<a class=\"fusion-breadcrumb-link\" href=\"https:\/\/www.amt3.it\/de\/parkplaetze-verona\/\">Parkpl\u00e4tze Verona<\/a> \/\u00a0Reisemobilstellplatz \u201cPorta Palio\u201d Verona<\/p>\n<\/div><div class=\"fusion-title title fusion-title-1 fusion-sep-none fusion-title-text fusion-title-size-one\" style=\"--awb-text-color:var(--awb-color4);--awb-margin-top:0px;--awb-margin-top-small:0px;--awb-margin-right-small:0px;--awb-margin-bottom-small:30px;--awb-margin-left-small:0px;\"><h1 class=\"fusion-title-heading title-heading-left fusion-responsive-typography-calculated\" style=\"font-family:&quot;Montserrat&quot;;font-style:normal;font-weight:500;margin:0;text-transform:uppercase;--fontSize:60;line-height:var(--awb-typography1-line-height);\"><strong>REISEMOBILSTELLPLATZ <span class=\"rosso\">&#8222;Porta Palio&#8220;<\/span><br \/>\n<\/strong><span style=\"font-size: 40px;\">Via G. Dalla Bona<\/span><\/h1><\/div><div class=\"fusion-title title fusion-title-2 fusion-sep-none fusion-title-text fusion-title-size-two\" style=\"--awb-text-color:var(--awb-color4);--awb-margin-top:0px;--awb-margin-top-small:0px;--awb-margin-right-small:0px;--awb-margin-bottom-small:30px;--awb-margin-left-small:0px;\"><h2 class=\"fusion-title-heading title-heading-left fusion-responsive-typography-calculated\" style=\"font-family:&quot;Montserrat&quot;;font-style:normal;font-weight:500;margin:0;text-transform:uppercase;--fontSize:36;line-height:var(--awb-typography1-line-height);\">VERF\u00dcGBARKEIT IN ECHTZEIT:\u00a0 <span id=\"freecamper\" class=\"disponibili\"><\/span>\u00a0 von <span id=\"posticamper\"><\/span><\/h2><\/div><\/div><\/div><\/div><\/div><div class=\"fusion-fullwidth fullwidth-box fusion-builder-row-3 fusion-flex-container has-pattern-background has-mask-background nonhundred-percent-fullwidth non-hundred-percent-height-scrolling\" style=\"--awb-border-radius-top-left:0px;--awb-border-radius-top-right:0px;--awb-border-radius-bottom-right:0px;--awb-border-radius-bottom-left:0px;--awb-flex-wrap:wrap;\" ><div class=\"fusion-builder-row fusion-row fusion-flex-align-items-flex-start fusion-flex-justify-content-center fusion-flex-content-wrap\" style=\"max-width:calc( 1200px + 10px );margin-left: calc(-10px \/ 2 );margin-right: calc(-10px \/ 2 );\"><div class=\"fusion-layout-column fusion_builder_column fusion-builder-column-2 fusion_builder_column_1_6 1_6 fusion-flex-column\" style=\"--awb-bg-size:cover;--awb-width-large:16.666666666667%;--awb-margin-top-large:0px;--awb-spacing-right-large:5px;--awb-margin-bottom-large:20px;--awb-spacing-left-large:5px;--awb-width-medium:16.666666666667%;--awb-order-medium:0;--awb-spacing-right-medium:5px;--awb-spacing-left-medium:5px;--awb-width-small:100%;--awb-order-small:0;--awb-spacing-right-small:5px;--awb-spacing-left-small:5px;\"><div class=\"fusion-column-wrapper fusion-column-has-shadow fusion-flex-justify-content-flex-start fusion-content-layout-column\"><i class=\"fb-icon-element-1 fb-icon-element fontawesome-icon icon-icon-carbarriera-pieno circle-yes\" style=\"--awb-circlecolor:var(--awb-color4);--awb-circlebordersize:0px;--awb-font-size:61.6px;--awb-width:123.2px;--awb-height:123.2px;--awb-line-height:123.2px;--awb-align-self:center;--awb-margin-top:0px;--awb-margin-right:0px;--awb-margin-bottom:20px;--awb-margin-left:0px;\"><\/i><div class=\"fusion-title title fusion-title-3 fusion-sep-none fusion-title-center fusion-title-text fusion-title-size-four\" style=\"--awb-text-color:var(--awb-color4);--awb-margin-top:0px;--awb-margin-top-small:0px;--awb-margin-right-small:0px;--awb-margin-bottom-small:30px;--awb-margin-left-small:0px;\"><h4 class=\"fusion-title-heading title-heading-center fusion-responsive-typography-calculated\" style=\"margin:0;--fontSize:20;--minFontSize:20;line-height:var(--awb-typography1-line-height);\">Unbewachter ebenerdiger Parkplatz<\/h4><\/div><\/div><\/div><div class=\"fusion-layout-column fusion_builder_column fusion-builder-column-3 fusion_builder_column_1_6 1_6 fusion-flex-column\" style=\"--awb-bg-size:cover;--awb-width-large:16.666666666667%;--awb-margin-top-large:0px;--awb-spacing-right-large:5px;--awb-margin-bottom-large:20px;--awb-spacing-left-large:5px;--awb-width-medium:16.666666666667%;--awb-order-medium:0;--awb-spacing-right-medium:5px;--awb-spacing-left-medium:5px;--awb-width-small:100%;--awb-order-small:0;--awb-spacing-right-small:5px;--awb-spacing-left-small:5px;\"><div class=\"fusion-column-wrapper fusion-column-has-shadow fusion-flex-justify-content-flex-start fusion-content-layout-column\"><i class=\"fb-icon-element-2 fb-icon-element fontawesome-icon fa-clock fas circle-yes\" style=\"--awb-circlecolor:var(--awb-color4);--awb-circlebordersize:0px;--awb-font-size:61.6px;--awb-width:123.2px;--awb-height:123.2px;--awb-line-height:123.2px;--awb-align-self:center;--awb-margin-top:0px;--awb-margin-right:0px;--awb-margin-bottom:20px;--awb-margin-left:0px;\"><\/i><div class=\"fusion-title title fusion-title-4 fusion-sep-none fusion-title-center fusion-title-text fusion-title-size-four\" style=\"--awb-text-color:var(--awb-color4);--awb-margin-top:0px;--awb-margin-top-small:0px;--awb-margin-right-small:0px;--awb-margin-bottom-small:30px;--awb-margin-left-small:0px;\"><h4 class=\"fusion-title-heading title-heading-center fusion-responsive-typography-calculated\" style=\"margin:0;--fontSize:20;--minFontSize:20;line-height:var(--awb-typography1-line-height);\"><p>H24<br \/>\n7\/7<\/p><\/h4><\/div><\/div><\/div><div class=\"fusion-layout-column fusion_builder_column fusion-builder-column-4 fusion_builder_column_1_6 1_6 fusion-flex-column\" style=\"--awb-bg-size:cover;--awb-width-large:16.666666666667%;--awb-margin-top-large:0px;--awb-spacing-right-large:5px;--awb-margin-bottom-large:20px;--awb-spacing-left-large:5px;--awb-width-medium:16.666666666667%;--awb-order-medium:0;--awb-spacing-right-medium:5px;--awb-spacing-left-medium:5px;--awb-width-small:100%;--awb-order-small:0;--awb-spacing-right-small:5px;--awb-spacing-left-small:5px;\"><div class=\"fusion-column-wrapper fusion-column-has-shadow fusion-flex-justify-content-flex-start fusion-content-layout-column\"><i class=\"fb-icon-element-3 fb-icon-element fontawesome-icon icon-icon-cassa-automatica circle-yes\" style=\"--awb-circlecolor:var(--awb-color4);--awb-circlebordersize:0px;--awb-font-size:61.6px;--awb-width:123.2px;--awb-height:123.2px;--awb-line-height:123.2px;--awb-align-self:center;--awb-margin-top:0px;--awb-margin-right:0px;--awb-margin-bottom:20px;--awb-margin-left:0px;\"><\/i><div class=\"fusion-title title fusion-title-5 fusion-sep-none fusion-title-center fusion-title-text fusion-title-size-four\" style=\"--awb-text-color:var(--awb-color4);--awb-margin-top:0px;--awb-margin-right:30px;--awb-margin-left:30px;--awb-margin-top-small:0px;--awb-margin-right-small:0px;--awb-margin-bottom-small:30px;--awb-margin-left-small:0px;\"><h4 class=\"fusion-title-heading title-heading-center fusion-responsive-typography-calculated\" style=\"margin:0;--fontSize:20;--minFontSize:20;line-height:var(--awb-typography1-line-height);\">Kassenautomat<\/h4><\/div><\/div><\/div><div class=\"fusion-layout-column fusion_builder_column fusion-builder-column-5 fusion_builder_column_1_6 1_6 fusion-flex-column\" style=\"--awb-bg-size:cover;--awb-width-large:16.666666666667%;--awb-margin-top-large:0px;--awb-spacing-right-large:5px;--awb-margin-bottom-large:20px;--awb-spacing-left-large:5px;--awb-width-medium:16.666666666667%;--awb-order-medium:0;--awb-spacing-right-medium:5px;--awb-spacing-left-medium:5px;--awb-width-small:100%;--awb-order-small:0;--awb-spacing-right-small:5px;--awb-spacing-left-small:5px;\"><div class=\"fusion-column-wrapper fusion-column-has-shadow fusion-flex-justify-content-flex-start fusion-content-layout-column\"><i class=\"fb-icon-element-4 fb-icon-element fontawesome-icon icon-icon-cassa-automatica circle-yes\" style=\"--awb-circlecolor:var(--awb-color4);--awb-circlebordersize:0px;--awb-font-size:61.6px;--awb-width:123.2px;--awb-height:123.2px;--awb-line-height:123.2px;--awb-align-self:center;--awb-margin-top:0px;--awb-margin-right:0px;--awb-margin-bottom:20px;--awb-margin-left:0px;\" id=\"iconascantopay\"><\/i><div class=\"fusion-title title fusion-title-6 fusion-sep-none fusion-title-center fusion-title-text fusion-title-size-four\" style=\"--awb-text-color:var(--awb-color4);--awb-margin-top:0px;--awb-margin-right:30px;--awb-margin-left:30px;--awb-margin-top-small:0px;--awb-margin-right-small:0px;--awb-margin-bottom-small:30px;--awb-margin-left-small:0px;\"><h4 class=\"fusion-title-heading title-heading-center fusion-responsive-typography-calculated\" style=\"margin:0;--fontSize:20;--minFontSize:20;line-height:var(--awb-typography1-line-height);\"><p>Bezahlen Sie per<br \/>\nQR-Code<\/p><\/h4><\/div><\/div><\/div>\n<div class=\"fusion-layout-column fusion_builder_column fusion-builder-column-6 fusion_builder_column_1_6 1_6 fusion-flex-column\" style=\"--awb-bg-size:cover;--awb-width-large:16.666666666667%;--awb-margin-top-large:0px;--awb-spacing-right-large:5px;--awb-margin-bottom-large:20px;--awb-spacing-left-large:5px;--awb-width-medium:16.666666666667%;--awb-order-medium:0;--awb-spacing-right-medium:5px;--awb-spacing-left-medium:5px;--awb-width-small:100%;--awb-order-small:0;--awb-spacing-right-small:5px;--awb-spacing-left-small:5px;\"><div class=\"fusion-column-wrapper fusion-column-has-shadow fusion-flex-justify-content-flex-start fusion-content-layout-column\"><i class=\"fb-icon-element-5 fb-icon-element fontawesome-icon fa-tint fas circle-yes\" style=\"--awb-circlecolor:var(--awb-color4);--awb-circlebordersize:0px;--awb-font-size:61.6px;--awb-width:123.2px;--awb-height:123.2px;--awb-line-height:123.2px;--awb-align-self:center;--awb-margin-top:0px;--awb-margin-right:0px;--awb-margin-bottom:20px;--awb-margin-left:0px;\"><\/i><div class=\"fusion-title title fusion-title-7 fusion-sep-none fusion-title-center fusion-title-text fusion-title-size-four\" style=\"--awb-text-color:var(--awb-color4);--awb-margin-top:0px;--awb-margin-right:30px;--awb-margin-left:30px;--awb-margin-top-small:0px;--awb-margin-right-small:0px;--awb-margin-bottom-small:30px;--awb-margin-left-small:0px;\"><h4 class=\"fusion-title-heading title-heading-center fusion-responsive-typography-calculated\" style=\"margin:0;--fontSize:20;--minFontSize:20;line-height:var(--awb-typography1-line-height);\">Trinkwasser- auff\u00fcllung<\/h4><\/div><\/div><\/div><div class=\"fusion-layout-column fusion_builder_column fusion-builder-column-7 fusion_builder_column_1_6 1_6 fusion-flex-column\" style=\"--awb-bg-size:cover;--awb-width-large:16.666666666667%;--awb-margin-top-large:0px;--awb-spacing-right-large:5px;--awb-margin-bottom-large:20px;--awb-spacing-left-large:5px;--awb-width-medium:16.666666666667%;--awb-order-medium:0;--awb-spacing-right-medium:5px;--awb-spacing-left-medium:5px;--awb-width-small:100%;--awb-order-small:0;--awb-spacing-right-small:5px;--awb-spacing-left-small:5px;\"><div class=\"fusion-column-wrapper fusion-column-has-shadow fusion-flex-justify-content-flex-start fusion-content-layout-column\"><i class=\"fb-icon-element-6 fb-icon-element fontawesome-icon fa-faucet fas circle-yes\" style=\"--awb-circlecolor:var(--awb-color4);--awb-circlebordersize:0px;--awb-font-size:61.6px;--awb-width:123.2px;--awb-height:123.2px;--awb-line-height:123.2px;--awb-align-self:center;--awb-margin-top:0px;--awb-margin-right:0px;--awb-margin-bottom:20px;--awb-margin-left:0px;\"><\/i><div class=\"fusion-title title fusion-title-8 fusion-sep-none fusion-title-center fusion-title-text fusion-title-size-four\" style=\"--awb-text-color:var(--awb-color4);--awb-margin-top:0px;--awb-margin-right:30px;--awb-margin-left:30px;--awb-margin-top-small:0px;--awb-margin-right-small:0px;--awb-margin-bottom-small:30px;--awb-margin-left-small:0px;\"><h4 class=\"fusion-title-heading title-heading-center fusion-responsive-typography-calculated\" style=\"margin:0;--fontSize:20;--minFontSize:20;line-height:var(--awb-typography1-line-height);\">Abwasser- entsorgung<\/h4><\/div><\/div><\/div><\/div><\/div><div class=\"fusion-fullwidth fullwidth-box fusion-builder-row-4 fusion-flex-container has-pattern-background has-mask-background nonhundred-percent-fullwidth non-hundred-percent-height-scrolling\" style=\"--awb-border-color:var(--awb-color6);--awb-border-radius-top-left:0px;--awb-border-radius-top-right:0px;--awb-border-radius-bottom-right:0px;--awb-border-radius-bottom-left:0px;--awb-padding-top:30px;--awb-padding-bottom:50px;--awb-margin-top:0px;--awb-background-color:var(--awb-color1);--awb-flex-wrap:wrap;\" ><div class=\"fusion-builder-row fusion-row fusion-flex-align-items-flex-start fusion-flex-content-wrap\" style=\"max-width:calc( 1200px + 20px );margin-left: calc(-20px \/ 2 );margin-right: calc(-20px \/ 2 );\"><div class=\"fusion-layout-column fusion_builder_column fusion-builder-column-8 fusion_builder_column_2_5 2_5 fusion-flex-column fusion-flex-align-self-stretch\" style=\"--awb-padding-top:30px;--awb-padding-right:30px;--awb-padding-bottom:30px;--awb-padding-left:30px;--awb-overflow:hidden;--awb-bg-color:var(--awb-color2);--awb-bg-color-hover:var(--awb-color2);--awb-bg-size:cover;--awb-border-radius:25px 25px 25px 25px;--awb-width-large:40%;--awb-margin-top-large:0px;--awb-spacing-right-large:10px;--awb-margin-bottom-large:20px;--awb-spacing-left-large:10px;--awb-width-medium:40%;--awb-order-medium:0;--awb-spacing-right-medium:10px;--awb-spacing-left-medium:10px;--awb-width-small:100%;--awb-order-small:0;--awb-spacing-right-small:10px;--awb-spacing-left-small:10px;\" data-scroll-devices=\"small-visibility,medium-visibility,large-visibility\"><div class=\"fusion-column-wrapper fusion-column-has-shadow fusion-flex-justify-content-flex-start fusion-content-layout-column\"><div class=\"fusion-title title fusion-title-9 fusion-sep-none fusion-title-text fusion-title-size-four\" style=\"--awb-text-color:var(--awb-color4);--awb-margin-top:0px;--awb-margin-top-small:0px;--awb-margin-right-small:0px;--awb-margin-bottom-small:30px;--awb-margin-left-small:0px;\"><h4 class=\"fusion-title-heading title-heading-left fusion-responsive-typography-calculated\" style=\"margin:0;text-transform:uppercase;--fontSize:20;--minFontSize:20;line-height:var(--awb-typography1-line-height);\">ANGABEN<\/h4><\/div><div class=\"fusion-text fusion-text-2\" style=\"--awb-content-alignment:left;\"><ul>\n<li>Der Parkplatz ist den Reisemobilen streng reserviert<\/li>\n<li class=\"line\"><span class=\"detail\">Es ist nicht m\u00f6glich, den Stellplatz vorher zu reservieren<\/span><\/li>\n<li class=\"line\">Die Nutzung der Dienste der Wasserauff\u00fcllung und der Abwasserentsorgung ist im Stundentarif inbegriffen.<\/li>\n<\/ul>\n<\/div><\/div><\/div><div class=\"fusion-layout-column fusion_builder_column fusion-builder-column-9 fusion_builder_column_1_4 1_4 fusion-flex-column fusion-flex-align-self-stretch\" style=\"--awb-padding-top:30px;--awb-padding-right:30px;--awb-padding-bottom:10px;--awb-padding-left:30px;--awb-overflow:hidden;--awb-bg-color:var(--awb-color2);--awb-bg-color-hover:var(--awb-color2);--awb-bg-size:cover;--awb-border-radius:25px 25px 25px 25px;--awb-width-large:25%;--awb-margin-top-large:0px;--awb-spacing-right-large:10px;--awb-margin-bottom-large:20px;--awb-spacing-left-large:10px;--awb-width-medium:25%;--awb-order-medium:0;--awb-spacing-right-medium:10px;--awb-spacing-left-medium:10px;--awb-width-small:100%;--awb-order-small:0;--awb-spacing-right-small:10px;--awb-spacing-left-small:10px;\" data-scroll-devices=\"small-visibility,medium-visibility,large-visibility\"><div class=\"fusion-column-wrapper fusion-column-has-shadow fusion-flex-justify-content-flex-start fusion-content-layout-column\"><div class=\"fusion-title title fusion-title-10 fusion-sep-none fusion-title-text fusion-title-size-four\" style=\"--awb-text-color:var(--awb-color4);--awb-margin-top:0px;--awb-margin-top-small:0px;--awb-margin-right-small:0px;--awb-margin-bottom-small:30px;--awb-margin-left-small:0px;\"><h4 class=\"fusion-title-heading title-heading-left fusion-responsive-typography-calculated\" style=\"margin:0;text-transform:uppercase;--fontSize:20;--minFontSize:20;line-height:var(--awb-typography1-line-height);\">TARIFE<\/h4><\/div><div class=\"fusion-text fusion-text-3\" style=\"--awb-content-alignment:left;\"><ul>\n<li>1 Stunde: 3,00 \u20ac<\/li>\n<li>4 Stunden: 5,00 \u20ac<\/li>\n<li>24 Stunden: 10,00 \u20ac<\/li>\n<\/ul>\n<\/div><\/div><\/div><div class=\"fusion-layout-column fusion_builder_column fusion-builder-column-10 fusion_builder_column_1_3 1_3 fusion-flex-column fusion-flex-align-self-stretch\" style=\"--awb-bg-size:cover;--awb-width-large:33.333333333333%;--awb-margin-top-large:0px;--awb-spacing-right-large:10px;--awb-margin-bottom-large:20px;--awb-spacing-left-large:10px;--awb-width-medium:33.333333333333%;--awb-order-medium:0;--awb-spacing-right-medium:10px;--awb-spacing-left-medium:10px;--awb-width-small:100%;--awb-order-small:0;--awb-spacing-right-small:10px;--awb-spacing-left-small:10px;\" data-scroll-devices=\"small-visibility,medium-visibility,large-visibility\"><div class=\"fusion-column-wrapper fusion-column-has-shadow fusion-flex-justify-content-center fusion-content-layout-column\"><div style=\"text-align:center;\"><a class=\"fusion-button button-flat fusion-button-default-size button-custom fusion-button-default button-1 fusion-button-span-yes fusion-button-default-type\" style=\"--button_accent_color:var(--awb-color1);--button_accent_hover_color:var(--awb-color1);--button_border_hover_color:var(--awb-color1);--button_gradient_top_color:var(--awb-color4);--button_gradient_bottom_color:var(--awb-color4);--button_gradient_top_color_hover:var(--awb-color5);--button_gradient_bottom_color_hover:var(--awb-color5);--button_text_transform:uppercase;--button_font_size:16px;--button_typography-letter-spacing:0px;--button_margin-top:20px;\" target=\"_blank\" rel=\"noopener noreferrer\" href=\"https:\/\/www.amt3.it\/de\/regelung-reisemobilstellplatz-verona-porta-palio\/\"><span class=\"fusion-button-text awb-button__text awb-button__text--default\">PARKPLATZREGELUNG<\/span><i class=\"fa-info-circle fas awb-button__icon awb-button__icon--default button-icon-right\" aria-hidden=\"true\"><\/i><\/a><\/div><div style=\"text-align:center;\"><a class=\"fusion-button button-flat fusion-button-default-size button-custom fusion-button-default button-2 fusion-button-span-yes fusion-button-default-type\" style=\"--button_accent_color:var(--awb-color1);--button_accent_hover_color:var(--awb-color1);--button_border_hover_color:var(--awb-color1);--button_gradient_top_color:var(--awb-color4);--button_gradient_bottom_color:var(--awb-color4);--button_gradient_top_color_hover:var(--awb-color5);--button_gradient_bottom_color_hover:var(--awb-color5);--button_text_transform:uppercase;--button_font_size:16px;--button_typography-letter-spacing:0px;--button_margin-top:20px;\" target=\"_self\" href=\"https:\/\/maps.app.goo.gl\/f3ZB24aeXs8SqfsCA\" rel=\"noopener\"><span class=\"fusion-button-text awb-button__text awb-button__text--default\">DEN PARKPLATZ ERREICHEN <\/span><i class=\"fa-map-marker fas awb-button__icon awb-button__icon--default button-icon-right\" aria-hidden=\"true\"><\/i><\/a><\/div><div style=\"text-align:center;\"><a class=\"fusion-button button-flat fusion-button-default-size button-custom fusion-button-default button-3 fusion-button-span-yes fusion-button-default-type\" style=\"--button_accent_color:var(--awb-color1);--button_accent_hover_color:var(--awb-color1);--button_border_hover_color:var(--awb-color1);--button_gradient_top_color:var(--awb-color4);--button_gradient_bottom_color:var(--awb-color4);--button_gradient_top_color_hover:var(--awb-color5);--button_gradient_bottom_color_hover:var(--awb-color5);--button_text_transform:uppercase;--button_font_size:16px;--button_typography-letter-spacing:0px;--button_margin-top:20px;\" target=\"_blank\" rel=\"noopener noreferrer\" href=\"https:\/\/www.amt3.it\/wp-content\/uploads\/2024\/02\/AMT3-volantino_BUS-24_06.pdf\"><span class=\"fusion-button-text awb-button__text awb-button__text--default\">BROSCH\u00dcRE WOHNMOBIL<\/span><i class=\"fa-file-pdf fas awb-button__icon awb-button__icon--default button-icon-right\" aria-hidden=\"true\"><\/i><\/a><\/div><\/div><\/div><\/div><\/div><div class=\"fusion-fullwidth fullwidth-box fusion-builder-row-5 fusion-flex-container has-pattern-background has-mask-background nonhundred-percent-fullwidth non-hundred-percent-height-scrolling\" style=\"--awb-border-sizes-top:1px;--awb-border-color:var(--awb-color4);--awb-border-radius-top-left:0px;--awb-border-radius-top-right:0px;--awb-border-radius-bottom-right:0px;--awb-border-radius-bottom-left:0px;--awb-padding-top:50px;--awb-padding-right-small:40px;--awb-padding-left-small:40px;--awb-flex-wrap:wrap;\" ><div class=\"fusion-builder-row fusion-row fusion-flex-align-items-flex-start fusion-flex-content-wrap\" style=\"max-width:1248px;margin-left: calc(-4% \/ 2 );margin-right: calc(-4% \/ 2 );\"><div class=\"fusion-layout-column fusion_builder_column fusion-builder-column-11 fusion_builder_column_2_5 2_5 fusion-flex-column\" style=\"--awb-bg-size:cover;--awb-width-large:40%;--awb-margin-top-large:0px;--awb-spacing-right-large:70px;--awb-margin-bottom-large:20px;--awb-spacing-left-large:70px;--awb-width-medium:40%;--awb-order-medium:0;--awb-spacing-right-medium:70px;--awb-spacing-left-medium:70px;--awb-width-small:100%;--awb-order-small:0;--awb-spacing-right-small:1.92%;--awb-spacing-left-small:1.92%;\" data-scroll-devices=\"small-visibility,medium-visibility,large-visibility\"><div class=\"fusion-column-wrapper fusion-column-has-shadow fusion-flex-justify-content-flex-start fusion-content-layout-column\"><div class=\"fusion-title title fusion-title-11 fusion-sep-none fusion-title-text fusion-title-size-three\" style=\"--awb-margin-top-small:10px;--awb-margin-right-small:0px;--awb-margin-bottom-small:10px;--awb-margin-left-small:0px;\"><h3 class=\"fusion-title-heading title-heading-left fusion-responsive-typography-calculated\" style=\"margin:0;--fontSize:30;line-height:var(--awb-typography1-line-height);\"><strong><span class=\"rosso\">FAQ<\/span><\/strong><br \/>\n<strong>Wie soll ich das machen<\/strong><\/h3><\/div><\/div><\/div><div class=\"fusion-layout-column fusion_builder_column fusion-builder-column-12 fusion_builder_column_3_5 3_5 fusion-flex-column fusion-flex-align-self-stretch\" style=\"--awb-bg-size:cover;--awb-width-large:60%;--awb-margin-top-large:0px;--awb-spacing-right-large:70px;--awb-margin-bottom-large:20px;--awb-spacing-left-large:70px;--awb-width-medium:60%;--awb-order-medium:0;--awb-spacing-right-medium:70px;--awb-spacing-left-medium:70px;--awb-width-small:100%;--awb-order-small:3;--awb-spacing-right-small:1.92%;--awb-spacing-left-small:1.92%;\" id=\"faqinvt\" data-scroll-devices=\"small-visibility,medium-visibility,large-visibility\"><div class=\"fusion-column-wrapper fusion-column-has-shadow fusion-flex-justify-content-flex-start fusion-content-layout-column\"><style type=\"text\/css\">.fusion-faqs-wrapper #accordian-1 .fusion-panel { border-color:rgba(237,237,237,0); }.fusion-faqs-wrapper #accordian-1 .fusion-panel:hover{ border-color: var(--awb-color3); }.fusion-accordian #accordian-1 .panel-title a .fa-fusion-box:before{ font-size: 24px;width: 24px;}.fusion-accordian #accordian-1 .panel-title a .fa-fusion-box{ color: var(--awb-color1);}.fusion-accordian  #accordian-1 .panel-title a{font-family:var(--awb-typography1-font-family);font-weight:var(--awb-typography1-font-weight);font-style:var(--awb-typography1-font-style);}.fusion-accordian  #accordian-1 .panel-title a:not(:hover){color:var(--awb-color1);}.fusion-accordian  #accordian-1 .toggle-content{color:var(--awb-color4);font-family:var(--awb-typography4-font-family);font-weight:var(--awb-typography4-font-weight);font-style:var(--awb-typography4-font-style);}.fusion-accordian #accordian-1 .fa-fusion-box { background-color: var(--awb-color5) !important;border-color: var(--awb-color5) !important;}.fusion-accordian #accordian-1 .panel-title a:hover,.fusion-accordian #accordian-1 .panel-title a.hover { color: var(--awb-color1);}.fusion-faq-shortcode .fusion-accordian #accordian-1 .fusion-toggle-boxed-mode:hover .panel-title a { color: var(--awb-color1);}.fusion-accordian #accordian-1 .panel-title a:hover .fa-fusion-box,.fusion-accordian #accordian-1 .panel-title a.hover .fa-fusion-box { background-color: var(--awb-color1)!important;border-color: var(--awb-color1)!important;}.fusion-faqs-wrapper .fusion-accordian #accordian-1 .panel-title a.active{ color: var(--awb-color1) !important;}.fusion-faqs-wrapper .fusion-accordian #accordian-1 .panel-title .active .fa-fusion-box { background-color: var(--awb-color1)!important;border-color: var(--awb-color1)!important;}<\/style><div class=\"fusion-faq-shortcode\" style=\"\"><div class=\"fusion-faqs-wrapper\"><div class=\"accordian fusion-accordian\"><div class=\"panel-group \" id=\"accordian-1\"><div class=\"fusion-panel fusion-toggle-no-divider panel-default fusion-faq-post fusion-faq-post-19378 faq-parkplatze-im-parkhaus \"><span class=\"entry-title rich-snippet-hidden\">Gibt es auf Ihren Parkpl\u00e4tzen spezielle Stellpl\u00e4tze f\u00fcr Motorr\u00e4der?<\/span><span class=\"vcard rich-snippet-hidden\"><span class=\"fn\"><a href=\"https:\/\/www.amt3.it\/de\/author\/ivo\/\" title=\"Beitr\u00e4ge von Ivo di Cioccio\" rel=\"author\">Ivo di Cioccio<\/a><\/span><\/span><span class=\"updated rich-snippet-hidden\">2024-07-23T10:50:52+01:00<\/span><div class=\"panel-heading\"><h4 id=\"faq_1-19378\" class=\"panel-title toggle\"><a data-toggle=\"collapse\" class=\"collapsed\" data-parent=\"#accordian-1\" data-target=\"#collapse-1-19378\" href=\"#collapse-1-19378\" aria-expanded=\"false\"><div class=\"fusion-toggle-icon-wrapper\"><div class=\"fusion-toggle-icon-wrapper-main\"><div class=\"fusion-toggle-icon-wrapper-sub\"><i class=\"fa-fusion-box active-icon awb-icon-minus\" aria-hidden=\"true\"><\/i><i class=\"fa-fusion-box inactive-icon awb-icon-plus\" aria-hidden=\"true\"><\/i><\/div><\/div><\/div><div class=\"fusion-toggle-heading\">Gibt es auf Ihren Parkpl\u00e4tzen spezielle Stellpl\u00e4tze f\u00fcr Motorr\u00e4der?<\/div><\/a><\/h4><\/div><div id=\"collapse-1-19378\" aria-labelledby=\"faq_1-19378\" class=\"panel-collapse collapse\"><div class=\"panel-body toggle-content post-content\"><div class=\"fusion-fullwidth fullwidth-box fusion-builder-row-5-1 fusion-flex-container nonhundred-percent-fullwidth non-hundred-percent-height-scrolling\" style=\"--awb-border-radius-top-left:0px;--awb-border-radius-top-right:0px;--awb-border-radius-bottom-right:0px;--awb-border-radius-bottom-left:0px;--awb-flex-wrap:wrap;\" ><div class=\"fusion-builder-row fusion-row fusion-flex-align-items-flex-start fusion-flex-content-wrap\" style=\"width:104% !important;max-width:104% !important;margin-left: calc(-4% \/ 2 );margin-right: calc(-4% \/ 2 );\"><div class=\"fusion-layout-column fusion_builder_column fusion-builder-column-13 fusion_builder_column_1_1 1_1 fusion-flex-column\" style=\"--awb-bg-size:cover;--awb-width-large:100%;--awb-flex-grow:0;--awb-flex-shrink:0;--awb-margin-top-large:0px;--awb-spacing-right-large:1.92%;--awb-margin-bottom-large:0px;--awb-spacing-left-large:1.92%;--awb-width-medium:100%;--awb-flex-grow-medium:0;--awb-flex-shrink-medium:0;--awb-spacing-right-medium:1.92%;--awb-spacing-left-medium:1.92%;--awb-width-small:100%;--awb-flex-grow-small:0;--awb-flex-shrink-small:0;--awb-spacing-right-small:1.92%;--awb-spacing-left-small:1.92%;\"><div class=\"fusion-column-wrapper fusion-flex-justify-content-flex-start fusion-content-layout-column\"><div class=\"fusion-text fusion-text-4\"><p>Nein, leider gibt es auf unseren Parkpl\u00e4tzen keine speziellen Stellpl\u00e4tze f\u00fcr Motorr\u00e4der.<\/p>\n<\/div><\/div><\/div><\/div><\/div>\n<\/div><\/div><\/div><div class=\"fusion-panel fusion-toggle-no-divider panel-default fusion-faq-post fusion-faq-post-19381 faq-parkplatze-im-parkhaus \"><span class=\"entry-title rich-snippet-hidden\">Gibt es auf Ihren Parkpl\u00e4tzen Ladestationen f\u00fcr Elektroautos?<\/span><span class=\"vcard rich-snippet-hidden\"><span class=\"fn\"><a href=\"https:\/\/www.amt3.it\/de\/author\/ivo\/\" title=\"Beitr\u00e4ge von Ivo di Cioccio\" rel=\"author\">Ivo di Cioccio<\/a><\/span><\/span><span class=\"updated rich-snippet-hidden\">2024-07-23T10:54:03+01:00<\/span><div class=\"panel-heading\"><h4 id=\"faq_1-19381\" class=\"panel-title toggle\"><a data-toggle=\"collapse\" class=\"collapsed\" data-parent=\"#accordian-1\" data-target=\"#collapse-1-19381\" href=\"#collapse-1-19381\" aria-expanded=\"false\"><div class=\"fusion-toggle-icon-wrapper\"><div class=\"fusion-toggle-icon-wrapper-main\"><div class=\"fusion-toggle-icon-wrapper-sub\"><i class=\"fa-fusion-box active-icon awb-icon-minus\" aria-hidden=\"true\"><\/i><i class=\"fa-fusion-box inactive-icon awb-icon-plus\" aria-hidden=\"true\"><\/i><\/div><\/div><\/div><div class=\"fusion-toggle-heading\">Gibt es auf Ihren Parkpl\u00e4tzen Ladestationen f\u00fcr Elektroautos?<\/div><\/a><\/h4><\/div><div id=\"collapse-1-19381\" aria-labelledby=\"faq_1-19381\" class=\"panel-collapse collapse\"><div class=\"panel-body toggle-content post-content\"><div class=\"fusion-fullwidth fullwidth-box fusion-builder-row-5-2 fusion-flex-container nonhundred-percent-fullwidth non-hundred-percent-height-scrolling\" style=\"--awb-border-radius-top-left:0px;--awb-border-radius-top-right:0px;--awb-border-radius-bottom-right:0px;--awb-border-radius-bottom-left:0px;--awb-flex-wrap:wrap;\" ><div class=\"fusion-builder-row fusion-row fusion-flex-align-items-flex-start fusion-flex-content-wrap\" style=\"width:104% !important;max-width:104% !important;margin-left: calc(-4% \/ 2 );margin-right: calc(-4% \/ 2 );\"><div class=\"fusion-layout-column fusion_builder_column fusion-builder-column-14 fusion_builder_column_1_1 1_1 fusion-flex-column\" style=\"--awb-bg-size:cover;--awb-width-large:100%;--awb-flex-grow:0;--awb-flex-shrink:0;--awb-margin-top-large:0px;--awb-spacing-right-large:1.92%;--awb-margin-bottom-large:0px;--awb-spacing-left-large:1.92%;--awb-width-medium:100%;--awb-flex-grow-medium:0;--awb-flex-shrink-medium:0;--awb-spacing-right-medium:1.92%;--awb-spacing-left-medium:1.92%;--awb-width-small:100%;--awb-flex-grow-small:0;--awb-flex-shrink-small:0;--awb-spacing-right-small:1.92%;--awb-spacing-left-small:1.92%;\"><div class=\"fusion-column-wrapper fusion-flex-justify-content-flex-start fusion-content-layout-column\"><div class=\"fusion-text fusion-text-5\"><p>Nur auf dem <a href=\"https:\/\/www.amt3.it\/parcheggio-centro-verona\/\">Parkplatz Centro<\/a> gibt es zwei Ladestationen.<\/p>\n<\/div><\/div><\/div><\/div><\/div>\n<\/div><\/div><\/div><div class=\"fusion-panel fusion-toggle-no-divider panel-default fusion-faq-post fusion-faq-post-19384 faq-parkplatze-im-parkhaus \"><span class=\"entry-title rich-snippet-hidden\">Welche Parkh\u00e4user werden von AMT3 Spa verwaltet?<\/span><span class=\"vcard rich-snippet-hidden\"><span class=\"fn\"><a href=\"https:\/\/www.amt3.it\/de\/author\/ivo\/\" title=\"Beitr\u00e4ge von Ivo di Cioccio\" rel=\"author\">Ivo di Cioccio<\/a><\/span><\/span><span class=\"updated rich-snippet-hidden\">2024-07-23T10:56:33+01:00<\/span><div class=\"panel-heading\"><h4 id=\"faq_1-19384\" class=\"panel-title toggle\"><a data-toggle=\"collapse\" class=\"collapsed\" data-parent=\"#accordian-1\" data-target=\"#collapse-1-19384\" href=\"#collapse-1-19384\" aria-expanded=\"false\"><div class=\"fusion-toggle-icon-wrapper\"><div class=\"fusion-toggle-icon-wrapper-main\"><div class=\"fusion-toggle-icon-wrapper-sub\"><i class=\"fa-fusion-box active-icon awb-icon-minus\" aria-hidden=\"true\"><\/i><i class=\"fa-fusion-box inactive-icon awb-icon-plus\" aria-hidden=\"true\"><\/i><\/div><\/div><\/div><div class=\"fusion-toggle-heading\">Welche Parkh\u00e4user werden von AMT3 Spa verwaltet?<\/div><\/a><\/h4><\/div><div id=\"collapse-1-19384\" aria-labelledby=\"faq_1-19384\" class=\"panel-collapse collapse\"><div class=\"panel-body toggle-content post-content\"><div class=\"fusion-fullwidth fullwidth-box fusion-builder-row-5-3 fusion-flex-container nonhundred-percent-fullwidth non-hundred-percent-height-scrolling\" style=\"--awb-border-radius-top-left:0px;--awb-border-radius-top-right:0px;--awb-border-radius-bottom-right:0px;--awb-border-radius-bottom-left:0px;--awb-flex-wrap:wrap;\" ><div class=\"fusion-builder-row fusion-row fusion-flex-align-items-flex-start fusion-flex-content-wrap\" style=\"width:104% !important;max-width:104% !important;margin-left: calc(-4% \/ 2 );margin-right: calc(-4% \/ 2 );\"><div class=\"fusion-layout-column fusion_builder_column fusion-builder-column-15 fusion_builder_column_1_1 1_1 fusion-flex-column\" style=\"--awb-bg-size:cover;--awb-width-large:100%;--awb-flex-grow:0;--awb-flex-shrink:0;--awb-margin-top-large:0px;--awb-spacing-right-large:1.92%;--awb-margin-bottom-large:0px;--awb-spacing-left-large:1.92%;--awb-width-medium:100%;--awb-flex-grow-medium:0;--awb-flex-shrink-medium:0;--awb-spacing-right-medium:1.92%;--awb-spacing-left-medium:1.92%;--awb-width-small:100%;--awb-flex-grow-small:0;--awb-flex-shrink-small:0;--awb-spacing-right-small:1.92%;--awb-spacing-left-small:1.92%;\"><div class=\"fusion-column-wrapper fusion-flex-justify-content-flex-start fusion-content-layout-column\"><div class=\"fusion-text fusion-text-6\"><p>Eine vollst\u00e4ndige Liste finden Sie auf der entsprechenden Seite unserer <a href=\"https:\/\/www.amt3.it\/parcheggi-verona\/parcheggi-auto-in-struttura\/\">Website<\/a>.<\/p>\n<\/div><\/div><\/div><\/div><\/div>\n<\/div><\/div><\/div><div class=\"fusion-panel fusion-toggle-no-divider panel-default fusion-faq-post fusion-faq-post-19387 faq-parkplatze-im-parkhaus \"><span class=\"entry-title rich-snippet-hidden\">Ist es m\u00f6glich, auf einem der Parkpl\u00e4tze von AMT3 einen Parkplatz zu reservieren?<\/span><span class=\"vcard rich-snippet-hidden\"><span class=\"fn\"><a href=\"https:\/\/www.amt3.it\/de\/author\/ivo\/\" title=\"Beitr\u00e4ge von Ivo di Cioccio\" rel=\"author\">Ivo di Cioccio<\/a><\/span><\/span><span class=\"updated rich-snippet-hidden\">2024-07-23T10:59:08+01:00<\/span><div class=\"panel-heading\"><h4 id=\"faq_1-19387\" class=\"panel-title toggle\"><a data-toggle=\"collapse\" class=\"collapsed\" data-parent=\"#accordian-1\" data-target=\"#collapse-1-19387\" href=\"#collapse-1-19387\" aria-expanded=\"false\"><div class=\"fusion-toggle-icon-wrapper\"><div class=\"fusion-toggle-icon-wrapper-main\"><div class=\"fusion-toggle-icon-wrapper-sub\"><i class=\"fa-fusion-box active-icon awb-icon-minus\" aria-hidden=\"true\"><\/i><i class=\"fa-fusion-box inactive-icon awb-icon-plus\" aria-hidden=\"true\"><\/i><\/div><\/div><\/div><div class=\"fusion-toggle-heading\">Ist es m\u00f6glich, auf einem der Parkpl\u00e4tze von AMT3 einen Parkplatz zu reservieren?<\/div><\/a><\/h4><\/div><div id=\"collapse-1-19387\" aria-labelledby=\"faq_1-19387\" class=\"panel-collapse collapse\"><div class=\"panel-body toggle-content post-content\"><div class=\"fusion-fullwidth fullwidth-box fusion-builder-row-5-4 fusion-flex-container nonhundred-percent-fullwidth non-hundred-percent-height-scrolling\" style=\"--awb-border-radius-top-left:0px;--awb-border-radius-top-right:0px;--awb-border-radius-bottom-right:0px;--awb-border-radius-bottom-left:0px;--awb-flex-wrap:wrap;\" ><div class=\"fusion-builder-row fusion-row fusion-flex-align-items-flex-start fusion-flex-content-wrap\" style=\"width:104% !important;max-width:104% !important;margin-left: calc(-4% \/ 2 );margin-right: calc(-4% \/ 2 );\"><div class=\"fusion-layout-column fusion_builder_column fusion-builder-column-16 fusion_builder_column_1_1 1_1 fusion-flex-column\" style=\"--awb-bg-size:cover;--awb-width-large:100%;--awb-flex-grow:0;--awb-flex-shrink:0;--awb-margin-top-large:0px;--awb-spacing-right-large:1.92%;--awb-margin-bottom-large:0px;--awb-spacing-left-large:1.92%;--awb-width-medium:100%;--awb-flex-grow-medium:0;--awb-flex-shrink-medium:0;--awb-spacing-right-medium:1.92%;--awb-spacing-left-medium:1.92%;--awb-width-small:100%;--awb-flex-grow-small:0;--awb-flex-shrink-small:0;--awb-spacing-right-small:1.92%;--awb-spacing-left-small:1.92%;\"><div class=\"fusion-column-wrapper fusion-flex-justify-content-flex-start fusion-content-layout-column\"><div class=\"fusion-text fusion-text-7\"><p>Dies ist leider nicht m\u00f6glich.<\/p>\n<\/div><\/div><\/div><\/div><\/div>\n<\/div><\/div><\/div><div class=\"fusion-panel fusion-toggle-no-divider panel-default fusion-faq-post fusion-faq-post-19390 faq-parkplatze-im-parkhaus \"><span class=\"entry-title rich-snippet-hidden\">Ich habe beim Kassenautomat bezahlt, aber es gab nicht genug Wechselgeld Mir wurde ein Kassenzettel ausgegeben. Was kann ich tun?<\/span><span class=\"vcard rich-snippet-hidden\"><span class=\"fn\"><a href=\"https:\/\/www.amt3.it\/de\/author\/ivo\/\" title=\"Beitr\u00e4ge von Ivo di Cioccio\" rel=\"author\">Ivo di Cioccio<\/a><\/span><\/span><span class=\"updated rich-snippet-hidden\">2024-07-23T11:02:38+01:00<\/span><div class=\"panel-heading\"><h4 id=\"faq_1-19390\" class=\"panel-title toggle\"><a data-toggle=\"collapse\" class=\"collapsed\" data-parent=\"#accordian-1\" data-target=\"#collapse-1-19390\" href=\"#collapse-1-19390\" aria-expanded=\"false\"><div class=\"fusion-toggle-icon-wrapper\"><div class=\"fusion-toggle-icon-wrapper-main\"><div class=\"fusion-toggle-icon-wrapper-sub\"><i class=\"fa-fusion-box active-icon awb-icon-minus\" aria-hidden=\"true\"><\/i><i class=\"fa-fusion-box inactive-icon awb-icon-plus\" aria-hidden=\"true\"><\/i><\/div><\/div><\/div><div class=\"fusion-toggle-heading\">Ich habe beim Kassenautomat bezahlt, aber es gab nicht genug Wechselgeld Mir wurde ein Kassenzettel ausgegeben. Was kann ich tun?<\/div><\/a><\/h4><\/div><div id=\"collapse-1-19390\" aria-labelledby=\"faq_1-19390\" class=\"panel-collapse collapse\"><div class=\"panel-body toggle-content post-content\"><div class=\"fusion-fullwidth fullwidth-box fusion-builder-row-5-5 fusion-flex-container nonhundred-percent-fullwidth non-hundred-percent-height-scrolling\" style=\"--awb-border-radius-top-left:0px;--awb-border-radius-top-right:0px;--awb-border-radius-bottom-right:0px;--awb-border-radius-bottom-left:0px;--awb-flex-wrap:wrap;\" ><div class=\"fusion-builder-row fusion-row fusion-flex-align-items-flex-start fusion-flex-content-wrap\" style=\"width:104% !important;max-width:104% !important;margin-left: calc(-4% \/ 2 );margin-right: calc(-4% \/ 2 );\"><div class=\"fusion-layout-column fusion_builder_column fusion-builder-column-17 fusion_builder_column_1_1 1_1 fusion-flex-column\" style=\"--awb-bg-size:cover;--awb-width-large:100%;--awb-flex-grow:0;--awb-flex-shrink:0;--awb-margin-top-large:0px;--awb-spacing-right-large:1.92%;--awb-margin-bottom-large:0px;--awb-spacing-left-large:1.92%;--awb-width-medium:100%;--awb-flex-grow-medium:0;--awb-flex-shrink-medium:0;--awb-spacing-right-medium:1.92%;--awb-spacing-left-medium:1.92%;--awb-width-small:100%;--awb-flex-grow-small:0;--awb-flex-shrink-small:0;--awb-spacing-right-small:1.92%;--awb-spacing-left-small:1.92%;\"><div class=\"fusion-column-wrapper fusion-flex-justify-content-flex-start fusion-content-layout-column\"><div class=\"fusion-text fusion-text-8\"><p>F\u00fcllen Sie das entsprechende <a href=\"https:\/\/www.amt3.it\/wp-content\/uploads\/2024\/03\/AMM07_Rimborsi.pdf\">Formular<\/a> aus und senden Sie es an <a href=\"mailto:rimborsi@amt.it\">rimborsi@amt3.it<\/a>.<\/p>\n<\/div><\/div><\/div><\/div><\/div>\n<\/div><\/div><\/div><div class=\"fusion-panel fusion-toggle-no-divider panel-default fusion-faq-post fusion-faq-post-19393 faq-parkplatze-im-parkhaus \"><span class=\"entry-title rich-snippet-hidden\">Ich habe beim Kassenautomat eines Parkplatzes AMT3 bezahlt und habe vergessen, die Quittung zu beantragen. Wie kann ich machen?<\/span><span class=\"vcard rich-snippet-hidden\"><span class=\"fn\"><a href=\"https:\/\/www.amt3.it\/de\/author\/ivo\/\" title=\"Beitr\u00e4ge von Ivo di Cioccio\" rel=\"author\">Ivo di Cioccio<\/a><\/span><\/span><span class=\"updated rich-snippet-hidden\">2024-07-23T11:05:28+01:00<\/span><div class=\"panel-heading\"><h4 id=\"faq_1-19393\" class=\"panel-title toggle\"><a data-toggle=\"collapse\" class=\"collapsed\" data-parent=\"#accordian-1\" data-target=\"#collapse-1-19393\" href=\"#collapse-1-19393\" aria-expanded=\"false\"><div class=\"fusion-toggle-icon-wrapper\"><div class=\"fusion-toggle-icon-wrapper-main\"><div class=\"fusion-toggle-icon-wrapper-sub\"><i class=\"fa-fusion-box active-icon awb-icon-minus\" aria-hidden=\"true\"><\/i><i class=\"fa-fusion-box inactive-icon awb-icon-plus\" aria-hidden=\"true\"><\/i><\/div><\/div><\/div><div class=\"fusion-toggle-heading\">Ich habe beim Kassenautomat eines Parkplatzes AMT3 bezahlt und habe vergessen, die Quittung zu beantragen. Wie kann ich machen?<\/div><\/a><\/h4><\/div><div id=\"collapse-1-19393\" aria-labelledby=\"faq_1-19393\" class=\"panel-collapse collapse\"><div class=\"panel-body toggle-content post-content\"><div class=\"fusion-fullwidth fullwidth-box fusion-builder-row-5-6 fusion-flex-container nonhundred-percent-fullwidth non-hundred-percent-height-scrolling\" style=\"--awb-border-radius-top-left:0px;--awb-border-radius-top-right:0px;--awb-border-radius-bottom-right:0px;--awb-border-radius-bottom-left:0px;--awb-flex-wrap:wrap;\" ><div class=\"fusion-builder-row fusion-row fusion-flex-align-items-flex-start fusion-flex-content-wrap\" style=\"width:104% !important;max-width:104% !important;margin-left: calc(-4% \/ 2 );margin-right: calc(-4% \/ 2 );\"><div class=\"fusion-layout-column fusion_builder_column fusion-builder-column-18 fusion_builder_column_1_1 1_1 fusion-flex-column\" style=\"--awb-bg-size:cover;--awb-width-large:100%;--awb-flex-grow:0;--awb-flex-shrink:0;--awb-margin-top-large:0px;--awb-spacing-right-large:1.92%;--awb-margin-bottom-large:0px;--awb-spacing-left-large:1.92%;--awb-width-medium:100%;--awb-flex-grow-medium:0;--awb-flex-shrink-medium:0;--awb-spacing-right-medium:1.92%;--awb-spacing-left-medium:1.92%;--awb-width-small:100%;--awb-flex-grow-small:0;--awb-flex-shrink-small:0;--awb-spacing-right-small:1.92%;--awb-spacing-left-small:1.92%;\"><div class=\"fusion-column-wrapper fusion-flex-justify-content-flex-start fusion-content-layout-column\"><div class=\"fusion-text fusion-text-9\"><p>F\u00fcllen Sie den <a href=\"https:\/\/www.amt3.it\/de\/digitaler-schalter\/zahlungsbeleg-anfordern\/\">entsprechenden<\/a> Antrag \u00fcber unseren <a href=\"https:\/\/www.amt3.it\/de\/digitaler-schalter\/\">DIGITALEN Schalter<\/a> aus. Ein Mitarbeiter wird Ihnen innerhalb von zwei Arbeitstagen antworten.<\/p>\n<\/div><\/div><\/div><\/div><\/div>\n<\/div><\/div><\/div><div class=\"fusion-panel fusion-toggle-no-divider panel-default fusion-faq-post fusion-faq-post-19396 faq-parkplatze-im-parkhaus \"><span class=\"entry-title rich-snippet-hidden\">Kann ich mehrere Tage hintereinander auf einem Ihrer Parkpl\u00e4tze parken?<\/span><span class=\"vcard rich-snippet-hidden\"><span class=\"fn\"><a href=\"https:\/\/www.amt3.it\/de\/author\/ivo\/\" title=\"Beitr\u00e4ge von Ivo di Cioccio\" rel=\"author\">Ivo di Cioccio<\/a><\/span><\/span><span class=\"updated rich-snippet-hidden\">2024-07-23T11:07:57+01:00<\/span><div class=\"panel-heading\"><h4 id=\"faq_1-19396\" class=\"panel-title toggle\"><a data-toggle=\"collapse\" class=\"collapsed\" data-parent=\"#accordian-1\" data-target=\"#collapse-1-19396\" href=\"#collapse-1-19396\" aria-expanded=\"false\"><div class=\"fusion-toggle-icon-wrapper\"><div class=\"fusion-toggle-icon-wrapper-main\"><div class=\"fusion-toggle-icon-wrapper-sub\"><i class=\"fa-fusion-box active-icon awb-icon-minus\" aria-hidden=\"true\"><\/i><i class=\"fa-fusion-box inactive-icon awb-icon-plus\" aria-hidden=\"true\"><\/i><\/div><\/div><\/div><div class=\"fusion-toggle-heading\">Kann ich mehrere Tage hintereinander auf einem Ihrer Parkpl\u00e4tze parken?<\/div><\/a><\/h4><\/div><div id=\"collapse-1-19396\" aria-labelledby=\"faq_1-19396\" class=\"panel-collapse collapse\"><div class=\"panel-body toggle-content post-content\"><div class=\"fusion-fullwidth fullwidth-box fusion-builder-row-5-7 fusion-flex-container nonhundred-percent-fullwidth non-hundred-percent-height-scrolling\" style=\"--awb-border-radius-top-left:0px;--awb-border-radius-top-right:0px;--awb-border-radius-bottom-right:0px;--awb-border-radius-bottom-left:0px;--awb-flex-wrap:wrap;\" ><div class=\"fusion-builder-row fusion-row fusion-flex-align-items-flex-start fusion-flex-content-wrap\" style=\"width:104% !important;max-width:104% !important;margin-left: calc(-4% \/ 2 );margin-right: calc(-4% \/ 2 );\"><div class=\"fusion-layout-column fusion_builder_column fusion-builder-column-19 fusion_builder_column_1_1 1_1 fusion-flex-column\" style=\"--awb-bg-size:cover;--awb-width-large:100%;--awb-flex-grow:0;--awb-flex-shrink:0;--awb-margin-top-large:0px;--awb-spacing-right-large:1.92%;--awb-margin-bottom-large:0px;--awb-spacing-left-large:1.92%;--awb-width-medium:100%;--awb-flex-grow-medium:0;--awb-flex-shrink-medium:0;--awb-spacing-right-medium:1.92%;--awb-spacing-left-medium:1.92%;--awb-width-small:100%;--awb-flex-grow-small:0;--awb-flex-shrink-small:0;--awb-spacing-right-small:1.92%;--awb-spacing-left-small:1.92%;\"><div class=\"fusion-column-wrapper fusion-flex-justify-content-flex-start fusion-content-layout-column\"><div class=\"fusion-text fusion-text-10\"><p>Sie k\u00f6nnen auf unseren Parkpl\u00e4tzen parken, wenn Sie die jeweils geltenden Parkgeb\u00fchren bezahlen. Eine Liste unserer Parkpl\u00e4tze finden Sie <a href=\"https:\/\/www.amt3.it\/parcheggi-verona\/parcheggi-auto-in-struttura\/\">hier<\/a>.<\/p>\n<\/div><\/div><\/div><\/div><\/div>\n<\/div><\/div><\/div><div class=\"fusion-panel fusion-toggle-no-divider panel-default fusion-faq-post fusion-faq-post-19400 faq-parkplatze-im-parkhaus \"><span class=\"entry-title rich-snippet-hidden\">Kann ich mit einem Wohnwagen auf dem Wohnmobilstellplatz parken?<\/span><span class=\"vcard rich-snippet-hidden\"><span class=\"fn\"><a href=\"https:\/\/www.amt3.it\/de\/author\/ivo\/\" title=\"Beitr\u00e4ge von Ivo di Cioccio\" rel=\"author\">Ivo di Cioccio<\/a><\/span><\/span><span class=\"updated rich-snippet-hidden\">2024-07-23T11:11:38+01:00<\/span><div class=\"panel-heading\"><h4 id=\"faq_1-19400\" class=\"panel-title toggle\"><a data-toggle=\"collapse\" class=\"collapsed\" data-parent=\"#accordian-1\" data-target=\"#collapse-1-19400\" href=\"#collapse-1-19400\" aria-expanded=\"false\"><div class=\"fusion-toggle-icon-wrapper\"><div class=\"fusion-toggle-icon-wrapper-main\"><div class=\"fusion-toggle-icon-wrapper-sub\"><i class=\"fa-fusion-box active-icon awb-icon-minus\" aria-hidden=\"true\"><\/i><i class=\"fa-fusion-box inactive-icon awb-icon-plus\" aria-hidden=\"true\"><\/i><\/div><\/div><\/div><div class=\"fusion-toggle-heading\">Kann ich mit einem Wohnwagen auf dem Wohnmobilstellplatz parken?<\/div><\/a><\/h4><\/div><div id=\"collapse-1-19400\" aria-labelledby=\"faq_1-19400\" class=\"panel-collapse collapse\"><div class=\"panel-body toggle-content post-content\"><div class=\"fusion-fullwidth fullwidth-box fusion-builder-row-5-8 fusion-flex-container nonhundred-percent-fullwidth non-hundred-percent-height-scrolling\" style=\"--awb-border-radius-top-left:0px;--awb-border-radius-top-right:0px;--awb-border-radius-bottom-right:0px;--awb-border-radius-bottom-left:0px;--awb-flex-wrap:wrap;\" ><div class=\"fusion-builder-row fusion-row fusion-flex-align-items-flex-start fusion-flex-content-wrap\" style=\"width:104% !important;max-width:104% !important;margin-left: calc(-4% \/ 2 );margin-right: calc(-4% \/ 2 );\"><div class=\"fusion-layout-column fusion_builder_column fusion-builder-column-20 fusion_builder_column_1_1 1_1 fusion-flex-column\" style=\"--awb-bg-size:cover;--awb-width-large:100%;--awb-flex-grow:0;--awb-flex-shrink:0;--awb-margin-top-large:0px;--awb-spacing-right-large:1.92%;--awb-margin-bottom-large:0px;--awb-spacing-left-large:1.92%;--awb-width-medium:100%;--awb-flex-grow-medium:0;--awb-flex-shrink-medium:0;--awb-spacing-right-medium:1.92%;--awb-spacing-left-medium:1.92%;--awb-width-small:100%;--awb-flex-grow-small:0;--awb-flex-shrink-small:0;--awb-spacing-right-small:1.92%;--awb-spacing-left-small:1.92%;\"><div class=\"fusion-column-wrapper fusion-flex-justify-content-flex-start fusion-content-layout-column\"><div class=\"fusion-text fusion-text-11\"><p>Nein, die Wohnmobilstellpl\u00e4tze sind leider nicht f\u00fcr Wohnwagen geeignet.<\/p>\n<\/div><\/div><\/div><\/div><\/div>\n<\/div><\/div><\/div><div class=\"fusion-panel fusion-toggle-no-divider panel-default fusion-faq-post fusion-faq-post-19427 faq-parkplatze-im-parkhaus \"><span class=\"entry-title rich-snippet-hidden\">Welche Zahlungsmittel werden auf dem Parkplatz Tribunale akzeptiert?<\/span><span class=\"vcard rich-snippet-hidden\"><span class=\"fn\"><a href=\"https:\/\/www.amt3.it\/de\/author\/avada-amt3\/\" title=\"Beitr\u00e4ge von Annalisa Vivacqua\" rel=\"author\">Annalisa Vivacqua<\/a><\/span><\/span><span class=\"updated rich-snippet-hidden\">2024-07-23T11:33:33+01:00<\/span><div class=\"panel-heading\"><h4 id=\"faq_1-19427\" class=\"panel-title toggle\"><a data-toggle=\"collapse\" class=\"collapsed\" data-parent=\"#accordian-1\" data-target=\"#collapse-1-19427\" href=\"#collapse-1-19427\" aria-expanded=\"false\"><div class=\"fusion-toggle-icon-wrapper\"><div class=\"fusion-toggle-icon-wrapper-main\"><div class=\"fusion-toggle-icon-wrapper-sub\"><i class=\"fa-fusion-box active-icon awb-icon-minus\" aria-hidden=\"true\"><\/i><i class=\"fa-fusion-box inactive-icon awb-icon-plus\" aria-hidden=\"true\"><\/i><\/div><\/div><\/div><div class=\"fusion-toggle-heading\">Welche Zahlungsmittel werden auf dem Parkplatz Tribunale akzeptiert?<\/div><\/a><\/h4><\/div><div id=\"collapse-1-19427\" aria-labelledby=\"faq_1-19427\" class=\"panel-collapse collapse\"><div class=\"panel-body toggle-content post-content\"><div class=\"fusion-fullwidth fullwidth-box fusion-builder-row-5-9 fusion-flex-container nonhundred-percent-fullwidth non-hundred-percent-height-scrolling\" style=\"--awb-border-radius-top-left:0px;--awb-border-radius-top-right:0px;--awb-border-radius-bottom-right:0px;--awb-border-radius-bottom-left:0px;--awb-flex-wrap:wrap;\" ><div class=\"fusion-builder-row fusion-row fusion-flex-align-items-flex-start fusion-flex-content-wrap\" style=\"width:104% !important;max-width:104% !important;margin-left: calc(-4% \/ 2 );margin-right: calc(-4% \/ 2 );\"><div class=\"fusion-layout-column fusion_builder_column fusion-builder-column-21 fusion_builder_column_1_1 1_1 fusion-flex-column\" style=\"--awb-bg-size:cover;--awb-width-large:100%;--awb-flex-grow:0;--awb-flex-shrink:0;--awb-margin-top-large:0px;--awb-spacing-right-large:1.92%;--awb-margin-bottom-large:0px;--awb-spacing-left-large:1.92%;--awb-width-medium:100%;--awb-flex-grow-medium:0;--awb-flex-shrink-medium:0;--awb-spacing-right-medium:1.92%;--awb-spacing-left-medium:1.92%;--awb-width-small:100%;--awb-flex-grow-small:0;--awb-flex-shrink-small:0;--awb-spacing-right-small:1.92%;--awb-spacing-left-small:1.92%;\"><div class=\"fusion-column-wrapper fusion-flex-justify-content-flex-start fusion-content-layout-column\"><div class=\"fusion-text fusion-text-12\"><p>Sie k\u00f6nnen mit Bargeld, Debitkarte, Kreditkarte oder satispay nur am Kassenautomaten bezahlen.<br \/>\nMit einer Kreditkarte k\u00f6nnen Sie direkt an der Ausfahrts\u00e4ule bezahlen und \u00fcber den Touchscreen einen Beleg anfordern.<\/p>\n<\/div><\/div><\/div><\/div><\/div>\n<\/div><\/div><\/div><\/div><\/div><\/div><\/div><\/div><\/div><\/div><\/div><\/p>\n","protected":false},"excerpt":{"rendered":"","protected":false},"author":1,"featured_media":0,"parent":0,"menu_order":0,"comment_status":"closed","ping_status":"closed","template":"100-width.php","meta":{"_acf_changed":false,"footnotes":""},"class_list":["post-19579","page","type-page","status-publish","hentry"],"acf":[],"_links":{"self":[{"href":"https:\/\/www.amt3.it\/de\/wp-json\/wp\/v2\/pages\/19579","targetHints":{"allow":["GET"]}}],"collection":[{"href":"https:\/\/www.amt3.it\/de\/wp-json\/wp\/v2\/pages"}],"about":[{"href":"https:\/\/www.amt3.it\/de\/wp-json\/wp\/v2\/types\/page"}],"author":[{"embeddable":true,"href":"https:\/\/www.amt3.it\/de\/wp-json\/wp\/v2\/users\/1"}],"replies":[{"embeddable":true,"href":"https:\/\/www.amt3.it\/de\/wp-json\/wp\/v2\/comments?post=19579"}],"version-history":[{"count":10,"href":"https:\/\/www.amt3.it\/de\/wp-json\/wp\/v2\/pages\/19579\/revisions"}],"predecessor-version":[{"id":23273,"href":"https:\/\/www.amt3.it\/de\/wp-json\/wp\/v2\/pages\/19579\/revisions\/23273"}],"wp:attachment":[{"href":"https:\/\/www.amt3.it\/de\/wp-json\/wp\/v2\/media?parent=19579"}],"curies":[{"name":"wp","href":"https:\/\/api.w.org\/{rel}","templated":true}]}}